{"id":3573,"date":"2025-06-11T09:39:05","date_gmt":"2025-06-11T09:39:05","guid":{"rendered":"https:\/\/javierafan.dev\/lanacional\/restaurante-nuestro-menu"},"modified":"2026-04-28T13:27:11","modified_gmt":"2026-04-28T13:27:11","slug":"restaurante-nuestro-menu","status":"publish","type":"page","link":"https:\/\/lanacional.org\/es\/restaurante-nuestro-menu","title":{"rendered":"Restaurante &#8211; Nuestro men\u00fa"},"content":{"rendered":"\t\t<div data-elementor-type=\"wp-page\" data-elementor-id=\"3573\" class=\"elementor elementor-3573 elementor-813\" data-elementor-post-type=\"page\">\n\t\t\t\t<div class=\"elementor-element elementor-element-f52d663 e-con-full e-flex e-con e-parent\" data-id=\"f52d663\" data-element_type=\"container\" data-e-type=\"container\" data-settings=\"{&quot;background_background&quot;:&quot;classic&quot;,&quot;ekit_has_onepagescroll_dot&quot;:&quot;yes&quot;}\">\n\t\t<div class=\"elementor-element elementor-element-e99799b e-con-full e-flex e-con e-child\" data-id=\"e99799b\" data-element_type=\"container\" data-e-type=\"container\" data-settings=\"{&quot;ekit_has_onepagescroll_dot&quot;:&quot;yes&quot;}\">\n\t\t\t\t<div class=\"elementor-element elementor-element-4aecbf3 elementor-widget elementor-widget-text-editor\" data-id=\"4aecbf3\" data-element_type=\"widget\" data-e-type=\"widget\" data-settings=\"{&quot;ekit_we_effect_on&quot;:&quot;none&quot;}\" data-widget_type=\"text-editor.default\">\n\t\t\t\t\t\t\t\t\t<h1 style=\"font-size:20px;\">Restaurante espa\u00f1ol en Nueva York<\/h1>\t\t\t\t\t\t\t\t<\/div>\n\t\t\t\t<div class=\"elementor-element elementor-element-21da5aa elementor-widget elementor-widget-heading\" data-id=\"21da5aa\" data-element_type=\"widget\" data-e-type=\"widget\" data-settings=\"{&quot;ekit_we_effect_on&quot;:&quot;none&quot;}\" data-widget_type=\"heading.default\">\n\t\t\t\t\t<p class=\"elementor-heading-title elementor-size-default\">Nuestro men\u00fa<\/p>\t\t\t\t<\/div>\n\t\t\t\t<div class=\"elementor-element elementor-element-2553a29 elementor-widget elementor-widget-spacer\" data-id=\"2553a29\" data-element_type=\"widget\" data-e-type=\"widget\" data-settings=\"{&quot;ekit_we_effect_on&quot;:&quot;none&quot;}\" data-widget_type=\"spacer.default\">\n\t\t\t\t\t\t\t<div class=\"elementor-spacer\">\n\t\t\t<div class=\"elementor-spacer-inner\"><\/div>\n\t\t<\/div>\n\t\t\t\t\t\t<\/div>\n\t\t\t\t<div class=\"elementor-element elementor-element-1d994ce elementor-widget__width-auto elementor-align-center elementor-widget elementor-widget-elementskit-button\" data-id=\"1d994ce\" data-element_type=\"widget\" data-e-type=\"widget\" data-settings=\"{&quot;ekit_we_effect_on&quot;:&quot;none&quot;}\" data-widget_type=\"elementskit-button.default\">\n\t\t\t\t\t<div class=\"ekit-wid-con\" >\t\t<div class=\"ekit-btn-wraper\">\n\t\t\t\t\t\t\t<a href=\"\" target=\"_blank\" class=\"elementskit-btn  whitespace--normal\" id=\"\">\n\t\t\t\t\tVer nuestro men\u00fa<svg xmlns=\"http:\/\/www.w3.org\/2000\/svg\" width=\"103\" height=\"16\" viewBox=\"0 0 103 16\" fill=\"none\"><path d=\"M1.51685 7C0.964561 7 0.516846 7.44772 0.516846 8C0.516846 8.55228 0.964561 9 1.51685 9L1.51685 7ZM102.224 8.7071C102.614 8.31657 102.614 7.68341 102.224 7.29288L95.86 0.928924C95.4695 0.5384 94.8363 0.5384 94.4458 0.928924C94.0553 1.31945 94.0553 1.95261 94.4458 2.34314L100.103 7.99999L94.4458 13.6568C94.0553 14.0474 94.0553 14.6805 94.4458 15.0711C94.8363 15.4616 95.4695 15.4616 95.86 15.0711L102.224 8.7071ZM1.51685 8L1.51685 9L101.517 8.99999L101.517 7.99999L101.517 6.99999L1.51685 7L1.51685 8Z\" fill=\"#272425\"><\/path><\/svg>\t\t\t\t<\/a>\n\t\t\t\t\t<\/div>\n        <\/div>\t\t\t\t<\/div>\n\t\t\t\t<\/div>\n\t\t\t\t<\/div>\n\t\t<div class=\"elementor-element elementor-element-04b8621 e-con-full e-flex e-con e-parent\" data-id=\"04b8621\" data-element_type=\"container\" data-e-type=\"container\" data-settings=\"{&quot;background_background&quot;:&quot;classic&quot;,&quot;ekit_has_onepagescroll_dot&quot;:&quot;yes&quot;}\">\n\t\t\t\t<div class=\"elementor-element elementor-element-94aaaef elementor-widget__width-auto elementor-widget elementor-widget-heading\" data-id=\"94aaaef\" data-element_type=\"widget\" data-e-type=\"widget\" data-settings=\"{&quot;ekit_we_effect_on&quot;:&quot;none&quot;}\" data-widget_type=\"heading.default\">\n\t\t\t\t\t<h2 class=\"elementor-heading-title elementor-size-default\">Cada <em>plato<\/em><\/h2>\t\t\t\t<\/div>\n\t\t\t\t<div class=\"elementor-element elementor-element-aecb4b6 elementor-widget__width-auto elementor-widget elementor-widget-heading\" data-id=\"aecb4b6\" data-element_type=\"widget\" data-e-type=\"widget\" data-settings=\"{&quot;ekit_we_effect_on&quot;:&quot;none&quot;}\" data-widget_type=\"heading.default\">\n\t\t\t\t\t<h2 class=\"elementor-heading-title elementor-size-default\">cuenta nuestra historia<\/h2>\t\t\t\t<\/div>\n\t\t\t\t<div class=\"elementor-element elementor-element-f951443 elementor-widget__width-initial elementor-widget elementor-widget-text-editor\" data-id=\"f951443\" data-element_type=\"widget\" data-e-type=\"widget\" data-settings=\"{&quot;ekit_we_effect_on&quot;:&quot;none&quot;}\" data-widget_type=\"text-editor.default\">\n\t\t\t\t\t\t\t\t\t<p>Nuestro men\u00fa ofrece una amplia variedad de platos para todos los gustos, con especial atenci\u00f3n a opciones vegetarianas y sin gluten. Por supuesto, tambi\u00e9n contamos con marisco fresco y carnes a la parrilla. Utilizamos ingredientes de la m\u00e1s alta calidad, muchos importados de Espa\u00f1a, y mantenemos nuestros precios accesibles, fieles al esp\u00edritu de nuestra misi\u00f3n sin \u00e1nimo de lucro.   <\/p>\t\t\t\t\t\t\t\t<\/div>\n\t\t\t\t<div class=\"elementor-element elementor-element-eca848a elementor-align-left elementor-widget__width-auto elementor-widget elementor-widget-elementskit-button\" data-id=\"eca848a\" data-element_type=\"widget\" data-e-type=\"widget\" data-settings=\"{&quot;ekit_we_effect_on&quot;:&quot;none&quot;}\" data-widget_type=\"elementskit-button.default\">\n\t\t\t\t\t<div class=\"ekit-wid-con\" >\t\t<div class=\"ekit-btn-wraper\">\n\t\t\t\t\t\t\t<a href=\"https:\/\/www.opentable.com\/r\/la-nacional-restaurant-new-york\" target=\"_blank\" class=\"elementskit-btn  whitespace--normal\" id=\"\" rel=\"noopener\">\n\t\t\t\t\tHaz tu reserva<svg xmlns=\"http:\/\/www.w3.org\/2000\/svg\" width=\"103\" height=\"16\" viewBox=\"0 0 103 16\" fill=\"none\"><path d=\"M1.51685 7C0.964561 7 0.516846 7.44772 0.516846 8C0.516846 8.55228 0.964561 9 1.51685 9L1.51685 7ZM102.224 8.7071C102.614 8.31657 102.614 7.68341 102.224 7.29288L95.86 0.928924C95.4695 0.5384 94.8363 0.5384 94.4458 0.928924C94.0553 1.31945 94.0553 1.95261 94.4458 2.34314L100.103 7.99999L94.4458 13.6568C94.0553 14.0474 94.0553 14.6805 94.4458 15.0711C94.8363 15.4616 95.4695 15.4616 95.86 15.0711L102.224 8.7071ZM1.51685 8L1.51685 9L101.517 8.99999L101.517 7.99999L101.517 6.99999L1.51685 7L1.51685 8Z\" fill=\"#FFFFEF\"><\/path><\/svg>\t\t\t\t<\/a>\n\t\t\t\t\t<\/div>\n        <\/div>\t\t\t\t<\/div>\n\t\t\t\t<\/div>\n\t\t<div class=\"elementor-element elementor-element-f292710 e-con-full e-flex e-con e-parent\" data-id=\"f292710\" data-element_type=\"container\" data-e-type=\"container\" data-settings=\"{&quot;background_background&quot;:&quot;classic&quot;,&quot;ekit_has_onepagescroll_dot&quot;:&quot;yes&quot;}\">\n\t\t\t\t<div class=\"elementor-element elementor-element-1ce9994 elementor-widget elementor-widget-ucaddon_portfolio_carousel\" data-id=\"1ce9994\" data-element_type=\"widget\" data-e-type=\"widget\" data-settings=\"{&quot;ekit_we_effect_on&quot;:&quot;none&quot;}\" data-widget_type=\"ucaddon_portfolio_carousel.default\">\n\t\t\t\t<div class=\"elementor-widget-container\">\n\t\t\t\t\t\n<!-- start Portfolio Carousel -->\n\t\t<link id='font-awesome-css' href='https:\/\/lanacional.org\/wp-content\/plugins\/unlimited-elements-for-elementor-premium\/assets_libraries\/font-awesome6\/fontawesome-all.min.css' type='text\/css' rel='stylesheet' >\n\t\t<link id='font-awesome-4-shim-css' href='https:\/\/lanacional.org\/wp-content\/plugins\/unlimited-elements-for-elementor-premium\/assets_libraries\/font-awesome6\/fontawesome-v4-shims.min.css' type='text\/css' rel='stylesheet' >\n\t\t<link id='owl-carousel-css' href='https:\/\/lanacional.org\/wp-content\/plugins\/unlimited-elements-for-elementor-premium\/assets_libraries\/owl-carousel-new\/assets\/owl.carousel.css' type='text\/css' rel='stylesheet' >\n\n<style>\/* widget: Portfolio Carousel *\/\n\n#uc_portfolio_carousel_elementor_1ce9994{\n  min-height: 1px;\n}\n\n#uc_portfolio_carousel_elementor_1ce9994 .owl-item{\n  transition: all 0.3s ease-in-out;\n}\n\n#uc_portfolio_carousel_elementor_1ce9994 .uc-active-item{\n\tz-index:2;\n}\n\n#uc_portfolio_carousel_elementor_1ce9994 *{\n\tbox-sizing: border-box;\n}\n\n#uc_portfolio_carousel_elementor_1ce9994  .uc_three_column_carousel_box{\n\toverflow: hidden;\n\tposition: relative;\n}\n\n#uc_portfolio_carousel_elementor_1ce9994 .uc_image_box{\n\tposition: relative;\n\tbackground-size: cover;\n\tbackground-repeat: no-repeat;\n\tbackground-position: center center;\n\tz-index: 1;\n\tposition: relative;\n\toverflow: hidden;\n\ttransform: scale(1, 1);\n\t-webkit-transform: scale(1, 1);\t\n\t-webkit-backface-visibility: hidden;\n    -webkit-transition: all .8s cubic-bezier(.2,.55,.1,.7);\n    -moz-transition: all .8s cubic-bezier(.2,.55,.1,.7);\n    transition: all .8s cubic-bezier(.2,.55,.1,.7);\n}\n\n#uc_portfolio_carousel_elementor_1ce9994 .uc_three_column_carousel_box:hover .uc_image_box{\n\ttransform: scale(1.1, 1.1);\n\t-webkit-transform: scale(1.1, 1.1);\n}\n\n#uc_portfolio_carousel_elementor_1ce9994 .uc_box_content{\n\tposition: absolute;\n    top: 0;\n    left: 0;\n    right:0;\n\tz-index: 10;\n\twidth: 100%;\n\ttransition: all ease-in-out 0.3s;\n}\n\n.uc_title{\n\tfont-size: 25px;\n}\n\n.uc_sub_title{\n\tfont-size: 12px;\n}\n\n#uc_portfolio_carousel_elementor_1ce9994 .ue-content-bottom{\n  margin-top:auto;\n}\n\n#uc_portfolio_carousel_elementor_1ce9994 .ue-btn-inner-wrapper{\n  display:flex;\n  align-items:center;\n}\n\n#uc_portfolio_carousel_elementor_1ce9994 .ue-btn-inner-wrapper svg{\n  height:1em;\n  width:1em;\n}\n\n#uc_portfolio_carousel_elementor_1ce9994  .uc_more_btn {\n\tdisplay:inline-block;\n    transition: all 0.2s ease-in-out;\n}\n\n#uc_portfolio_carousel_elementor_1ce9994 .uc_overlay{\n\tposition: absolute;\n\tleft: 0;\n\ttop: 0;\n\twidth: 100%;\n\theight: 100%;\n\tz-index: 9;\n\ttransition: all ease-in-out 0.3s;\n\t-webkit-transition: all ease-in-out 0.3s;\n}\n\n\t\n\n#uc_portfolio_carousel_elementor_1ce9994 .owl-nav .owl-prev{\n    position:absolute;\n    left:30px;\n    display:inline-block;\n    text-align:center;\n    transform: translateY(-50%);\n    transition:0.3s;\n}\n\n#uc_portfolio_carousel_elementor_1ce9994 .owl-nav .owl-next{\n  position:absolute;\n  right:30px;\n  display:inline-block;\n  text-align:center;\n  transform: translateY(-50%);\n  transition:0.3s;\n}\n\n\t\n\n\n#uc_portfolio_carousel_elementor_1ce9994 .owl-dots {\n  overflow:hidden;\n}\n\n#uc_portfolio_carousel_elementor_1ce9994 .owl-dot {\n  display:inline-block;\n  transition: all .3s;  \n}\n\n@media screen and (max-width: 780px) {\n  #uc_portfolio_carousel_elementor_1ce9994 .owl-nav .owl-prev{\n    left:px;\n  }\n  \n  #uc_portfolio_carousel_elementor_1ce9994 .owl-nav .owl-next{\n      right:px;\n  }\n}\n\n@media screen and (max-width: 420px) {\n  #uc_portfolio_carousel_elementor_1ce9994 .owl-nav .owl-prev{\n    left:px;\n  }\n  \n  #uc_portfolio_carousel_elementor_1ce9994 .owl-nav .owl-next{\n      right:px;\n  }\n}\n\n<\/style>\n\n<div  class=\"uc_three_column_carousel\" style=\"direction:ltr;\" >\n  <div class=\"uc_three_column_carousel_holder owl-carousel owl-theme   \" id=\"uc_portfolio_carousel_elementor_1ce9994\"    data-custom-sethtml=\"true\">\n    \n\n\n<div class=\"uc_three_column_carousel_box\">\n  <a href=\"#\"  >     <div class=\"uc_image_box\" style=\"background-image: url(https:\/\/lanacional.org\/wp-content\/uploads\/2025\/06\/pan-tumaca-la-nacional.jpg);\"><\/div>\n    <div class=\"uc_box_content\">\n                      <\/div>\n    <div class=\"uc_overlay\" ><\/div>\n   <\/a><\/div>\n\n\n\n<div class=\"uc_three_column_carousel_box\">\n  <a href=\"#\"  >     <div class=\"uc_image_box\" style=\"background-image: url(https:\/\/lanacional.org\/wp-content\/uploads\/2025\/06\/paella-la-nacional.jpg);\"><\/div>\n    <div class=\"uc_box_content\">\n                      <\/div>\n    <div class=\"uc_overlay\" ><\/div>\n   <\/a><\/div>\n\n\n\n<div class=\"uc_three_column_carousel_box\">\n  <a href=\"#\"  >     <div class=\"uc_image_box\" style=\"background-image: url(https:\/\/lanacional.org\/wp-content\/uploads\/2025\/06\/grilled-vegetables-jamon-serrano.jpg);\"><\/div>\n    <div class=\"uc_box_content\">\n                      <\/div>\n    <div class=\"uc_overlay\" ><\/div>\n   <\/a><\/div>\n\n\n\n<div class=\"uc_three_column_carousel_box\">\n  <a href=\"#\"  >     <div class=\"uc_image_box\" style=\"background-image: url(https:\/\/lanacional.org\/wp-content\/uploads\/2025\/06\/la-nacional-banner-10_11zon.webp);\"><\/div>\n    <div class=\"uc_box_content\">\n                      <\/div>\n    <div class=\"uc_overlay\" ><\/div>\n   <\/a><\/div>\n\n\n\n<div class=\"uc_three_column_carousel_box\">\n  <a href=\"#\"  >     <div class=\"uc_image_box\" style=\"background-image: url(https:\/\/lanacional.org\/wp-content\/uploads\/2025\/06\/arroz-scallops-la-nacional.webp);\"><\/div>\n    <div class=\"uc_box_content\">\n                      <\/div>\n    <div class=\"uc_overlay\" ><\/div>\n   <\/a><\/div>\n\n  <\/div>\n<\/div>\n<!-- end Portfolio Carousel -->\t\t\t\t<\/div>\n\t\t\t\t<\/div>\n\t\t\t\t<\/div>\n\t\t<div class=\"elementor-element elementor-element-a8d8759 e-con-full elementor-hidden-tablet elementor-hidden-mobile e-flex e-con e-parent\" data-id=\"a8d8759\" data-element_type=\"container\" data-e-type=\"container\" id=\"seasonal-menu\" data-settings=\"{&quot;background_background&quot;:&quot;classic&quot;,&quot;ekit_has_onepagescroll_dot&quot;:&quot;yes&quot;}\">\n\t\t<div class=\"elementor-element elementor-element-b39f19a e-con-full e-flex e-con e-child\" data-id=\"b39f19a\" data-element_type=\"container\" data-e-type=\"container\" data-settings=\"{&quot;ekit_has_onepagescroll_dot&quot;:&quot;yes&quot;}\">\n\t\t\t\t<div class=\"elementor-element elementor-element-606129b elementor-widget elementor-widget-heading\" data-id=\"606129b\" data-element_type=\"widget\" data-e-type=\"widget\" data-settings=\"{&quot;ekit_we_effect_on&quot;:&quot;none&quot;}\" data-widget_type=\"heading.default\">\n\t\t\t\t\t<h2 class=\"elementor-heading-title elementor-size-default\">Nuestro men\u00fa <em>de temporada<\/em><\/h2>\t\t\t\t<\/div>\n\t\t\t\t<div class=\"elementor-element elementor-element-f6e8f53 elementor-widget elementor-widget-text-editor\" data-id=\"f6e8f53\" data-element_type=\"widget\" data-e-type=\"widget\" data-settings=\"{&quot;ekit_we_effect_on&quot;:&quot;none&quot;}\" data-widget_type=\"text-editor.default\">\n\t\t\t\t\t\t\t\t\t<p>Cada temporada, nuestro equipo de cocina prepara platos nuevos inspirados en los sabores del momento. En verano no faltan cl\u00e1sicos fresquitos como el gazpacho, mientras que en invierno apetecen m\u00e1s opciones reconfortantes, como nuestro mac and cheese con queso Manchego. <\/p><p>Tambi\u00e9n los c\u00f3cteles cambian seg\u00fan la estaci\u00f3n: en verano triunfa el Summer Sand\u00eda, hecho con sand\u00eda fresca y albahaca de nuestro huerto, y en invierno destacan bebidas como el Barraquito, un caf\u00e9 canario con capas de sabor que conquista a todos.<\/p>\t\t\t\t\t\t\t\t<\/div>\n\t\t<div class=\"elementor-element elementor-element-0bdffa1 e-con-full e-flex e-con e-child\" data-id=\"0bdffa1\" data-element_type=\"container\" data-e-type=\"container\" data-settings=\"{&quot;ekit_has_onepagescroll_dot&quot;:&quot;yes&quot;}\">\n\t\t<div class=\"elementor-element elementor-element-1569f6a e-con-full e-flex e-con e-child\" data-id=\"1569f6a\" data-element_type=\"container\" data-e-type=\"container\" data-settings=\"{&quot;ekit_has_onepagescroll_dot&quot;:&quot;yes&quot;}\">\n\t\t<div class=\"elementor-element elementor-element-852e843 e-con-full e-flex e-con e-child\" data-id=\"852e843\" data-element_type=\"container\" data-e-type=\"container\" data-settings=\"{&quot;ekit_has_onepagescroll_dot&quot;:&quot;yes&quot;}\">\n\t\t\t\t<\/div>\n\t\t<div class=\"elementor-element elementor-element-90f61e0 e-con-full e-flex e-con e-child\" data-id=\"90f61e0\" data-element_type=\"container\" data-e-type=\"container\" data-settings=\"{&quot;ekit_has_onepagescroll_dot&quot;:&quot;yes&quot;}\">\n\t\t\t\t<div class=\"elementor-element elementor-element-1048180 elementor-widget elementor-widget-heading\" data-id=\"1048180\" data-element_type=\"widget\" data-e-type=\"widget\" data-settings=\"{&quot;ekit_we_effect_on&quot;:&quot;none&quot;}\" data-widget_type=\"heading.default\">\n\t\t\t\t\t<h3 class=\"elementor-heading-title elementor-size-default\"><em>Sabores frescos<\/em> para combatir el calor<\/h3>\t\t\t\t<\/div>\n\t\t\t\t<div class=\"elementor-element elementor-element-31a63d6 elementor-widget elementor-widget-text-editor\" data-id=\"31a63d6\" data-element_type=\"widget\" data-e-type=\"widget\" data-settings=\"{&quot;ekit_we_effect_on&quot;:&quot;none&quot;}\" data-widget_type=\"text-editor.default\">\n\t\t\t\t\t\t\t\t\t<p><span style=\"font-weight: 400;\">Disfruta este verano con las \u00faltimas creaciones de nuestro chef: un gazpacho bien fr\u00edo coronado con granizado de sand\u00eda, y una ensalada de marisco marinada en una vinagreta c\u00edtrica al estilo valenciano.<\/span><\/p>\t\t\t\t\t\t\t\t<\/div>\n\t\t\t\t<div class=\"elementor-element elementor-element-90c1256 elementor-align-left elementor-widget__width-auto elementor-widget elementor-widget-elementskit-button\" data-id=\"90c1256\" data-element_type=\"widget\" data-e-type=\"widget\" data-settings=\"{&quot;ekit_we_effect_on&quot;:&quot;none&quot;}\" data-widget_type=\"elementskit-button.default\">\n\t\t\t\t\t<div class=\"ekit-wid-con\" >\t\t<div class=\"ekit-btn-wraper\">\n\t\t\t\t\t\t\t<a href=\"https:\/\/lanacional.org\/wp-content\/uploads\/2025\/09\/Summer_Menu.pdf\" target=\"_blank\" class=\"elementskit-btn  whitespace--normal\" id=\"\">\n\t\t\t\t\tDescargar men\u00fa<svg xmlns=\"http:\/\/www.w3.org\/2000\/svg\" width=\"103\" height=\"16\" viewBox=\"0 0 103 16\" fill=\"none\"><path d=\"M1.51685 7C0.964561 7 0.516846 7.44772 0.516846 8C0.516846 8.55228 0.964561 9 1.51685 9L1.51685 7ZM102.224 8.7071C102.614 8.31657 102.614 7.68341 102.224 7.29288L95.86 0.928924C95.4695 0.5384 94.8363 0.5384 94.4458 0.928924C94.0553 1.31945 94.0553 1.95261 94.4458 2.34314L100.103 7.99999L94.4458 13.6568C94.0553 14.0474 94.0553 14.6805 94.4458 15.0711C94.8363 15.4616 95.4695 15.4616 95.86 15.0711L102.224 8.7071ZM1.51685 8L1.51685 9L101.517 8.99999L101.517 7.99999L101.517 6.99999L1.51685 7L1.51685 8Z\" fill=\"#FFFFEF\"><\/path><\/svg>\t\t\t\t<\/a>\n\t\t\t\t\t<\/div>\n        <\/div>\t\t\t\t<\/div>\n\t\t\t\t<\/div>\n\t\t\t\t<\/div>\n\t\t\t\t<\/div>\n\t\t\t\t<\/div>\n\t\t<div class=\"elementor-element elementor-element-a25a620 e-con-full e-flex e-con e-child\" data-id=\"a25a620\" data-element_type=\"container\" data-e-type=\"container\" data-settings=\"{&quot;ekit_has_onepagescroll_dot&quot;:&quot;yes&quot;}\">\n\t\t\t\t<div class=\"elementor-element elementor-element-4afcd17 elementor-widget elementor-widget-ucaddon_pdf_viewer\" data-id=\"4afcd17\" data-element_type=\"widget\" data-e-type=\"widget\" data-settings=\"{&quot;ekit_we_effect_on&quot;:&quot;none&quot;}\" data-widget_type=\"ucaddon_pdf_viewer.default\">\n\t\t\t\t<div class=\"elementor-widget-container\">\n\t\t\t\t\t\n<!-- start PDF Viewer -->\n<style>\/* widget: PDF Viewer *\/\n\n#uc_pdf_viewer_elementor_4afcd17{\n  min-height: 1px;\n}\n\n#uc_pdf_viewer_elementor_4afcd17 .ue-pdf-viewer-nav-buttons{\n  display: flex;\n}\n\n#uc_pdf_viewer_elementor_4afcd17 .ue-pdf-viewer-nav-arrow{\n  display: inline-flex;\n  align-items: center;\n  justify-content: center;\n  cursor: pointer;\n}\n\n#uc_pdf_viewer_elementor_4afcd17 .ue-pdf-viewer-nav-arrow-icon{\n  display: flex;\n  align-items: center;\n  justify-content: center;\n}\n\n#uc_pdf_viewer_elementor_4afcd17 .ue-pdf-viewer-nav{\n  display: flex;\n}\n\n#uc_pdf_viewer_elementor_4afcd17 .ue-pdf-viewer-fullscreen{\n  display: inline-block;\n  transition: all .3s ease;\n}\n\n<\/style>\n\n\n<div id=\"uc_pdf_viewer_elementor_4afcd17\" class=\"ue-pdf-viewer\">\n  \n      \n  \t  <div class=\"ue-pdf-viewer-nav\">\n  \n                  <div class=\"ue-pdf-viewer-nav-arrows\">\n            <div class=\"ue-pdf-viewer-nav-arrow ue-pdf-viewer-nav-arrows-prev\">\n              <span class=\"ue-pdf-viewer-nav-arrow-icon ue-pdf-viewer-nav-arrow-icon-prev\"><i class='icon icon-chevron-left'><\/i><\/span>\n              <span class=\"ue-pdf-viewer-nav-arrow-text ue-pdf-viewer-nav-arrow-text-prev\"><\/span>\n            <\/div>\n\n            <div class=\"ue-pdf-viewer-nav-arrow ue-pdf-viewer-nav-arrows-next\">\n              <span class=\"ue-pdf-viewer-nav-arrow-icon ue-pdf-viewer-nav-arrow-icon-next\"><i class='icon icon-chevron-right'><\/i><\/span>\n              <span class=\"ue-pdf-viewer-nav-arrow-text ue-pdf-viewer-nav-arrow-text-next\"><\/span>\n            <\/div> \n          <\/div>\n        \t\n\n                  <div class=\"ue-pdf-viewer-pages\">\n            <span class=\"ue-pdf-viewer-pages-page_num\"><\/span> \/ <span class=\"ue-pdf-viewer-pages-page_count\"><\/span>\n          <\/div>\n          \t\n\n          \n        \n      <\/div>  \n\n      <canvas class=\"ue-pdf-viewer-canvas\"><\/canvas>\n  \t\t\n       \n  \n    <\/div>\n\n<script type=\"module\">\n\n<\/script>\n<!-- end PDF Viewer -->\t\t\t\t<\/div>\n\t\t\t\t<\/div>\n\t\t\t\t<\/div>\n\t\t\t\t<\/div>\n\t\t<div class=\"elementor-element elementor-element-116b30a e-con-full elementor-hidden-desktop e-flex e-con e-parent\" data-id=\"116b30a\" data-element_type=\"container\" data-e-type=\"container\" data-settings=\"{&quot;background_background&quot;:&quot;classic&quot;,&quot;ekit_has_onepagescroll_dot&quot;:&quot;yes&quot;}\">\n\t\t<div class=\"elementor-element elementor-element-81e95a7 e-con-full e-flex e-con e-child\" data-id=\"81e95a7\" data-element_type=\"container\" data-e-type=\"container\" data-settings=\"{&quot;ekit_has_onepagescroll_dot&quot;:&quot;yes&quot;}\">\n\t\t\t\t<div class=\"elementor-element elementor-element-c9414ab elementor-widget elementor-widget-heading\" data-id=\"c9414ab\" data-element_type=\"widget\" data-e-type=\"widget\" data-settings=\"{&quot;ekit_we_effect_on&quot;:&quot;none&quot;}\" data-widget_type=\"heading.default\">\n\t\t\t\t\t<h2 class=\"elementor-heading-title elementor-size-default\">Nuestro men\u00fa <em>de temporada<\/em><\/h2>\t\t\t\t<\/div>\n\t\t\t\t<div class=\"elementor-element elementor-element-17ad72b elementor-widget elementor-widget-text-editor\" data-id=\"17ad72b\" data-element_type=\"widget\" data-e-type=\"widget\" data-settings=\"{&quot;ekit_we_effect_on&quot;:&quot;none&quot;}\" data-widget_type=\"text-editor.default\">\n\t\t\t\t\t\t\t\t\t<p>Cada temporada, nuestro equipo de cocina prepara platos nuevos inspirados en los sabores del momento. En verano no faltan cl\u00e1sicos fresquitos como el gazpacho, mientras que en invierno apetecen m\u00e1s opciones reconfortantes, como nuestro mac and cheese con queso Manchego. <\/p><p>Tambi\u00e9n los c\u00f3cteles cambian seg\u00fan la estaci\u00f3n: en verano triunfa el Summer Sand\u00eda, hecho con sand\u00eda fresca y albahaca de nuestro huerto, y en invierno destacan bebidas como el Barraquito, un caf\u00e9 canario con capas de sabor que conquista a todos.<\/p>\t\t\t\t\t\t\t\t<\/div>\n\t\t<div class=\"elementor-element elementor-element-8c6288a e-con-full e-flex e-con e-child\" data-id=\"8c6288a\" data-element_type=\"container\" data-e-type=\"container\" data-settings=\"{&quot;ekit_has_onepagescroll_dot&quot;:&quot;yes&quot;}\">\n\t\t<div class=\"elementor-element elementor-element-e33348f e-con-full e-flex e-con e-child\" data-id=\"e33348f\" data-element_type=\"container\" data-e-type=\"container\" data-settings=\"{&quot;ekit_has_onepagescroll_dot&quot;:&quot;yes&quot;}\">\n\t\t<div class=\"elementor-element elementor-element-e2f78f1 e-con-full e-flex e-con e-child\" data-id=\"e2f78f1\" data-element_type=\"container\" data-e-type=\"container\" data-settings=\"{&quot;ekit_has_onepagescroll_dot&quot;:&quot;yes&quot;}\">\n\t\t\t\t<\/div>\n\t\t<div class=\"elementor-element elementor-element-9df23d3 e-con-full e-flex e-con e-child\" data-id=\"9df23d3\" data-element_type=\"container\" data-e-type=\"container\" data-settings=\"{&quot;ekit_has_onepagescroll_dot&quot;:&quot;yes&quot;}\">\n\t\t\t\t<div class=\"elementor-element elementor-element-d76b695 elementor-widget elementor-widget-heading\" data-id=\"d76b695\" data-element_type=\"widget\" data-e-type=\"widget\" data-settings=\"{&quot;ekit_we_effect_on&quot;:&quot;none&quot;}\" data-widget_type=\"heading.default\">\n\t\t\t\t\t<h3 class=\"elementor-heading-title elementor-size-default\"><em>Sabores frescos<\/em> para combatir el calor<\/h3>\t\t\t\t<\/div>\n\t\t\t\t<div class=\"elementor-element elementor-element-0210469 elementor-widget elementor-widget-text-editor\" data-id=\"0210469\" data-element_type=\"widget\" data-e-type=\"widget\" data-settings=\"{&quot;ekit_we_effect_on&quot;:&quot;none&quot;}\" data-widget_type=\"text-editor.default\">\n\t\t\t\t\t\t\t\t\t<p>Disfruta este verano con las \u00faltimas creaciones de nuestro chef: un gazpacho bien fr\u00edo coronado con granizado de sand\u00eda, y una ensalada de marisco marinada en una vinagreta c\u00edtrica al estilo valenciano.<\/p>\t\t\t\t\t\t\t\t<\/div>\n\t\t\t\t<div class=\"elementor-element elementor-element-347c81c elementor-align-left elementor-widget__width-auto elementor-widget elementor-widget-elementskit-button\" data-id=\"347c81c\" data-element_type=\"widget\" data-e-type=\"widget\" data-settings=\"{&quot;ekit_we_effect_on&quot;:&quot;none&quot;}\" data-widget_type=\"elementskit-button.default\">\n\t\t\t\t\t<div class=\"ekit-wid-con\" >\t\t<div class=\"ekit-btn-wraper\">\n\t\t\t\t\t\t\t<a href=\"https:\/\/lanacional.org\/wp-content\/uploads\/2025\/09\/Summer_Menu.pdf\" target=\"_blank\" class=\"elementskit-btn  whitespace--normal\" id=\"\">\n\t\t\t\t\tDescargar men\u00fa<svg xmlns=\"http:\/\/www.w3.org\/2000\/svg\" width=\"103\" height=\"16\" viewBox=\"0 0 103 16\" fill=\"none\"><path d=\"M1.51685 7C0.964561 7 0.516846 7.44772 0.516846 8C0.516846 8.55228 0.964561 9 1.51685 9L1.51685 7ZM102.224 8.7071C102.614 8.31657 102.614 7.68341 102.224 7.29288L95.86 0.928924C95.4695 0.5384 94.8363 0.5384 94.4458 0.928924C94.0553 1.31945 94.0553 1.95261 94.4458 2.34314L100.103 7.99999L94.4458 13.6568C94.0553 14.0474 94.0553 14.6805 94.4458 15.0711C94.8363 15.4616 95.4695 15.4616 95.86 15.0711L102.224 8.7071ZM1.51685 8L1.51685 9L101.517 8.99999L101.517 7.99999L101.517 6.99999L1.51685 7L1.51685 8Z\" fill=\"#FFFFEF\"><\/path><\/svg>\t\t\t\t<\/a>\n\t\t\t\t\t<\/div>\n        <\/div>\t\t\t\t<\/div>\n\t\t\t\t<\/div>\n\t\t\t\t<\/div>\n\t\t\t\t<\/div>\n\t\t\t\t<\/div>\n\t\t<div class=\"elementor-element elementor-element-8cf7657 e-con-full e-flex e-con e-child\" data-id=\"8cf7657\" data-element_type=\"container\" data-e-type=\"container\" data-settings=\"{&quot;ekit_has_onepagescroll_dot&quot;:&quot;yes&quot;}\">\n\t\t\t\t<div class=\"elementor-element elementor-element-6dc39da elementor-widget elementor-widget-ucaddon_pdf_viewer\" data-id=\"6dc39da\" data-element_type=\"widget\" data-e-type=\"widget\" data-settings=\"{&quot;ekit_we_effect_on&quot;:&quot;none&quot;}\" data-widget_type=\"ucaddon_pdf_viewer.default\">\n\t\t\t\t<div class=\"elementor-widget-container\">\n\t\t\t\t\t\n<!-- start PDF Viewer -->\n<style>\/* widget: PDF Viewer *\/\n\n#uc_pdf_viewer_elementor_6dc39da{\n  min-height: 1px;\n}\n\n#uc_pdf_viewer_elementor_6dc39da .ue-pdf-viewer-nav-buttons{\n  display: flex;\n}\n\n#uc_pdf_viewer_elementor_6dc39da .ue-pdf-viewer-nav-arrow{\n  display: inline-flex;\n  align-items: center;\n  justify-content: center;\n  cursor: pointer;\n}\n\n#uc_pdf_viewer_elementor_6dc39da .ue-pdf-viewer-nav-arrow-icon{\n  display: flex;\n  align-items: center;\n  justify-content: center;\n}\n\n#uc_pdf_viewer_elementor_6dc39da .ue-pdf-viewer-nav{\n  display: flex;\n}\n\n#uc_pdf_viewer_elementor_6dc39da .ue-pdf-viewer-fullscreen{\n  display: inline-block;\n  transition: all .3s ease;\n}\n\n<\/style>\n\n\n<div id=\"uc_pdf_viewer_elementor_6dc39da\" class=\"ue-pdf-viewer\">\n  \n      \n  \t  <div class=\"ue-pdf-viewer-nav\">\n  \n                  <div class=\"ue-pdf-viewer-nav-arrows\">\n            <div class=\"ue-pdf-viewer-nav-arrow ue-pdf-viewer-nav-arrows-prev\">\n              <span class=\"ue-pdf-viewer-nav-arrow-icon ue-pdf-viewer-nav-arrow-icon-prev\"><i class='icon icon-chevron-left'><\/i><\/span>\n              <span class=\"ue-pdf-viewer-nav-arrow-text ue-pdf-viewer-nav-arrow-text-prev\"><\/span>\n            <\/div>\n\n            <div class=\"ue-pdf-viewer-nav-arrow ue-pdf-viewer-nav-arrows-next\">\n              <span class=\"ue-pdf-viewer-nav-arrow-icon ue-pdf-viewer-nav-arrow-icon-next\"><i class='icon icon-chevron-right'><\/i><\/span>\n              <span class=\"ue-pdf-viewer-nav-arrow-text ue-pdf-viewer-nav-arrow-text-next\"><\/span>\n            <\/div> \n          <\/div>\n        \t\n\n                  <div class=\"ue-pdf-viewer-pages\">\n            <span class=\"ue-pdf-viewer-pages-page_num\"><\/span> \/ <span class=\"ue-pdf-viewer-pages-page_count\"><\/span>\n          <\/div>\n          \t\n\n          \n        \n      <\/div>  \n\n      <canvas class=\"ue-pdf-viewer-canvas\"><\/canvas>\n  \t\t\n       \n  \n    <\/div>\n\n<script type=\"module\">\n\n<\/script>\n<!-- end PDF Viewer -->\t\t\t\t<\/div>\n\t\t\t\t<\/div>\n\t\t\t\t<\/div>\n\t\t\t\t<\/div>\n\t\t<div class=\"elementor-element elementor-element-e9af4c5 e-con-full elementor-hidden-tablet elementor-hidden-mobile e-flex e-con e-parent\" data-id=\"e9af4c5\" data-element_type=\"container\" data-e-type=\"container\" data-settings=\"{&quot;background_background&quot;:&quot;classic&quot;,&quot;ekit_has_onepagescroll_dot&quot;:&quot;yes&quot;}\">\n\t\t\t\t<div class=\"elementor-element elementor-element-f1f841d elementor-widget__width-initial elementor-widget elementor-widget-heading\" data-id=\"f1f841d\" data-element_type=\"widget\" data-e-type=\"widget\" data-settings=\"{&quot;ekit_we_effect_on&quot;:&quot;none&quot;}\" data-widget_type=\"heading.default\">\n\t\t\t\t\t<h2 class=\"elementor-heading-title elementor-size-default\">Reserva una <em>mesa<\/em><\/h2>\t\t\t\t<\/div>\n\t\t\t\t<div class=\"elementor-element elementor-element-273f474 elementor-widget__width-initial elementor-widget elementor-widget-text-editor\" data-id=\"273f474\" data-element_type=\"widget\" data-e-type=\"widget\" data-settings=\"{&quot;ekit_we_effect_on&quot;:&quot;none&quot;}\" data-widget_type=\"text-editor.default\">\n\t\t\t\t\t\t\t\t\t<p>Tanto si vienes a una cena \u00edntima, a celebrar con amigos o simplemente a tomar unas copas, en La Nacional siempre tendr\u00e1s sitio. Reserva ya y disfruta de nuestra cocina, nuestro ambiente y 158 a\u00f1os de historia. <\/p>\t\t\t\t\t\t\t\t<\/div>\n\t\t\t\t<div class=\"elementor-element elementor-element-686ea76 elementor-widget__width-inherit elementor-widget elementor-widget-html\" data-id=\"686ea76\" data-element_type=\"widget\" data-e-type=\"widget\" id=\"ot-reservation-widget\" data-settings=\"{&quot;ekit_we_effect_on&quot;:&quot;none&quot;}\" data-widget_type=\"html.default\">\n\t\t\t\t\t<script type='text\/javascript' src='\/\/www.opentable.com\/widget\/reservation\/loader?rid=1015270&type=standard&theme=wide&color=1&dark=true&iframe=true&domain=com&lang=en-US&newtab=false&ot_source=Restaurant%20website&cfe=true'><\/script>\t\t\t\t<\/div>\n\t\t\t\t<\/div>\n\t\t<div class=\"elementor-element elementor-element-04db243 e-con-full elementor-hidden-desktop e-flex e-con e-parent\" data-id=\"04db243\" data-element_type=\"container\" data-e-type=\"container\" data-settings=\"{&quot;background_background&quot;:&quot;classic&quot;,&quot;ekit_has_onepagescroll_dot&quot;:&quot;yes&quot;}\">\n\t\t\t\t<div class=\"elementor-element elementor-element-0020d7c elementor-widget__width-initial elementor-widget-mobile__width-initial elementor-widget elementor-widget-heading\" data-id=\"0020d7c\" data-element_type=\"widget\" data-e-type=\"widget\" data-settings=\"{&quot;ekit_we_effect_on&quot;:&quot;none&quot;}\" data-widget_type=\"heading.default\">\n\t\t\t\t\t<h2 class=\"elementor-heading-title elementor-size-default\">Reserva una <em>mesa<\/em><\/h2>\t\t\t\t<\/div>\n\t\t\t\t<div class=\"elementor-element elementor-element-e3f885c elementor-widget__width-initial elementor-widget-mobile__width-initial elementor-widget elementor-widget-text-editor\" data-id=\"e3f885c\" data-element_type=\"widget\" data-e-type=\"widget\" data-settings=\"{&quot;ekit_we_effect_on&quot;:&quot;none&quot;}\" data-widget_type=\"text-editor.default\">\n\t\t\t\t\t\t\t\t\t<p>Tanto si vienes a una cena \u00edntima, a celebrar con amigos o simplemente a tomar unas copas, en La Nacional siempre tendr\u00e1s sitio. Reserva ya y disfruta de nuestra cocina, nuestro ambiente y 158 a\u00f1os de historia. <\/p>\t\t\t\t\t\t\t\t<\/div>\n\t\t\t\t<div class=\"elementor-element elementor-element-eb2545e elementor-widget__width-inherit elementor-hidden-desktop elementor-widget elementor-widget-html\" data-id=\"eb2545e\" data-element_type=\"widget\" data-e-type=\"widget\" data-settings=\"{&quot;ekit_we_effect_on&quot;:&quot;none&quot;}\" data-widget_type=\"html.default\">\n\t\t\t\t\t<div style=\"text-align: center;\">\n  <iframe src=\"https:\/\/www.opentable.com\/widget\/reservation\/mural?rid=1015270&amp;type=standard&amp;color=1&amp;dark=false&amp;iframe=true&amp;domain=com&amp;lang=en-US&amp;newtab=false&amp;ot_source=Restaurant%20website&amp;cfe=true&amp;theme=standard\" width=\"100%\" height=\"250\" style=\"max-width: 360px; border: none;\" scrolling=\"no\" frameborder=\"0\"><\/iframe>\n<\/div>\n\t\t\t\t<\/div>\n\t\t\t\t<\/div>\n\t\t<div class=\"elementor-element elementor-element-d5e77c2 e-flex e-con-boxed e-con e-parent\" data-id=\"d5e77c2\" data-element_type=\"container\" data-e-type=\"container\" data-settings=\"{&quot;background_background&quot;:&quot;classic&quot;,&quot;ekit_has_onepagescroll_dot&quot;:&quot;yes&quot;}\">\n\t\t\t\t\t<div class=\"e-con-inner\">\n\t\t\t\t<div class=\"elementor-element elementor-element-340a1a7 elementor-widget__width-initial elementor-widget elementor-widget-text-editor\" data-id=\"340a1a7\" data-element_type=\"widget\" data-e-type=\"widget\" data-settings=\"{&quot;ekit_we_effect_on&quot;:&quot;none&quot;}\" data-widget_type=\"text-editor.default\">\n\t\t\t\t\t\t\t\t\t<p>Platos del men\u00fa<\/p>\t\t\t\t\t\t\t\t<\/div>\n\t\t\t\t<div class=\"elementor-element elementor-element-2cc5073 elementor-widget__width-initial elementor-widget elementor-widget-heading\" data-id=\"2cc5073\" data-element_type=\"widget\" data-e-type=\"widget\" data-settings=\"{&quot;ekit_we_effect_on&quot;:&quot;none&quot;}\" data-widget_type=\"heading.default\">\n\t\t\t\t\t<h2 class=\"elementor-heading-title elementor-size-default\">Echa un vistazo a <em>nuestro men\u00fa<\/em><\/h2>\t\t\t\t<\/div>\n\t\t\t\t<div class=\"elementor-element elementor-element-2e86667 elementor-widget__width-initial elementor-widget elementor-widget-text-editor\" data-id=\"2e86667\" data-element_type=\"widget\" data-e-type=\"widget\" data-settings=\"{&quot;ekit_we_effect_on&quot;:&quot;none&quot;}\" data-widget_type=\"text-editor.default\">\n\t\t\t\t\t\t\t\t\t<p style=\"text-align: center;\">Descubre el alma de nuestra cocina, plato a plato, y d\u00e9jate sorprender por lo que te espera en La Nacional. <\/p>\t\t\t\t\t\t\t\t<\/div>\n\t\t\t\t\t<\/div>\n\t\t\t\t<\/div>\n\t\t<div class=\"elementor-element elementor-element-801f788 e-flex e-con-boxed e-con e-parent\" data-id=\"801f788\" data-element_type=\"container\" data-e-type=\"container\" data-settings=\"{&quot;background_background&quot;:&quot;classic&quot;,&quot;ekit_has_onepagescroll_dot&quot;:&quot;yes&quot;}\">\n\t\t\t\t\t<div class=\"e-con-inner\">\n\t\t\t\t<div class=\"elementor-element elementor-element-dffb17a elementor-widget elementor-widget-n-accordion\" data-id=\"dffb17a\" data-element_type=\"widget\" data-e-type=\"widget\" data-settings=\"{&quot;default_state&quot;:&quot;expanded&quot;,&quot;max_items_expended&quot;:&quot;one&quot;,&quot;n_accordion_animation_duration&quot;:{&quot;unit&quot;:&quot;ms&quot;,&quot;size&quot;:400,&quot;sizes&quot;:[]},&quot;ekit_we_effect_on&quot;:&quot;none&quot;}\" data-widget_type=\"nested-accordion.default\">\n\t\t\t\t\t\t\t<div class=\"e-n-accordion\" aria-label=\"Accordion. Open links with Enter or Space, close with Escape, and navigate with Arrow Keys\">\n\t\t\t\t\t\t<details id=\"e-n-accordion-item-2340\" class=\"e-n-accordion-item\" open>\n\t\t\t\t<summary class=\"e-n-accordion-item-title\" data-accordion-index=\"1\" tabindex=\"0\" aria-expanded=\"true\" aria-controls=\"e-n-accordion-item-2340\" >\n\t\t\t\t\t<span class='e-n-accordion-item-title-header'><div class=\"e-n-accordion-item-title-text\"> Nuestros Cl\u00e1sicos <\/div><\/span>\n\t\t\t\t\t\t\t<span class='e-n-accordion-item-title-icon'>\n\t\t\t<span class='e-opened' ><svg aria-hidden=\"true\" class=\"e-font-icon-svg e-fas-minus\" viewBox=\"0 0 448 512\" xmlns=\"http:\/\/www.w3.org\/2000\/svg\"><path d=\"M416 208H32c-17.67 0-32 14.33-32 32v32c0 17.67 14.33 32 32 32h384c17.67 0 32-14.33 32-32v-32c0-17.67-14.33-32-32-32z\"><\/path><\/svg><\/span>\n\t\t\t<span class='e-closed'><svg aria-hidden=\"true\" class=\"e-font-icon-svg e-fas-plus\" viewBox=\"0 0 448 512\" xmlns=\"http:\/\/www.w3.org\/2000\/svg\"><path d=\"M416 208H272V64c0-17.67-14.33-32-32-32h-32c-17.67 0-32 14.33-32 32v144H32c-17.67 0-32 14.33-32 32v32c0 17.67 14.33 32 32 32h144v144c0 17.67 14.33 32 32 32h32c17.67 0 32-14.33 32-32V304h144c17.67 0 32-14.33 32-32v-32c0-17.67-14.33-32-32-32z\"><\/path><\/svg><\/span>\n\t\t<\/span>\n\n\t\t\t\t\t\t<\/summary>\n\t\t\t\t<div role=\"region\" aria-labelledby=\"e-n-accordion-item-2340\" class=\"elementor-element elementor-element-ad614c9 e-con-full e-flex e-con e-child\" data-id=\"ad614c9\" data-element_type=\"container\" data-e-type=\"container\" data-settings=\"{&quot;background_background&quot;:&quot;classic&quot;,&quot;ekit_has_onepagescroll_dot&quot;:&quot;yes&quot;}\">\n\t\t<div role=\"region\" aria-labelledby=\"e-n-accordion-item-2340\" class=\"elementor-element elementor-element-c8b62c3 e-con-full e-flex e-con e-child\" data-id=\"c8b62c3\" data-element_type=\"container\" data-e-type=\"container\" data-settings=\"{&quot;ekit_has_onepagescroll_dot&quot;:&quot;yes&quot;}\">\n\t\t<div role=\"region\" aria-labelledby=\"e-n-accordion-item-2340\" class=\"elementor-element elementor-element-2b80069 e-con-full e-flex e-con e-child\" data-id=\"2b80069\" data-element_type=\"container\" data-e-type=\"container\" data-settings=\"{&quot;ekit_has_onepagescroll_dot&quot;:&quot;yes&quot;}\">\n\t\t\t\t<div class=\"elementor-element elementor-element-8e6c80d elementor-widget elementor-widget-image\" data-id=\"8e6c80d\" data-element_type=\"widget\" data-e-type=\"widget\" data-settings=\"{&quot;ekit_we_effect_on&quot;:&quot;none&quot;}\" data-widget_type=\"image.default\">\n\t\t\t\t\t\t\t\t\t\t\t\t\t\t\t<img fetchpriority=\"high\" decoding=\"async\" width=\"800\" height=\"534\" src=\"https:\/\/lanacional.org\/wp-content\/uploads\/2025\/06\/pan-tumaca-classic-la-nacional-1024x683.webp\" class=\"attachment-large size-large wp-image-3521\" alt=\"restaurante espa\u00f1ol nyc\" srcset=\"https:\/\/lanacional.org\/wp-content\/uploads\/2025\/06\/pan-tumaca-classic-la-nacional-1024x683.webp 1024w, https:\/\/lanacional.org\/wp-content\/uploads\/2025\/06\/pan-tumaca-classic-la-nacional-300x200.webp 300w, https:\/\/lanacional.org\/wp-content\/uploads\/2025\/06\/pan-tumaca-classic-la-nacional-768x512.webp 768w, https:\/\/lanacional.org\/wp-content\/uploads\/2025\/06\/pan-tumaca-classic-la-nacional.webp 1080w\" sizes=\"(max-width: 800px) 100vw, 800px\" \/>\t\t\t\t\t\t\t\t\t\t\t\t\t\t\t<\/div>\n\t\t\t\t<div class=\"elementor-element elementor-element-18c22f7 elementor-widget elementor-widget-heading\" data-id=\"18c22f7\" data-element_type=\"widget\" data-e-type=\"widget\" data-settings=\"{&quot;ekit_we_effect_on&quot;:&quot;none&quot;}\" data-widget_type=\"heading.default\">\n\t\t\t\t\t<h4 class=\"elementor-heading-title elementor-size-default\">Pan Tumaca<\/h4>\t\t\t\t<\/div>\n\t\t\t\t<\/div>\n\t\t<div role=\"region\" aria-labelledby=\"e-n-accordion-item-2340\" class=\"elementor-element elementor-element-2d4dfd7 e-con-full e-flex e-con e-child\" data-id=\"2d4dfd7\" data-element_type=\"container\" data-e-type=\"container\" data-settings=\"{&quot;ekit_has_onepagescroll_dot&quot;:&quot;yes&quot;}\">\n\t\t\t\t<div class=\"elementor-element elementor-element-9013254 elementor-widget elementor-widget-image\" data-id=\"9013254\" data-element_type=\"widget\" data-e-type=\"widget\" data-settings=\"{&quot;ekit_we_effect_on&quot;:&quot;none&quot;}\" data-widget_type=\"image.default\">\n\t\t\t\t\t\t\t\t\t\t\t\t\t\t\t<img decoding=\"async\" width=\"800\" height=\"534\" src=\"https:\/\/lanacional.org\/wp-content\/uploads\/2025\/06\/patatas-bravas-classic-la-nacional-1024x683.webp\" class=\"attachment-large size-large wp-image-3522\" alt=\"comida espa\u00f1ola nueva york\" srcset=\"https:\/\/lanacional.org\/wp-content\/uploads\/2025\/06\/patatas-bravas-classic-la-nacional-1024x683.webp 1024w, https:\/\/lanacional.org\/wp-content\/uploads\/2025\/06\/patatas-bravas-classic-la-nacional-300x200.webp 300w, https:\/\/lanacional.org\/wp-content\/uploads\/2025\/06\/patatas-bravas-classic-la-nacional-768x512.webp 768w, https:\/\/lanacional.org\/wp-content\/uploads\/2025\/06\/patatas-bravas-classic-la-nacional.webp 1080w\" sizes=\"(max-width: 800px) 100vw, 800px\" \/>\t\t\t\t\t\t\t\t\t\t\t\t\t\t\t<\/div>\n\t\t\t\t<div class=\"elementor-element elementor-element-4302bbf elementor-widget elementor-widget-heading\" data-id=\"4302bbf\" data-element_type=\"widget\" data-e-type=\"widget\" data-settings=\"{&quot;ekit_we_effect_on&quot;:&quot;none&quot;}\" data-widget_type=\"heading.default\">\n\t\t\t\t\t<h4 class=\"elementor-heading-title elementor-size-default\">Patatas Bravas<\/h4>\t\t\t\t<\/div>\n\t\t\t\t<\/div>\n\t\t<div role=\"region\" aria-labelledby=\"e-n-accordion-item-2340\" class=\"elementor-element elementor-element-6cdebb7 e-con-full e-flex e-con e-child\" data-id=\"6cdebb7\" data-element_type=\"container\" data-e-type=\"container\" data-settings=\"{&quot;ekit_has_onepagescroll_dot&quot;:&quot;yes&quot;}\">\n\t\t\t\t<div class=\"elementor-element elementor-element-6de46c8 elementor-widget elementor-widget-image\" data-id=\"6de46c8\" data-element_type=\"widget\" data-e-type=\"widget\" data-settings=\"{&quot;ekit_we_effect_on&quot;:&quot;none&quot;}\" data-widget_type=\"image.default\">\n\t\t\t\t\t\t\t\t\t\t\t\t\t\t\t<img decoding=\"async\" width=\"800\" height=\"534\" src=\"https:\/\/lanacional.org\/wp-content\/uploads\/2025\/06\/croquetas-classic-la-nacional-1024x683.webp\" class=\"attachment-large size-large wp-image-3523\" alt=\"tapas nueva york\" srcset=\"https:\/\/lanacional.org\/wp-content\/uploads\/2025\/06\/croquetas-classic-la-nacional-1024x683.webp 1024w, https:\/\/lanacional.org\/wp-content\/uploads\/2025\/06\/croquetas-classic-la-nacional-300x200.webp 300w, https:\/\/lanacional.org\/wp-content\/uploads\/2025\/06\/croquetas-classic-la-nacional-768x512.webp 768w, https:\/\/lanacional.org\/wp-content\/uploads\/2025\/06\/croquetas-classic-la-nacional.webp 1080w\" sizes=\"(max-width: 800px) 100vw, 800px\" \/>\t\t\t\t\t\t\t\t\t\t\t\t\t\t\t<\/div>\n\t\t\t\t<div class=\"elementor-element elementor-element-193df23 elementor-widget elementor-widget-heading\" data-id=\"193df23\" data-element_type=\"widget\" data-e-type=\"widget\" data-settings=\"{&quot;ekit_we_effect_on&quot;:&quot;none&quot;}\" data-widget_type=\"heading.default\">\n\t\t\t\t\t<h4 class=\"elementor-heading-title elementor-size-default\">Croquetas Caseras<\/h4>\t\t\t\t<\/div>\n\t\t\t\t<\/div>\n\t\t\t\t<\/div>\n\t\t<div role=\"region\" aria-labelledby=\"e-n-accordion-item-2340\" class=\"elementor-element elementor-element-bb11339 e-con-full e-flex e-con e-child\" data-id=\"bb11339\" data-element_type=\"container\" data-e-type=\"container\" data-settings=\"{&quot;ekit_has_onepagescroll_dot&quot;:&quot;yes&quot;}\">\n\t\t<div role=\"region\" aria-labelledby=\"e-n-accordion-item-2340\" class=\"elementor-element elementor-element-3470612 e-con-full e-flex e-con e-child\" data-id=\"3470612\" data-element_type=\"container\" data-e-type=\"container\" data-settings=\"{&quot;ekit_has_onepagescroll_dot&quot;:&quot;yes&quot;}\">\n\t\t\t\t<div class=\"elementor-element elementor-element-b053fc7 elementor-widget elementor-widget-image\" data-id=\"b053fc7\" data-element_type=\"widget\" data-e-type=\"widget\" data-settings=\"{&quot;ekit_we_effect_on&quot;:&quot;none&quot;}\" data-widget_type=\"image.default\">\n\t\t\t\t\t\t\t\t\t\t\t\t\t\t\t<img loading=\"lazy\" decoding=\"async\" width=\"800\" height=\"534\" src=\"https:\/\/lanacional.org\/wp-content\/uploads\/2025\/06\/gambas-ajillo-classic-la-nacional-1024x683.webp\" class=\"attachment-large size-large wp-image-3524\" alt=\"cenar comida espa\u00f1ola en nueva york\" srcset=\"https:\/\/lanacional.org\/wp-content\/uploads\/2025\/06\/gambas-ajillo-classic-la-nacional-1024x683.webp 1024w, https:\/\/lanacional.org\/wp-content\/uploads\/2025\/06\/gambas-ajillo-classic-la-nacional-300x200.webp 300w, https:\/\/lanacional.org\/wp-content\/uploads\/2025\/06\/gambas-ajillo-classic-la-nacional-768x512.webp 768w, https:\/\/lanacional.org\/wp-content\/uploads\/2025\/06\/gambas-ajillo-classic-la-nacional.webp 1080w\" sizes=\"(max-width: 800px) 100vw, 800px\" \/>\t\t\t\t\t\t\t\t\t\t\t\t\t\t\t<\/div>\n\t\t\t\t<div class=\"elementor-element elementor-element-7501a3e elementor-widget elementor-widget-heading\" data-id=\"7501a3e\" data-element_type=\"widget\" data-e-type=\"widget\" data-settings=\"{&quot;ekit_we_effect_on&quot;:&quot;none&quot;}\" data-widget_type=\"heading.default\">\n\t\t\t\t\t<h4 class=\"elementor-heading-title elementor-size-default\">Gambas al Ajillo<\/h4>\t\t\t\t<\/div>\n\t\t\t\t<\/div>\n\t\t<div role=\"region\" aria-labelledby=\"e-n-accordion-item-2340\" class=\"elementor-element elementor-element-9e6f56b e-con-full e-flex e-con e-child\" data-id=\"9e6f56b\" data-element_type=\"container\" data-e-type=\"container\" data-settings=\"{&quot;ekit_has_onepagescroll_dot&quot;:&quot;yes&quot;}\">\n\t\t\t\t<div class=\"elementor-element elementor-element-f77b8c3 elementor-widget elementor-widget-image\" data-id=\"f77b8c3\" data-element_type=\"widget\" data-e-type=\"widget\" data-settings=\"{&quot;ekit_we_effect_on&quot;:&quot;none&quot;}\" data-widget_type=\"image.default\">\n\t\t\t\t\t\t\t\t\t\t\t\t\t\t\t<img loading=\"lazy\" decoding=\"async\" width=\"800\" height=\"534\" src=\"https:\/\/lanacional.org\/wp-content\/uploads\/2025\/06\/tortilla-patatas-classic-la-nacional-1024x683.webp\" class=\"attachment-large size-large wp-image-3525\" alt=\"Tortilla espa\u00f1ola en Nueva york\" srcset=\"https:\/\/lanacional.org\/wp-content\/uploads\/2025\/06\/tortilla-patatas-classic-la-nacional-1024x683.webp 1024w, https:\/\/lanacional.org\/wp-content\/uploads\/2025\/06\/tortilla-patatas-classic-la-nacional-300x200.webp 300w, https:\/\/lanacional.org\/wp-content\/uploads\/2025\/06\/tortilla-patatas-classic-la-nacional-768x512.webp 768w, https:\/\/lanacional.org\/wp-content\/uploads\/2025\/06\/tortilla-patatas-classic-la-nacional.webp 1080w\" sizes=\"(max-width: 800px) 100vw, 800px\" \/>\t\t\t\t\t\t\t\t\t\t\t\t\t\t\t<\/div>\n\t\t\t\t<div class=\"elementor-element elementor-element-3829b6a elementor-widget elementor-widget-heading\" data-id=\"3829b6a\" data-element_type=\"widget\" data-e-type=\"widget\" data-settings=\"{&quot;ekit_we_effect_on&quot;:&quot;none&quot;}\" data-widget_type=\"heading.default\">\n\t\t\t\t\t<h4 class=\"elementor-heading-title elementor-size-default\">Tortilla de Patatas<\/h4>\t\t\t\t<\/div>\n\t\t\t\t<\/div>\n\t\t\t\t<\/div>\n\t\t\t\t<\/div>\n\t\t\t\t\t<\/details>\n\t\t\t\t\t\t<details id=\"e-n-accordion-item-2341\" class=\"e-n-accordion-item\" >\n\t\t\t\t<summary class=\"e-n-accordion-item-title\" data-accordion-index=\"2\" tabindex=\"-1\" aria-expanded=\"false\" aria-controls=\"e-n-accordion-item-2341\" >\n\t\t\t\t\t<span class='e-n-accordion-item-title-header'><div class=\"e-n-accordion-item-title-text\"> Light Summer Fare <\/div><\/span>\n\t\t\t\t\t\t\t<span class='e-n-accordion-item-title-icon'>\n\t\t\t<span class='e-opened' ><svg aria-hidden=\"true\" class=\"e-font-icon-svg e-fas-minus\" viewBox=\"0 0 448 512\" xmlns=\"http:\/\/www.w3.org\/2000\/svg\"><path d=\"M416 208H32c-17.67 0-32 14.33-32 32v32c0 17.67 14.33 32 32 32h384c17.67 0 32-14.33 32-32v-32c0-17.67-14.33-32-32-32z\"><\/path><\/svg><\/span>\n\t\t\t<span class='e-closed'><svg aria-hidden=\"true\" class=\"e-font-icon-svg e-fas-plus\" viewBox=\"0 0 448 512\" xmlns=\"http:\/\/www.w3.org\/2000\/svg\"><path d=\"M416 208H272V64c0-17.67-14.33-32-32-32h-32c-17.67 0-32 14.33-32 32v144H32c-17.67 0-32 14.33-32 32v32c0 17.67 14.33 32 32 32h144v144c0 17.67 14.33 32 32 32h32c17.67 0 32-14.33 32-32V304h144c17.67 0 32-14.33 32-32v-32c0-17.67-14.33-32-32-32z\"><\/path><\/svg><\/span>\n\t\t<\/span>\n\n\t\t\t\t\t\t<\/summary>\n\t\t\t\t<div role=\"region\" aria-labelledby=\"e-n-accordion-item-2341\" class=\"elementor-element elementor-element-dcf8186 e-con-full e-flex e-con e-child\" data-id=\"dcf8186\" data-element_type=\"container\" data-e-type=\"container\" data-settings=\"{&quot;background_background&quot;:&quot;classic&quot;,&quot;ekit_has_onepagescroll_dot&quot;:&quot;yes&quot;}\">\n\t\t<div role=\"region\" aria-labelledby=\"e-n-accordion-item-2341\" class=\"elementor-element elementor-element-f7a424e e-con-full e-flex e-con e-child\" data-id=\"f7a424e\" data-element_type=\"container\" data-e-type=\"container\" data-settings=\"{&quot;ekit_has_onepagescroll_dot&quot;:&quot;yes&quot;}\">\n\t\t<div role=\"region\" aria-labelledby=\"e-n-accordion-item-2341\" class=\"elementor-element elementor-element-7af086b e-con-full e-flex e-con e-child\" data-id=\"7af086b\" data-element_type=\"container\" data-e-type=\"container\" data-settings=\"{&quot;ekit_has_onepagescroll_dot&quot;:&quot;yes&quot;}\">\n\t\t\t\t<div class=\"elementor-element elementor-element-a309f25 elementor-widget elementor-widget-image\" data-id=\"a309f25\" data-element_type=\"widget\" data-e-type=\"widget\" data-settings=\"{&quot;ekit_we_effect_on&quot;:&quot;none&quot;}\" data-widget_type=\"image.default\">\n\t\t\t\t\t\t\t\t\t\t\t\t\t\t\t<img loading=\"lazy\" decoding=\"async\" width=\"800\" height=\"534\" src=\"https:\/\/lanacional.org\/wp-content\/uploads\/2025\/06\/aceitunas-la-nacional-summer-1024x683.webp\" class=\"attachment-large size-large wp-image-3526\" alt=\"Encurtidos espa\u00f1oles\" srcset=\"https:\/\/lanacional.org\/wp-content\/uploads\/2025\/06\/aceitunas-la-nacional-summer-1024x683.webp 1024w, https:\/\/lanacional.org\/wp-content\/uploads\/2025\/06\/aceitunas-la-nacional-summer-300x200.webp 300w, https:\/\/lanacional.org\/wp-content\/uploads\/2025\/06\/aceitunas-la-nacional-summer-768x512.webp 768w, https:\/\/lanacional.org\/wp-content\/uploads\/2025\/06\/aceitunas-la-nacional-summer.webp 1080w\" sizes=\"(max-width: 800px) 100vw, 800px\" \/>\t\t\t\t\t\t\t\t\t\t\t\t\t\t\t<\/div>\n\t\t\t\t<div class=\"elementor-element elementor-element-f5b9925 elementor-widget elementor-widget-heading\" data-id=\"f5b9925\" data-element_type=\"widget\" data-e-type=\"widget\" data-settings=\"{&quot;ekit_we_effect_on&quot;:&quot;none&quot;}\" data-widget_type=\"heading.default\">\n\t\t\t\t\t<h4 class=\"elementor-heading-title elementor-size-default\">Aceitunas Encurtidas<\/h4>\t\t\t\t<\/div>\n\t\t\t\t<\/div>\n\t\t<div role=\"region\" aria-labelledby=\"e-n-accordion-item-2341\" class=\"elementor-element elementor-element-854f7da e-con-full e-flex e-con e-child\" data-id=\"854f7da\" data-element_type=\"container\" data-e-type=\"container\" data-settings=\"{&quot;ekit_has_onepagescroll_dot&quot;:&quot;yes&quot;}\">\n\t\t\t\t<div class=\"elementor-element elementor-element-09afd21 elementor-widget elementor-widget-image\" data-id=\"09afd21\" data-element_type=\"widget\" data-e-type=\"widget\" data-settings=\"{&quot;ekit_we_effect_on&quot;:&quot;none&quot;}\" data-widget_type=\"image.default\">\n\t\t\t\t\t\t\t\t\t\t\t\t\t\t\t<img loading=\"lazy\" decoding=\"async\" width=\"800\" height=\"534\" src=\"https:\/\/lanacional.org\/wp-content\/uploads\/2025\/06\/ensalada-tomate-la-nacional-1024x683.webp\" class=\"attachment-large size-large wp-image-3527\" alt=\"Comer ensaladas espa\u00f1olas\" srcset=\"https:\/\/lanacional.org\/wp-content\/uploads\/2025\/06\/ensalada-tomate-la-nacional-1024x683.webp 1024w, https:\/\/lanacional.org\/wp-content\/uploads\/2025\/06\/ensalada-tomate-la-nacional-300x200.webp 300w, https:\/\/lanacional.org\/wp-content\/uploads\/2025\/06\/ensalada-tomate-la-nacional-768x512.webp 768w, https:\/\/lanacional.org\/wp-content\/uploads\/2025\/06\/ensalada-tomate-la-nacional.webp 1080w\" sizes=\"(max-width: 800px) 100vw, 800px\" \/>\t\t\t\t\t\t\t\t\t\t\t\t\t\t\t<\/div>\n\t\t\t\t<div class=\"elementor-element elementor-element-506dbca elementor-widget elementor-widget-heading\" data-id=\"506dbca\" data-element_type=\"widget\" data-e-type=\"widget\" data-settings=\"{&quot;ekit_we_effect_on&quot;:&quot;none&quot;}\" data-widget_type=\"heading.default\">\n\t\t\t\t\t<h4 class=\"elementor-heading-title elementor-size-default\">Ensalada de Tomate<\/h4>\t\t\t\t<\/div>\n\t\t\t\t<\/div>\n\t\t<div role=\"region\" aria-labelledby=\"e-n-accordion-item-2341\" class=\"elementor-element elementor-element-1c294f9 e-con-full e-flex e-con e-child\" data-id=\"1c294f9\" data-element_type=\"container\" data-e-type=\"container\" data-settings=\"{&quot;ekit_has_onepagescroll_dot&quot;:&quot;yes&quot;}\">\n\t\t\t\t<div class=\"elementor-element elementor-element-0153d1c elementor-widget elementor-widget-image\" data-id=\"0153d1c\" data-element_type=\"widget\" data-e-type=\"widget\" data-settings=\"{&quot;ekit_we_effect_on&quot;:&quot;none&quot;}\" data-widget_type=\"image.default\">\n\t\t\t\t\t\t\t\t\t\t\t\t\t\t\t<img loading=\"lazy\" decoding=\"async\" width=\"800\" height=\"534\" src=\"https:\/\/lanacional.org\/wp-content\/uploads\/2025\/06\/grapefruit-greens-la-nacional-summer-1024x683.webp\" class=\"attachment-large size-large wp-image-3528\" alt=\"restaurante de tapas en NYC\" srcset=\"https:\/\/lanacional.org\/wp-content\/uploads\/2025\/06\/grapefruit-greens-la-nacional-summer-1024x683.webp 1024w, https:\/\/lanacional.org\/wp-content\/uploads\/2025\/06\/grapefruit-greens-la-nacional-summer-300x200.webp 300w, https:\/\/lanacional.org\/wp-content\/uploads\/2025\/06\/grapefruit-greens-la-nacional-summer-768x512.webp 768w, https:\/\/lanacional.org\/wp-content\/uploads\/2025\/06\/grapefruit-greens-la-nacional-summer.webp 1080w\" sizes=\"(max-width: 800px) 100vw, 800px\" \/>\t\t\t\t\t\t\t\t\t\t\t\t\t\t\t<\/div>\n\t\t\t\t<div class=\"elementor-element elementor-element-25c41d7 elementor-widget elementor-widget-heading\" data-id=\"25c41d7\" data-element_type=\"widget\" data-e-type=\"widget\" data-settings=\"{&quot;ekit_we_effect_on&quot;:&quot;none&quot;}\" data-widget_type=\"heading.default\">\n\t\t\t\t\t<h4 class=\"elementor-heading-title elementor-size-default\">Pomelo y Verduras<\/h4>\t\t\t\t<\/div>\n\t\t\t\t<\/div>\n\t\t\t\t<\/div>\n\t\t<div role=\"region\" aria-labelledby=\"e-n-accordion-item-2341\" class=\"elementor-element elementor-element-a05e597 e-con-full e-flex e-con e-child\" data-id=\"a05e597\" data-element_type=\"container\" data-e-type=\"container\" data-settings=\"{&quot;ekit_has_onepagescroll_dot&quot;:&quot;yes&quot;}\">\n\t\t<div role=\"region\" aria-labelledby=\"e-n-accordion-item-2341\" class=\"elementor-element elementor-element-88ea391 e-con-full e-flex e-con e-child\" data-id=\"88ea391\" data-element_type=\"container\" data-e-type=\"container\" data-settings=\"{&quot;ekit_has_onepagescroll_dot&quot;:&quot;yes&quot;}\">\n\t\t\t\t<div class=\"elementor-element elementor-element-47b2c00 elementor-widget elementor-widget-image\" data-id=\"47b2c00\" data-element_type=\"widget\" data-e-type=\"widget\" data-settings=\"{&quot;ekit_we_effect_on&quot;:&quot;none&quot;}\" data-widget_type=\"image.default\">\n\t\t\t\t\t\t\t\t\t\t\t\t\t\t\t<img loading=\"lazy\" decoding=\"async\" width=\"800\" height=\"534\" src=\"https:\/\/lanacional.org\/wp-content\/uploads\/2025\/06\/boquerones-la-nacional-summer-1024x683.webp\" class=\"attachment-large size-large wp-image-3529\" alt=\"Platos t\u00edpicos espa\u00f1oles\" srcset=\"https:\/\/lanacional.org\/wp-content\/uploads\/2025\/06\/boquerones-la-nacional-summer-1024x683.webp 1024w, https:\/\/lanacional.org\/wp-content\/uploads\/2025\/06\/boquerones-la-nacional-summer-300x200.webp 300w, https:\/\/lanacional.org\/wp-content\/uploads\/2025\/06\/boquerones-la-nacional-summer-768x512.webp 768w, https:\/\/lanacional.org\/wp-content\/uploads\/2025\/06\/boquerones-la-nacional-summer.webp 1080w\" sizes=\"(max-width: 800px) 100vw, 800px\" \/>\t\t\t\t\t\t\t\t\t\t\t\t\t\t\t<\/div>\n\t\t\t\t<div class=\"elementor-element elementor-element-9b4e84a elementor-widget elementor-widget-heading\" data-id=\"9b4e84a\" data-element_type=\"widget\" data-e-type=\"widget\" data-settings=\"{&quot;ekit_we_effect_on&quot;:&quot;none&quot;}\" data-widget_type=\"heading.default\">\n\t\t\t\t\t<h4 class=\"elementor-heading-title elementor-size-default\">Boquerones Marinados<\/h4>\t\t\t\t<\/div>\n\t\t\t\t<\/div>\n\t\t<div role=\"region\" aria-labelledby=\"e-n-accordion-item-2341\" class=\"elementor-element elementor-element-0233664 e-con-full e-flex e-con e-child\" data-id=\"0233664\" data-element_type=\"container\" data-e-type=\"container\" data-settings=\"{&quot;ekit_has_onepagescroll_dot&quot;:&quot;yes&quot;}\">\n\t\t\t\t<div class=\"elementor-element elementor-element-cdee8ad elementor-widget elementor-widget-image\" data-id=\"cdee8ad\" data-element_type=\"widget\" data-e-type=\"widget\" data-settings=\"{&quot;ekit_we_effect_on&quot;:&quot;none&quot;}\" data-widget_type=\"image.default\">\n\t\t\t\t\t\t\t\t\t\t\t\t\t\t\t<img loading=\"lazy\" decoding=\"async\" width=\"800\" height=\"534\" src=\"https:\/\/lanacional.org\/wp-content\/uploads\/2025\/09\/watermelon-gazpacho-la-nacional-nyc-1024x683.webp\" class=\"attachment-large size-large wp-image-3530\" alt=\"Comer Gazpacho NY\" srcset=\"https:\/\/lanacional.org\/wp-content\/uploads\/2025\/09\/watermelon-gazpacho-la-nacional-nyc-1024x683.webp 1024w, https:\/\/lanacional.org\/wp-content\/uploads\/2025\/09\/watermelon-gazpacho-la-nacional-nyc-300x200.webp 300w, https:\/\/lanacional.org\/wp-content\/uploads\/2025\/09\/watermelon-gazpacho-la-nacional-nyc-768x512.webp 768w, https:\/\/lanacional.org\/wp-content\/uploads\/2025\/09\/watermelon-gazpacho-la-nacional-nyc.webp 1080w\" sizes=\"(max-width: 800px) 100vw, 800px\" \/>\t\t\t\t\t\t\t\t\t\t\t\t\t\t\t<\/div>\n\t\t\t\t<div class=\"elementor-element elementor-element-caf42a0 elementor-widget elementor-widget-heading\" data-id=\"caf42a0\" data-element_type=\"widget\" data-e-type=\"widget\" data-settings=\"{&quot;ekit_we_effect_on&quot;:&quot;none&quot;}\" data-widget_type=\"heading.default\">\n\t\t\t\t\t<h4 class=\"elementor-heading-title elementor-size-default\">Gazpacho de Sand\u00eda<\/h4>\t\t\t\t<\/div>\n\t\t\t\t<\/div>\n\t\t\t\t<\/div>\n\t\t<div role=\"region\" aria-labelledby=\"e-n-accordion-item-2341\" class=\"elementor-element elementor-element-c36be57 e-con-full e-flex e-con e-child\" data-id=\"c36be57\" data-element_type=\"container\" data-e-type=\"container\" data-settings=\"{&quot;ekit_has_onepagescroll_dot&quot;:&quot;yes&quot;}\">\n\t\t<div role=\"region\" aria-labelledby=\"e-n-accordion-item-2341\" class=\"elementor-element elementor-element-5350e23 e-con-full e-flex e-con e-child\" data-id=\"5350e23\" data-element_type=\"container\" data-e-type=\"container\" data-settings=\"{&quot;ekit_has_onepagescroll_dot&quot;:&quot;yes&quot;}\">\n\t\t\t\t<div class=\"elementor-element elementor-element-0c17d33 elementor-widget elementor-widget-image\" data-id=\"0c17d33\" data-element_type=\"widget\" data-e-type=\"widget\" data-settings=\"{&quot;ekit_we_effect_on&quot;:&quot;none&quot;}\" data-widget_type=\"image.default\">\n\t\t\t\t\t\t\t\t\t\t\t\t\t\t\t<img loading=\"lazy\" decoding=\"async\" width=\"800\" height=\"534\" src=\"https:\/\/lanacional.org\/wp-content\/uploads\/2025\/09\/traditional-gazpacho-la-nacional-nyc-1024x683.webp\" class=\"attachment-large size-large wp-image-3531\" alt=\"Gazpacho tradicional espa\u00f1ol\" srcset=\"https:\/\/lanacional.org\/wp-content\/uploads\/2025\/09\/traditional-gazpacho-la-nacional-nyc-1024x683.webp 1024w, https:\/\/lanacional.org\/wp-content\/uploads\/2025\/09\/traditional-gazpacho-la-nacional-nyc-300x200.webp 300w, https:\/\/lanacional.org\/wp-content\/uploads\/2025\/09\/traditional-gazpacho-la-nacional-nyc-768x512.webp 768w, https:\/\/lanacional.org\/wp-content\/uploads\/2025\/09\/traditional-gazpacho-la-nacional-nyc.webp 1080w\" sizes=\"(max-width: 800px) 100vw, 800px\" \/>\t\t\t\t\t\t\t\t\t\t\t\t\t\t\t<\/div>\n\t\t\t\t<div class=\"elementor-element elementor-element-6172fa7 elementor-widget elementor-widget-heading\" data-id=\"6172fa7\" data-element_type=\"widget\" data-e-type=\"widget\" data-settings=\"{&quot;ekit_we_effect_on&quot;:&quot;none&quot;}\" data-widget_type=\"heading.default\">\n\t\t\t\t\t<h4 class=\"elementor-heading-title elementor-size-default\">Gazpacho Tradicional<\/h4>\t\t\t\t<\/div>\n\t\t\t\t<\/div>\n\t\t<div role=\"region\" aria-labelledby=\"e-n-accordion-item-2341\" class=\"elementor-element elementor-element-b63403b e-con-full e-flex e-con e-child\" data-id=\"b63403b\" data-element_type=\"container\" data-e-type=\"container\" data-settings=\"{&quot;ekit_has_onepagescroll_dot&quot;:&quot;yes&quot;}\">\n\t\t\t\t<div class=\"elementor-element elementor-element-0e077bb elementor-widget elementor-widget-image\" data-id=\"0e077bb\" data-element_type=\"widget\" data-e-type=\"widget\" data-settings=\"{&quot;ekit_we_effect_on&quot;:&quot;none&quot;}\" data-widget_type=\"image.default\">\n\t\t\t\t\t\t\t\t\t\t\t\t\t\t\t<img loading=\"lazy\" decoding=\"async\" width=\"800\" height=\"534\" src=\"https:\/\/lanacional.org\/wp-content\/uploads\/2025\/09\/seafood-citrus-salad-la-nacional-nyc-1024x683.webp\" class=\"attachment-large size-large wp-image-3532\" alt=\"Marisco espa\u00f1ol\" srcset=\"https:\/\/lanacional.org\/wp-content\/uploads\/2025\/09\/seafood-citrus-salad-la-nacional-nyc-1024x683.webp 1024w, https:\/\/lanacional.org\/wp-content\/uploads\/2025\/09\/seafood-citrus-salad-la-nacional-nyc-300x200.webp 300w, https:\/\/lanacional.org\/wp-content\/uploads\/2025\/09\/seafood-citrus-salad-la-nacional-nyc-768x512.webp 768w, https:\/\/lanacional.org\/wp-content\/uploads\/2025\/09\/seafood-citrus-salad-la-nacional-nyc.webp 1080w\" sizes=\"(max-width: 800px) 100vw, 800px\" \/>\t\t\t\t\t\t\t\t\t\t\t\t\t\t\t<\/div>\n\t\t\t\t<div class=\"elementor-element elementor-element-1e3e1bb elementor-widget elementor-widget-heading\" data-id=\"1e3e1bb\" data-element_type=\"widget\" data-e-type=\"widget\" data-settings=\"{&quot;ekit_we_effect_on&quot;:&quot;none&quot;}\" data-widget_type=\"heading.default\">\n\t\t\t\t\t<h4 class=\"elementor-heading-title elementor-size-default\">Ensalada Citrus de Marisco<\/h4>\t\t\t\t<\/div>\n\t\t\t\t<\/div>\n\t\t\t\t<\/div>\n\t\t\t\t<\/div>\n\t\t\t\t\t<\/details>\n\t\t\t\t\t\t<details id=\"e-n-accordion-item-2342\" class=\"e-n-accordion-item\" >\n\t\t\t\t<summary class=\"e-n-accordion-item-title\" data-accordion-index=\"3\" tabindex=\"-1\" aria-expanded=\"false\" aria-controls=\"e-n-accordion-item-2342\" >\n\t\t\t\t\t<span class='e-n-accordion-item-title-header'><div class=\"e-n-accordion-item-title-text\"> Nuestros Originales <\/div><\/span>\n\t\t\t\t\t\t\t<span class='e-n-accordion-item-title-icon'>\n\t\t\t<span class='e-opened' ><svg aria-hidden=\"true\" class=\"e-font-icon-svg e-fas-minus\" viewBox=\"0 0 448 512\" xmlns=\"http:\/\/www.w3.org\/2000\/svg\"><path d=\"M416 208H32c-17.67 0-32 14.33-32 32v32c0 17.67 14.33 32 32 32h384c17.67 0 32-14.33 32-32v-32c0-17.67-14.33-32-32-32z\"><\/path><\/svg><\/span>\n\t\t\t<span class='e-closed'><svg aria-hidden=\"true\" class=\"e-font-icon-svg e-fas-plus\" viewBox=\"0 0 448 512\" xmlns=\"http:\/\/www.w3.org\/2000\/svg\"><path d=\"M416 208H272V64c0-17.67-14.33-32-32-32h-32c-17.67 0-32 14.33-32 32v144H32c-17.67 0-32 14.33-32 32v32c0 17.67 14.33 32 32 32h144v144c0 17.67 14.33 32 32 32h32c17.67 0 32-14.33 32-32V304h144c17.67 0 32-14.33 32-32v-32c0-17.67-14.33-32-32-32z\"><\/path><\/svg><\/span>\n\t\t<\/span>\n\n\t\t\t\t\t\t<\/summary>\n\t\t\t\t<div role=\"region\" aria-labelledby=\"e-n-accordion-item-2342\" class=\"elementor-element elementor-element-b8078e9 e-con-full e-flex e-con e-child\" data-id=\"b8078e9\" data-element_type=\"container\" data-e-type=\"container\" data-settings=\"{&quot;background_background&quot;:&quot;classic&quot;,&quot;ekit_has_onepagescroll_dot&quot;:&quot;yes&quot;}\">\n\t\t<div role=\"region\" aria-labelledby=\"e-n-accordion-item-2342\" class=\"elementor-element elementor-element-03cae51 e-con-full e-flex e-con e-child\" data-id=\"03cae51\" data-element_type=\"container\" data-e-type=\"container\" data-settings=\"{&quot;ekit_has_onepagescroll_dot&quot;:&quot;yes&quot;}\">\n\t\t<div role=\"region\" aria-labelledby=\"e-n-accordion-item-2342\" class=\"elementor-element elementor-element-07aa4b7 e-con-full e-flex e-con e-child\" data-id=\"07aa4b7\" data-element_type=\"container\" data-e-type=\"container\" data-settings=\"{&quot;ekit_has_onepagescroll_dot&quot;:&quot;yes&quot;}\">\n\t\t\t\t<div class=\"elementor-element elementor-element-2cdff85 elementor-widget elementor-widget-image\" data-id=\"2cdff85\" data-element_type=\"widget\" data-e-type=\"widget\" data-settings=\"{&quot;ekit_we_effect_on&quot;:&quot;none&quot;}\" data-widget_type=\"image.default\">\n\t\t\t\t\t\t\t\t\t\t\t\t\t\t\t<img loading=\"lazy\" decoding=\"async\" width=\"800\" height=\"534\" src=\"https:\/\/lanacional.org\/wp-content\/uploads\/2025\/06\/manchego-mac-cheese-la-nacional-1024x683.webp\" class=\"attachment-large size-large wp-image-3533\" alt=\"Quesos tradicionales espa\u00f1oles\" srcset=\"https:\/\/lanacional.org\/wp-content\/uploads\/2025\/06\/manchego-mac-cheese-la-nacional-1024x683.webp 1024w, https:\/\/lanacional.org\/wp-content\/uploads\/2025\/06\/manchego-mac-cheese-la-nacional-300x200.webp 300w, https:\/\/lanacional.org\/wp-content\/uploads\/2025\/06\/manchego-mac-cheese-la-nacional-768x512.webp 768w, https:\/\/lanacional.org\/wp-content\/uploads\/2025\/06\/manchego-mac-cheese-la-nacional.webp 1080w\" sizes=\"(max-width: 800px) 100vw, 800px\" \/>\t\t\t\t\t\t\t\t\t\t\t\t\t\t\t<\/div>\n\t\t\t\t<div class=\"elementor-element elementor-element-63e3569 elementor-widget elementor-widget-heading\" data-id=\"63e3569\" data-element_type=\"widget\" data-e-type=\"widget\" data-settings=\"{&quot;ekit_we_effect_on&quot;:&quot;none&quot;}\" data-widget_type=\"heading.default\">\n\t\t\t\t\t<h4 class=\"elementor-heading-title elementor-size-default\">Manchego Mac &amp; Cheese<\/h4>\t\t\t\t<\/div>\n\t\t\t\t<\/div>\n\t\t<div role=\"region\" aria-labelledby=\"e-n-accordion-item-2342\" class=\"elementor-element elementor-element-5bed962 e-con-full e-flex e-con e-child\" data-id=\"5bed962\" data-element_type=\"container\" data-e-type=\"container\" data-settings=\"{&quot;ekit_has_onepagescroll_dot&quot;:&quot;yes&quot;}\">\n\t\t\t\t<div class=\"elementor-element elementor-element-9e5e6b4 elementor-widget elementor-widget-image\" data-id=\"9e5e6b4\" data-element_type=\"widget\" data-e-type=\"widget\" data-settings=\"{&quot;ekit_we_effect_on&quot;:&quot;none&quot;}\" data-widget_type=\"image.default\">\n\t\t\t\t\t\t\t\t\t\t\t\t\t\t\t<img loading=\"lazy\" decoding=\"async\" width=\"800\" height=\"534\" src=\"https:\/\/lanacional.org\/wp-content\/uploads\/2025\/06\/sopa-mama-paco-la-nacional-1024x683.webp\" class=\"attachment-large size-large wp-image-3534\" alt=\"Sopa casera\" srcset=\"https:\/\/lanacional.org\/wp-content\/uploads\/2025\/06\/sopa-mama-paco-la-nacional-1024x683.webp 1024w, https:\/\/lanacional.org\/wp-content\/uploads\/2025\/06\/sopa-mama-paco-la-nacional-300x200.webp 300w, https:\/\/lanacional.org\/wp-content\/uploads\/2025\/06\/sopa-mama-paco-la-nacional-768x512.webp 768w, https:\/\/lanacional.org\/wp-content\/uploads\/2025\/06\/sopa-mama-paco-la-nacional.webp 1080w\" sizes=\"(max-width: 800px) 100vw, 800px\" \/>\t\t\t\t\t\t\t\t\t\t\t\t\t\t\t<\/div>\n\t\t\t\t<div class=\"elementor-element elementor-element-92cf9ca elementor-widget elementor-widget-heading\" data-id=\"92cf9ca\" data-element_type=\"widget\" data-e-type=\"widget\" data-settings=\"{&quot;ekit_we_effect_on&quot;:&quot;none&quot;}\" data-widget_type=\"heading.default\">\n\t\t\t\t\t<h4 class=\"elementor-heading-title elementor-size-default\">Sopa de la Mam\u00e1 de Paco (Plato de invierno)<\/h4>\t\t\t\t<\/div>\n\t\t\t\t<\/div>\n\t\t<div role=\"region\" aria-labelledby=\"e-n-accordion-item-2342\" class=\"elementor-element elementor-element-ab32154 e-con-full e-flex e-con e-child\" data-id=\"ab32154\" data-element_type=\"container\" data-e-type=\"container\" data-settings=\"{&quot;ekit_has_onepagescroll_dot&quot;:&quot;yes&quot;}\">\n\t\t\t\t<div class=\"elementor-element elementor-element-ba947d0 elementor-widget elementor-widget-image\" data-id=\"ba947d0\" data-element_type=\"widget\" data-e-type=\"widget\" data-settings=\"{&quot;ekit_we_effect_on&quot;:&quot;none&quot;}\" data-widget_type=\"image.default\">\n\t\t\t\t\t\t\t\t\t\t\t\t\t\t\t<img loading=\"lazy\" decoding=\"async\" width=\"800\" height=\"534\" src=\"https:\/\/lanacional.org\/wp-content\/uploads\/2025\/06\/chorizo-burger-la-nacional-originals-1024x683.webp\" class=\"attachment-large size-large wp-image-3535\" alt=\"Hamburguesa de chorizo\" srcset=\"https:\/\/lanacional.org\/wp-content\/uploads\/2025\/06\/chorizo-burger-la-nacional-originals-1024x683.webp 1024w, https:\/\/lanacional.org\/wp-content\/uploads\/2025\/06\/chorizo-burger-la-nacional-originals-300x200.webp 300w, https:\/\/lanacional.org\/wp-content\/uploads\/2025\/06\/chorizo-burger-la-nacional-originals-768x512.webp 768w, https:\/\/lanacional.org\/wp-content\/uploads\/2025\/06\/chorizo-burger-la-nacional-originals.webp 1080w\" sizes=\"(max-width: 800px) 100vw, 800px\" \/>\t\t\t\t\t\t\t\t\t\t\t\t\t\t\t<\/div>\n\t\t\t\t<div class=\"elementor-element elementor-element-1b8ebd3 elementor-widget elementor-widget-heading\" data-id=\"1b8ebd3\" data-element_type=\"widget\" data-e-type=\"widget\" data-settings=\"{&quot;ekit_we_effect_on&quot;:&quot;none&quot;}\" data-widget_type=\"heading.default\">\n\t\t\t\t\t<h4 class=\"elementor-heading-title elementor-size-default\">Chorizo Burger<\/h4>\t\t\t\t<\/div>\n\t\t\t\t<\/div>\n\t\t\t\t<\/div>\n\t\t<div role=\"region\" aria-labelledby=\"e-n-accordion-item-2342\" class=\"elementor-element elementor-element-8078f71 e-con-full e-flex e-con e-child\" data-id=\"8078f71\" data-element_type=\"container\" data-e-type=\"container\" data-settings=\"{&quot;ekit_has_onepagescroll_dot&quot;:&quot;yes&quot;}\">\n\t\t<div role=\"region\" aria-labelledby=\"e-n-accordion-item-2342\" class=\"elementor-element elementor-element-fa786ac e-con-full e-flex e-con e-child\" data-id=\"fa786ac\" data-element_type=\"container\" data-e-type=\"container\" data-settings=\"{&quot;ekit_has_onepagescroll_dot&quot;:&quot;yes&quot;}\">\n\t\t\t\t<div class=\"elementor-element elementor-element-ef13232 elementor-widget elementor-widget-image\" data-id=\"ef13232\" data-element_type=\"widget\" data-e-type=\"widget\" data-settings=\"{&quot;ekit_we_effect_on&quot;:&quot;none&quot;}\" data-widget_type=\"image.default\">\n\t\t\t\t\t\t\t\t\t\t\t\t\t\t\t<img loading=\"lazy\" decoding=\"async\" width=\"800\" height=\"534\" src=\"https:\/\/lanacional.org\/wp-content\/uploads\/2025\/06\/empanadas-la-nacional-originals-1024x683.webp\" class=\"attachment-large size-large wp-image-3536\" alt=\"Empanadas espa\u00f1olas en la Ciudad de Nueva York\" srcset=\"https:\/\/lanacional.org\/wp-content\/uploads\/2025\/06\/empanadas-la-nacional-originals-1024x683.webp 1024w, https:\/\/lanacional.org\/wp-content\/uploads\/2025\/06\/empanadas-la-nacional-originals-300x200.webp 300w, https:\/\/lanacional.org\/wp-content\/uploads\/2025\/06\/empanadas-la-nacional-originals-768x512.webp 768w, https:\/\/lanacional.org\/wp-content\/uploads\/2025\/06\/empanadas-la-nacional-originals.webp 1080w\" sizes=\"(max-width: 800px) 100vw, 800px\" \/>\t\t\t\t\t\t\t\t\t\t\t\t\t\t\t<\/div>\n\t\t\t\t<div class=\"elementor-element elementor-element-06f9d02 elementor-widget elementor-widget-heading\" data-id=\"06f9d02\" data-element_type=\"widget\" data-e-type=\"widget\" data-settings=\"{&quot;ekit_we_effect_on&quot;:&quot;none&quot;}\" data-widget_type=\"heading.default\">\n\t\t\t\t\t<h4 class=\"elementor-heading-title elementor-size-default\">Empanadas<\/h4>\t\t\t\t<\/div>\n\t\t\t\t<\/div>\n\t\t<div role=\"region\" aria-labelledby=\"e-n-accordion-item-2342\" class=\"elementor-element elementor-element-6c24930 e-con-full e-flex e-con e-child\" data-id=\"6c24930\" data-element_type=\"container\" data-e-type=\"container\" data-settings=\"{&quot;ekit_has_onepagescroll_dot&quot;:&quot;yes&quot;}\">\n\t\t\t\t<div class=\"elementor-element elementor-element-8e8df5c elementor-widget elementor-widget-image\" data-id=\"8e8df5c\" data-element_type=\"widget\" data-e-type=\"widget\" data-settings=\"{&quot;ekit_we_effect_on&quot;:&quot;none&quot;}\" data-widget_type=\"image.default\">\n\t\t\t\t\t\t\t\t\t\t\t\t\t\t\t<img loading=\"lazy\" decoding=\"async\" width=\"800\" height=\"534\" src=\"https:\/\/lanacional.org\/wp-content\/uploads\/2025\/06\/vegetables-jamon-serrano-la-nacional-originals-1024x683.webp\" class=\"attachment-large size-large wp-image-3537\" alt=\"Verduras con jam\u00f3n\" srcset=\"https:\/\/lanacional.org\/wp-content\/uploads\/2025\/06\/vegetables-jamon-serrano-la-nacional-originals-1024x683.webp 1024w, https:\/\/lanacional.org\/wp-content\/uploads\/2025\/06\/vegetables-jamon-serrano-la-nacional-originals-300x200.webp 300w, https:\/\/lanacional.org\/wp-content\/uploads\/2025\/06\/vegetables-jamon-serrano-la-nacional-originals-768x512.webp 768w, https:\/\/lanacional.org\/wp-content\/uploads\/2025\/06\/vegetables-jamon-serrano-la-nacional-originals.webp 1080w\" sizes=\"(max-width: 800px) 100vw, 800px\" \/>\t\t\t\t\t\t\t\t\t\t\t\t\t\t\t<\/div>\n\t\t\t\t<div class=\"elementor-element elementor-element-577c136 elementor-widget elementor-widget-heading\" data-id=\"577c136\" data-element_type=\"widget\" data-e-type=\"widget\" data-settings=\"{&quot;ekit_we_effect_on&quot;:&quot;none&quot;}\" data-widget_type=\"heading.default\">\n\t\t\t\t\t<h4 class=\"elementor-heading-title elementor-size-default\">Verduras a la Plancha con Jam\u00f3n Serrano<\/h4>\t\t\t\t<\/div>\n\t\t\t\t<\/div>\n\t\t\t\t<\/div>\n\t\t\t\t<\/div>\n\t\t\t\t\t<\/details>\n\t\t\t\t\t\t<details id=\"e-n-accordion-item-2343\" class=\"e-n-accordion-item\" >\n\t\t\t\t<summary class=\"e-n-accordion-item-title\" data-accordion-index=\"4\" tabindex=\"-1\" aria-expanded=\"false\" aria-controls=\"e-n-accordion-item-2343\" >\n\t\t\t\t\t<span class='e-n-accordion-item-title-header'><div class=\"e-n-accordion-item-title-text\"> Tablas <\/div><\/span>\n\t\t\t\t\t\t\t<span class='e-n-accordion-item-title-icon'>\n\t\t\t<span class='e-opened' ><svg aria-hidden=\"true\" class=\"e-font-icon-svg e-fas-minus\" viewBox=\"0 0 448 512\" xmlns=\"http:\/\/www.w3.org\/2000\/svg\"><path d=\"M416 208H32c-17.67 0-32 14.33-32 32v32c0 17.67 14.33 32 32 32h384c17.67 0 32-14.33 32-32v-32c0-17.67-14.33-32-32-32z\"><\/path><\/svg><\/span>\n\t\t\t<span class='e-closed'><svg aria-hidden=\"true\" class=\"e-font-icon-svg e-fas-plus\" viewBox=\"0 0 448 512\" xmlns=\"http:\/\/www.w3.org\/2000\/svg\"><path d=\"M416 208H272V64c0-17.67-14.33-32-32-32h-32c-17.67 0-32 14.33-32 32v144H32c-17.67 0-32 14.33-32 32v32c0 17.67 14.33 32 32 32h144v144c0 17.67 14.33 32 32 32h32c17.67 0 32-14.33 32-32V304h144c17.67 0 32-14.33 32-32v-32c0-17.67-14.33-32-32-32z\"><\/path><\/svg><\/span>\n\t\t<\/span>\n\n\t\t\t\t\t\t<\/summary>\n\t\t\t\t<div role=\"region\" aria-labelledby=\"e-n-accordion-item-2343\" class=\"elementor-element elementor-element-e9aa880 e-con-full e-flex e-con e-child\" data-id=\"e9aa880\" data-element_type=\"container\" data-e-type=\"container\" data-settings=\"{&quot;background_background&quot;:&quot;classic&quot;,&quot;ekit_has_onepagescroll_dot&quot;:&quot;yes&quot;}\">\n\t\t<div role=\"region\" aria-labelledby=\"e-n-accordion-item-2343\" class=\"elementor-element elementor-element-a0bdf6b e-con-full e-flex e-con e-child\" data-id=\"a0bdf6b\" data-element_type=\"container\" data-e-type=\"container\" data-settings=\"{&quot;ekit_has_onepagescroll_dot&quot;:&quot;yes&quot;}\">\n\t\t<div role=\"region\" aria-labelledby=\"e-n-accordion-item-2343\" class=\"elementor-element elementor-element-3bb7ace e-con-full e-flex e-con e-child\" data-id=\"3bb7ace\" data-element_type=\"container\" data-e-type=\"container\" data-settings=\"{&quot;ekit_has_onepagescroll_dot&quot;:&quot;yes&quot;}\">\n\t\t\t\t<div class=\"elementor-element elementor-element-4acd5fa elementor-widget elementor-widget-image\" data-id=\"4acd5fa\" data-element_type=\"widget\" data-e-type=\"widget\" data-settings=\"{&quot;ekit_we_effect_on&quot;:&quot;none&quot;}\" data-widget_type=\"image.default\">\n\t\t\t\t\t\t\t\t\t\t\t\t\t\t\t<img loading=\"lazy\" decoding=\"async\" width=\"800\" height=\"534\" src=\"https:\/\/lanacional.org\/wp-content\/uploads\/2025\/06\/tabla-quesos-la-nacional-1024x683.webp\" class=\"attachment-large size-large wp-image-3538\" alt=\"Tabla de quesos espa\u00f1oles\" srcset=\"https:\/\/lanacional.org\/wp-content\/uploads\/2025\/06\/tabla-quesos-la-nacional-1024x683.webp 1024w, https:\/\/lanacional.org\/wp-content\/uploads\/2025\/06\/tabla-quesos-la-nacional-300x200.webp 300w, https:\/\/lanacional.org\/wp-content\/uploads\/2025\/06\/tabla-quesos-la-nacional-768x512.webp 768w, https:\/\/lanacional.org\/wp-content\/uploads\/2025\/06\/tabla-quesos-la-nacional.webp 1080w\" sizes=\"(max-width: 800px) 100vw, 800px\" \/>\t\t\t\t\t\t\t\t\t\t\t\t\t\t\t<\/div>\n\t\t\t\t<div class=\"elementor-element elementor-element-1b7aa4d elementor-widget elementor-widget-heading\" data-id=\"1b7aa4d\" data-element_type=\"widget\" data-e-type=\"widget\" data-settings=\"{&quot;ekit_we_effect_on&quot;:&quot;none&quot;}\" data-widget_type=\"heading.default\">\n\t\t\t\t\t<h4 class=\"elementor-heading-title elementor-size-default\">Tabla de Quesos<\/h4>\t\t\t\t<\/div>\n\t\t\t\t<\/div>\n\t\t<div role=\"region\" aria-labelledby=\"e-n-accordion-item-2343\" class=\"elementor-element elementor-element-3c390ad e-con-full e-flex e-con e-child\" data-id=\"3c390ad\" data-element_type=\"container\" data-e-type=\"container\" data-settings=\"{&quot;ekit_has_onepagescroll_dot&quot;:&quot;yes&quot;}\">\n\t\t\t\t<div class=\"elementor-element elementor-element-45f582c elementor-widget elementor-widget-image\" data-id=\"45f582c\" data-element_type=\"widget\" data-e-type=\"widget\" data-settings=\"{&quot;ekit_we_effect_on&quot;:&quot;none&quot;}\" data-widget_type=\"image.default\">\n\t\t\t\t\t\t\t\t\t\t\t\t\t\t\t<img loading=\"lazy\" decoding=\"async\" width=\"800\" height=\"534\" src=\"https:\/\/lanacional.org\/wp-content\/uploads\/2025\/06\/tabla-embutidos-la-nacional-1024x683.webp\" class=\"attachment-large size-large wp-image-3539\" alt=\"Tabla de embutidos espa\u00f1oles\" srcset=\"https:\/\/lanacional.org\/wp-content\/uploads\/2025\/06\/tabla-embutidos-la-nacional-1024x683.webp 1024w, https:\/\/lanacional.org\/wp-content\/uploads\/2025\/06\/tabla-embutidos-la-nacional-300x200.webp 300w, https:\/\/lanacional.org\/wp-content\/uploads\/2025\/06\/tabla-embutidos-la-nacional-768x512.webp 768w, https:\/\/lanacional.org\/wp-content\/uploads\/2025\/06\/tabla-embutidos-la-nacional.webp 1080w\" sizes=\"(max-width: 800px) 100vw, 800px\" \/>\t\t\t\t\t\t\t\t\t\t\t\t\t\t\t<\/div>\n\t\t\t\t<div class=\"elementor-element elementor-element-016898f elementor-widget elementor-widget-heading\" data-id=\"016898f\" data-element_type=\"widget\" data-e-type=\"widget\" data-settings=\"{&quot;ekit_we_effect_on&quot;:&quot;none&quot;}\" data-widget_type=\"heading.default\">\n\t\t\t\t\t<h4 class=\"elementor-heading-title elementor-size-default\">Tabla de Embutidos<\/h4>\t\t\t\t<\/div>\n\t\t\t\t<\/div>\n\t\t\t\t<\/div>\n\t\t<div role=\"region\" aria-labelledby=\"e-n-accordion-item-2343\" class=\"elementor-element elementor-element-14e0a6a e-con-full e-flex e-con e-child\" data-id=\"14e0a6a\" data-element_type=\"container\" data-e-type=\"container\" data-settings=\"{&quot;ekit_has_onepagescroll_dot&quot;:&quot;yes&quot;}\">\n\t\t<div role=\"region\" aria-labelledby=\"e-n-accordion-item-2343\" class=\"elementor-element elementor-element-44ec76a e-con-full e-flex e-con e-child\" data-id=\"44ec76a\" data-element_type=\"container\" data-e-type=\"container\" data-settings=\"{&quot;ekit_has_onepagescroll_dot&quot;:&quot;yes&quot;}\">\n\t\t\t\t<div class=\"elementor-element elementor-element-ea2faf7 elementor-widget elementor-widget-image\" data-id=\"ea2faf7\" data-element_type=\"widget\" data-e-type=\"widget\" data-settings=\"{&quot;ekit_we_effect_on&quot;:&quot;none&quot;}\" data-widget_type=\"image.default\">\n\t\t\t\t\t\t\t\t\t\t\t\t\t\t\t<img loading=\"lazy\" decoding=\"async\" width=\"800\" height=\"800\" src=\"https:\/\/lanacional.org\/wp-content\/uploads\/2025\/06\/tabla-mixta-la-nacional-tablas-1024x1024.webp\" class=\"attachment-large size-large wp-image-3540\" alt=\"Tabla de quesos y embutidos espa\u00f1oles\" srcset=\"https:\/\/lanacional.org\/wp-content\/uploads\/2025\/06\/tabla-mixta-la-nacional-tablas-1024x1024.webp 1024w, https:\/\/lanacional.org\/wp-content\/uploads\/2025\/06\/tabla-mixta-la-nacional-tablas-300x300.webp 300w, https:\/\/lanacional.org\/wp-content\/uploads\/2025\/06\/tabla-mixta-la-nacional-tablas-150x150.webp 150w, https:\/\/lanacional.org\/wp-content\/uploads\/2025\/06\/tabla-mixta-la-nacional-tablas-768x768.webp 768w, https:\/\/lanacional.org\/wp-content\/uploads\/2025\/06\/tabla-mixta-la-nacional-tablas-700x700.webp 700w, https:\/\/lanacional.org\/wp-content\/uploads\/2025\/06\/tabla-mixta-la-nacional-tablas.webp 1080w\" sizes=\"(max-width: 800px) 100vw, 800px\" \/>\t\t\t\t\t\t\t\t\t\t\t\t\t\t\t<\/div>\n\t\t\t\t<div class=\"elementor-element elementor-element-0e838d4 elementor-widget elementor-widget-heading\" data-id=\"0e838d4\" data-element_type=\"widget\" data-e-type=\"widget\" data-settings=\"{&quot;ekit_we_effect_on&quot;:&quot;none&quot;}\" data-widget_type=\"heading.default\">\n\t\t\t\t\t<h4 class=\"elementor-heading-title elementor-size-default\">Tabla Mixta<\/h4>\t\t\t\t<\/div>\n\t\t\t\t<\/div>\n\t\t<div role=\"region\" aria-labelledby=\"e-n-accordion-item-2343\" class=\"elementor-element elementor-element-7ff46d3 e-con-full e-flex e-con e-child\" data-id=\"7ff46d3\" data-element_type=\"container\" data-e-type=\"container\" data-settings=\"{&quot;ekit_has_onepagescroll_dot&quot;:&quot;yes&quot;}\">\n\t\t\t\t<div class=\"elementor-element elementor-element-c273df6 elementor-widget elementor-widget-image\" data-id=\"c273df6\" data-element_type=\"widget\" data-e-type=\"widget\" data-settings=\"{&quot;ekit_we_effect_on&quot;:&quot;none&quot;}\" data-widget_type=\"image.default\">\n\t\t\t\t\t\t\t\t\t\t\t\t\t\t\t<img loading=\"lazy\" decoding=\"async\" width=\"800\" height=\"534\" src=\"https:\/\/lanacional.org\/wp-content\/uploads\/2025\/06\/tabla-mixta-2-la-nacional-1024x683.webp\" class=\"attachment-large size-large wp-image-3541\" alt=\"Tabla de embutidos de espa\u00f1a\" srcset=\"https:\/\/lanacional.org\/wp-content\/uploads\/2025\/06\/tabla-mixta-2-la-nacional-1024x683.webp 1024w, https:\/\/lanacional.org\/wp-content\/uploads\/2025\/06\/tabla-mixta-2-la-nacional-300x200.webp 300w, https:\/\/lanacional.org\/wp-content\/uploads\/2025\/06\/tabla-mixta-2-la-nacional-768x512.webp 768w, https:\/\/lanacional.org\/wp-content\/uploads\/2025\/06\/tabla-mixta-2-la-nacional.webp 1080w\" sizes=\"(max-width: 800px) 100vw, 800px\" \/>\t\t\t\t\t\t\t\t\t\t\t\t\t\t\t<\/div>\n\t\t\t\t<div class=\"elementor-element elementor-element-11bfc55 elementor-widget elementor-widget-heading\" data-id=\"11bfc55\" data-element_type=\"widget\" data-e-type=\"widget\" data-settings=\"{&quot;ekit_we_effect_on&quot;:&quot;none&quot;}\" data-widget_type=\"heading.default\">\n\t\t\t\t\t<h4 class=\"elementor-heading-title elementor-size-default\">Tabla Mixta<\/h4>\t\t\t\t<\/div>\n\t\t\t\t<\/div>\n\t\t\t\t<\/div>\n\t\t\t\t<\/div>\n\t\t\t\t\t<\/details>\n\t\t\t\t\t\t<details id=\"e-n-accordion-item-2344\" class=\"e-n-accordion-item\" >\n\t\t\t\t<summary class=\"e-n-accordion-item-title\" data-accordion-index=\"5\" tabindex=\"-1\" aria-expanded=\"false\" aria-controls=\"e-n-accordion-item-2344\" >\n\t\t\t\t\t<span class='e-n-accordion-item-title-header'><div class=\"e-n-accordion-item-title-text\"> Paellas &amp; Fideuas <\/div><\/span>\n\t\t\t\t\t\t\t<span class='e-n-accordion-item-title-icon'>\n\t\t\t<span class='e-opened' ><svg aria-hidden=\"true\" class=\"e-font-icon-svg e-fas-minus\" viewBox=\"0 0 448 512\" xmlns=\"http:\/\/www.w3.org\/2000\/svg\"><path d=\"M416 208H32c-17.67 0-32 14.33-32 32v32c0 17.67 14.33 32 32 32h384c17.67 0 32-14.33 32-32v-32c0-17.67-14.33-32-32-32z\"><\/path><\/svg><\/span>\n\t\t\t<span class='e-closed'><svg aria-hidden=\"true\" class=\"e-font-icon-svg e-fas-plus\" viewBox=\"0 0 448 512\" xmlns=\"http:\/\/www.w3.org\/2000\/svg\"><path d=\"M416 208H272V64c0-17.67-14.33-32-32-32h-32c-17.67 0-32 14.33-32 32v144H32c-17.67 0-32 14.33-32 32v32c0 17.67 14.33 32 32 32h144v144c0 17.67 14.33 32 32 32h32c17.67 0 32-14.33 32-32V304h144c17.67 0 32-14.33 32-32v-32c0-17.67-14.33-32-32-32z\"><\/path><\/svg><\/span>\n\t\t<\/span>\n\n\t\t\t\t\t\t<\/summary>\n\t\t\t\t<div role=\"region\" aria-labelledby=\"e-n-accordion-item-2344\" class=\"elementor-element elementor-element-2e86d5b e-con-full e-flex e-con e-child\" data-id=\"2e86d5b\" data-element_type=\"container\" data-e-type=\"container\" data-settings=\"{&quot;background_background&quot;:&quot;classic&quot;,&quot;ekit_has_onepagescroll_dot&quot;:&quot;yes&quot;}\">\n\t\t<div role=\"region\" aria-labelledby=\"e-n-accordion-item-2344\" class=\"elementor-element elementor-element-1b79cbb e-con-full e-flex e-con e-child\" data-id=\"1b79cbb\" data-element_type=\"container\" data-e-type=\"container\" data-settings=\"{&quot;ekit_has_onepagescroll_dot&quot;:&quot;yes&quot;}\">\n\t\t<div role=\"region\" aria-labelledby=\"e-n-accordion-item-2344\" class=\"elementor-element elementor-element-13fa478 e-con-full e-flex e-con e-child\" data-id=\"13fa478\" data-element_type=\"container\" data-e-type=\"container\" data-settings=\"{&quot;ekit_has_onepagescroll_dot&quot;:&quot;yes&quot;}\">\n\t\t\t\t<div class=\"elementor-element elementor-element-b85838f elementor-widget elementor-widget-image\" data-id=\"b85838f\" data-element_type=\"widget\" data-e-type=\"widget\" data-settings=\"{&quot;ekit_we_effect_on&quot;:&quot;none&quot;}\" data-widget_type=\"image.default\">\n\t\t\t\t\t\t\t\t\t\t\t\t\t\t\t<img loading=\"lazy\" decoding=\"async\" width=\"800\" height=\"800\" src=\"https:\/\/lanacional.org\/wp-content\/uploads\/2025\/06\/paella-marisco-la-nacional-1-1024x1024.webp\" class=\"attachment-large size-large wp-image-3542\" alt=\"Paella espa\u00f1ola con marisco\" srcset=\"https:\/\/lanacional.org\/wp-content\/uploads\/2025\/06\/paella-marisco-la-nacional-1-1024x1024.webp 1024w, https:\/\/lanacional.org\/wp-content\/uploads\/2025\/06\/paella-marisco-la-nacional-1-300x300.webp 300w, https:\/\/lanacional.org\/wp-content\/uploads\/2025\/06\/paella-marisco-la-nacional-1-150x150.webp 150w, https:\/\/lanacional.org\/wp-content\/uploads\/2025\/06\/paella-marisco-la-nacional-1-768x768.webp 768w, https:\/\/lanacional.org\/wp-content\/uploads\/2025\/06\/paella-marisco-la-nacional-1-700x700.webp 700w, https:\/\/lanacional.org\/wp-content\/uploads\/2025\/06\/paella-marisco-la-nacional-1.webp 1080w\" sizes=\"(max-width: 800px) 100vw, 800px\" \/>\t\t\t\t\t\t\t\t\t\t\t\t\t\t\t<\/div>\n\t\t\t\t<div class=\"elementor-element elementor-element-9ef2cc5 elementor-widget elementor-widget-heading\" data-id=\"9ef2cc5\" data-element_type=\"widget\" data-e-type=\"widget\" data-settings=\"{&quot;ekit_we_effect_on&quot;:&quot;none&quot;}\" data-widget_type=\"heading.default\">\n\t\t\t\t\t<h4 class=\"elementor-heading-title elementor-size-default\">Paella de Marisco<\/h4>\t\t\t\t<\/div>\n\t\t\t\t<\/div>\n\t\t<div role=\"region\" aria-labelledby=\"e-n-accordion-item-2344\" class=\"elementor-element elementor-element-52d08cd e-con-full e-flex e-con e-child\" data-id=\"52d08cd\" data-element_type=\"container\" data-e-type=\"container\" data-settings=\"{&quot;ekit_has_onepagescroll_dot&quot;:&quot;yes&quot;}\">\n\t\t\t\t<div class=\"elementor-element elementor-element-50a45b3 elementor-widget elementor-widget-image\" data-id=\"50a45b3\" data-element_type=\"widget\" data-e-type=\"widget\" data-settings=\"{&quot;ekit_we_effect_on&quot;:&quot;none&quot;}\" data-widget_type=\"image.default\">\n\t\t\t\t\t\t\t\t\t\t\t\t\t\t\t<img loading=\"lazy\" decoding=\"async\" width=\"800\" height=\"800\" src=\"https:\/\/lanacional.org\/wp-content\/uploads\/2025\/09\/Paella_Verduras-lanacional-1024x1024.webp\" class=\"attachment-large size-large wp-image-3543\" alt=\"Paella de verduras\" srcset=\"https:\/\/lanacional.org\/wp-content\/uploads\/2025\/09\/Paella_Verduras-lanacional-1024x1024.webp 1024w, https:\/\/lanacional.org\/wp-content\/uploads\/2025\/09\/Paella_Verduras-lanacional-300x300.webp 300w, https:\/\/lanacional.org\/wp-content\/uploads\/2025\/09\/Paella_Verduras-lanacional-150x150.webp 150w, https:\/\/lanacional.org\/wp-content\/uploads\/2025\/09\/Paella_Verduras-lanacional-768x768.webp 768w, https:\/\/lanacional.org\/wp-content\/uploads\/2025\/09\/Paella_Verduras-lanacional-700x700.webp 700w, https:\/\/lanacional.org\/wp-content\/uploads\/2025\/09\/Paella_Verduras-lanacional.webp 1080w\" sizes=\"(max-width: 800px) 100vw, 800px\" \/>\t\t\t\t\t\t\t\t\t\t\t\t\t\t\t<\/div>\n\t\t\t\t<div class=\"elementor-element elementor-element-ae9b6d5 elementor-widget elementor-widget-heading\" data-id=\"ae9b6d5\" data-element_type=\"widget\" data-e-type=\"widget\" data-settings=\"{&quot;ekit_we_effect_on&quot;:&quot;none&quot;}\" data-widget_type=\"heading.default\">\n\t\t\t\t\t<h4 class=\"elementor-heading-title elementor-size-default\">Paella de Verduras<\/h4>\t\t\t\t<\/div>\n\t\t\t\t<\/div>\n\t\t<div role=\"region\" aria-labelledby=\"e-n-accordion-item-2344\" class=\"elementor-element elementor-element-0ea077e e-con-full e-flex e-con e-child\" data-id=\"0ea077e\" data-element_type=\"container\" data-e-type=\"container\" data-settings=\"{&quot;ekit_has_onepagescroll_dot&quot;:&quot;yes&quot;}\">\n\t\t\t\t<div class=\"elementor-element elementor-element-c00b28c elementor-widget elementor-widget-image\" data-id=\"c00b28c\" data-element_type=\"widget\" data-e-type=\"widget\" data-settings=\"{&quot;ekit_we_effect_on&quot;:&quot;none&quot;}\" data-widget_type=\"image.default\">\n\t\t\t\t\t\t\t\t\t\t\t\t\t\t\t<img loading=\"lazy\" decoding=\"async\" width=\"800\" height=\"800\" src=\"https:\/\/lanacional.org\/wp-content\/uploads\/2025\/09\/Paella_Mixta-lanacional-1024x1024.webp\" class=\"attachment-large size-large wp-image-3544\" alt=\"Paella mixta\" srcset=\"https:\/\/lanacional.org\/wp-content\/uploads\/2025\/09\/Paella_Mixta-lanacional-1024x1024.webp 1024w, https:\/\/lanacional.org\/wp-content\/uploads\/2025\/09\/Paella_Mixta-lanacional-300x300.webp 300w, https:\/\/lanacional.org\/wp-content\/uploads\/2025\/09\/Paella_Mixta-lanacional-150x150.webp 150w, https:\/\/lanacional.org\/wp-content\/uploads\/2025\/09\/Paella_Mixta-lanacional-768x768.webp 768w, https:\/\/lanacional.org\/wp-content\/uploads\/2025\/09\/Paella_Mixta-lanacional-700x700.webp 700w, https:\/\/lanacional.org\/wp-content\/uploads\/2025\/09\/Paella_Mixta-lanacional.webp 1080w\" sizes=\"(max-width: 800px) 100vw, 800px\" \/>\t\t\t\t\t\t\t\t\t\t\t\t\t\t\t<\/div>\n\t\t\t\t<div class=\"elementor-element elementor-element-917690b elementor-widget elementor-widget-heading\" data-id=\"917690b\" data-element_type=\"widget\" data-e-type=\"widget\" data-settings=\"{&quot;ekit_we_effect_on&quot;:&quot;none&quot;}\" data-widget_type=\"heading.default\">\n\t\t\t\t\t<h4 class=\"elementor-heading-title elementor-size-default\">Paella Mixta<\/h4>\t\t\t\t<\/div>\n\t\t\t\t<\/div>\n\t\t\t\t<\/div>\n\t\t<div role=\"region\" aria-labelledby=\"e-n-accordion-item-2344\" class=\"elementor-element elementor-element-b52c40a e-con-full e-flex e-con e-child\" data-id=\"b52c40a\" data-element_type=\"container\" data-e-type=\"container\" data-settings=\"{&quot;ekit_has_onepagescroll_dot&quot;:&quot;yes&quot;}\">\n\t\t<div role=\"region\" aria-labelledby=\"e-n-accordion-item-2344\" class=\"elementor-element elementor-element-509d48c e-con-full e-flex e-con e-child\" data-id=\"509d48c\" data-element_type=\"container\" data-e-type=\"container\" data-settings=\"{&quot;ekit_has_onepagescroll_dot&quot;:&quot;yes&quot;}\">\n\t\t\t\t<div class=\"elementor-element elementor-element-f1a6122 elementor-widget elementor-widget-image\" data-id=\"f1a6122\" data-element_type=\"widget\" data-e-type=\"widget\" data-settings=\"{&quot;ekit_we_effect_on&quot;:&quot;none&quot;}\" data-widget_type=\"image.default\">\n\t\t\t\t\t\t\t\t\t\t\t\t\t\t\t<img loading=\"lazy\" decoding=\"async\" width=\"800\" height=\"800\" src=\"https:\/\/lanacional.org\/wp-content\/uploads\/2025\/09\/Paella_Negra-lanacional-1024x1024.webp\" class=\"attachment-large size-large wp-image-3545\" alt=\"paella con chipirones\" srcset=\"https:\/\/lanacional.org\/wp-content\/uploads\/2025\/09\/Paella_Negra-lanacional-1024x1024.webp 1024w, https:\/\/lanacional.org\/wp-content\/uploads\/2025\/09\/Paella_Negra-lanacional-300x300.webp 300w, https:\/\/lanacional.org\/wp-content\/uploads\/2025\/09\/Paella_Negra-lanacional-150x150.webp 150w, https:\/\/lanacional.org\/wp-content\/uploads\/2025\/09\/Paella_Negra-lanacional-768x768.webp 768w, https:\/\/lanacional.org\/wp-content\/uploads\/2025\/09\/Paella_Negra-lanacional-700x700.webp 700w, https:\/\/lanacional.org\/wp-content\/uploads\/2025\/09\/Paella_Negra-lanacional.webp 1080w\" sizes=\"(max-width: 800px) 100vw, 800px\" \/>\t\t\t\t\t\t\t\t\t\t\t\t\t\t\t<\/div>\n\t\t\t\t<div class=\"elementor-element elementor-element-f9a12cb elementor-widget elementor-widget-heading\" data-id=\"f9a12cb\" data-element_type=\"widget\" data-e-type=\"widget\" data-settings=\"{&quot;ekit_we_effect_on&quot;:&quot;none&quot;}\" data-widget_type=\"heading.default\">\n\t\t\t\t\t<h4 class=\"elementor-heading-title elementor-size-default\">Paella Negra<\/h4>\t\t\t\t<\/div>\n\t\t\t\t<\/div>\n\t\t<div role=\"region\" aria-labelledby=\"e-n-accordion-item-2344\" class=\"elementor-element elementor-element-35f2387 e-con-full e-flex e-con e-child\" data-id=\"35f2387\" data-element_type=\"container\" data-e-type=\"container\" data-settings=\"{&quot;ekit_has_onepagescroll_dot&quot;:&quot;yes&quot;}\">\n\t\t\t\t<div class=\"elementor-element elementor-element-ee72aa4 elementor-widget elementor-widget-image\" data-id=\"ee72aa4\" data-element_type=\"widget\" data-e-type=\"widget\" data-settings=\"{&quot;ekit_we_effect_on&quot;:&quot;none&quot;}\" data-widget_type=\"image.default\">\n\t\t\t\t\t\t\t\t\t\t\t\t\t\t\t<img loading=\"lazy\" decoding=\"async\" width=\"800\" height=\"800\" src=\"https:\/\/lanacional.org\/wp-content\/uploads\/2025\/09\/Paella_PolloVerde-lanacional-1024x1024.webp\" class=\"attachment-large size-large wp-image-3546\" alt=\"Paella de pollo con verduras\" srcset=\"https:\/\/lanacional.org\/wp-content\/uploads\/2025\/09\/Paella_PolloVerde-lanacional-1024x1024.webp 1024w, https:\/\/lanacional.org\/wp-content\/uploads\/2025\/09\/Paella_PolloVerde-lanacional-300x300.webp 300w, https:\/\/lanacional.org\/wp-content\/uploads\/2025\/09\/Paella_PolloVerde-lanacional-150x150.webp 150w, https:\/\/lanacional.org\/wp-content\/uploads\/2025\/09\/Paella_PolloVerde-lanacional-768x768.webp 768w, https:\/\/lanacional.org\/wp-content\/uploads\/2025\/09\/Paella_PolloVerde-lanacional-700x700.webp 700w, https:\/\/lanacional.org\/wp-content\/uploads\/2025\/09\/Paella_PolloVerde-lanacional.webp 1080w\" sizes=\"(max-width: 800px) 100vw, 800px\" \/>\t\t\t\t\t\t\t\t\t\t\t\t\t\t\t<\/div>\n\t\t\t\t<div class=\"elementor-element elementor-element-2e10c1e elementor-widget elementor-widget-heading\" data-id=\"2e10c1e\" data-element_type=\"widget\" data-e-type=\"widget\" data-settings=\"{&quot;ekit_we_effect_on&quot;:&quot;none&quot;}\" data-widget_type=\"heading.default\">\n\t\t\t\t\t<h4 class=\"elementor-heading-title elementor-size-default\">Pollo &amp; Verduras<\/h4>\t\t\t\t<\/div>\n\t\t\t\t<\/div>\n\t\t\t\t<\/div>\n\t\t\t\t<\/div>\n\t\t\t\t\t<\/details>\n\t\t\t\t\t\t<details id=\"e-n-accordion-item-2345\" class=\"e-n-accordion-item\" >\n\t\t\t\t<summary class=\"e-n-accordion-item-title\" data-accordion-index=\"6\" tabindex=\"-1\" aria-expanded=\"false\" aria-controls=\"e-n-accordion-item-2345\" >\n\t\t\t\t\t<span class='e-n-accordion-item-title-header'><div class=\"e-n-accordion-item-title-text\"> Arroces <\/div><\/span>\n\t\t\t\t\t\t\t<span class='e-n-accordion-item-title-icon'>\n\t\t\t<span class='e-opened' ><svg aria-hidden=\"true\" class=\"e-font-icon-svg e-fas-minus\" viewBox=\"0 0 448 512\" xmlns=\"http:\/\/www.w3.org\/2000\/svg\"><path d=\"M416 208H32c-17.67 0-32 14.33-32 32v32c0 17.67 14.33 32 32 32h384c17.67 0 32-14.33 32-32v-32c0-17.67-14.33-32-32-32z\"><\/path><\/svg><\/span>\n\t\t\t<span class='e-closed'><svg aria-hidden=\"true\" class=\"e-font-icon-svg e-fas-plus\" viewBox=\"0 0 448 512\" xmlns=\"http:\/\/www.w3.org\/2000\/svg\"><path d=\"M416 208H272V64c0-17.67-14.33-32-32-32h-32c-17.67 0-32 14.33-32 32v144H32c-17.67 0-32 14.33-32 32v32c0 17.67 14.33 32 32 32h144v144c0 17.67 14.33 32 32 32h32c17.67 0 32-14.33 32-32V304h144c17.67 0 32-14.33 32-32v-32c0-17.67-14.33-32-32-32z\"><\/path><\/svg><\/span>\n\t\t<\/span>\n\n\t\t\t\t\t\t<\/summary>\n\t\t\t\t<div role=\"region\" aria-labelledby=\"e-n-accordion-item-2345\" class=\"elementor-element elementor-element-549f968 e-con-full e-flex e-con e-child\" data-id=\"549f968\" data-element_type=\"container\" data-e-type=\"container\" data-settings=\"{&quot;background_background&quot;:&quot;classic&quot;,&quot;ekit_has_onepagescroll_dot&quot;:&quot;yes&quot;}\">\n\t\t<div role=\"region\" aria-labelledby=\"e-n-accordion-item-2345\" class=\"elementor-element elementor-element-940aded e-con-full e-flex e-con e-child\" data-id=\"940aded\" data-element_type=\"container\" data-e-type=\"container\" data-settings=\"{&quot;ekit_has_onepagescroll_dot&quot;:&quot;yes&quot;}\">\n\t\t<div role=\"region\" aria-labelledby=\"e-n-accordion-item-2345\" class=\"elementor-element elementor-element-f32f00d e-con-full e-flex e-con e-child\" data-id=\"f32f00d\" data-element_type=\"container\" data-e-type=\"container\" data-settings=\"{&quot;ekit_has_onepagescroll_dot&quot;:&quot;yes&quot;}\">\n\t\t\t\t<div class=\"elementor-element elementor-element-81a45be elementor-widget elementor-widget-image\" data-id=\"81a45be\" data-element_type=\"widget\" data-e-type=\"widget\" data-settings=\"{&quot;ekit_we_effect_on&quot;:&quot;none&quot;}\" data-widget_type=\"image.default\">\n\t\t\t\t\t\t\t\t\t\t\t\t\t\t\t<img loading=\"lazy\" decoding=\"async\" width=\"800\" height=\"534\" src=\"https:\/\/lanacional.org\/wp-content\/uploads\/2025\/06\/arroz-lobster-pulpo-la-nacional-1024x683.webp\" class=\"attachment-large size-large wp-image-3547\" alt=\"Arroz con langosta\" srcset=\"https:\/\/lanacional.org\/wp-content\/uploads\/2025\/06\/arroz-lobster-pulpo-la-nacional-1024x683.webp 1024w, https:\/\/lanacional.org\/wp-content\/uploads\/2025\/06\/arroz-lobster-pulpo-la-nacional-300x200.webp 300w, https:\/\/lanacional.org\/wp-content\/uploads\/2025\/06\/arroz-lobster-pulpo-la-nacional-768x512.webp 768w, https:\/\/lanacional.org\/wp-content\/uploads\/2025\/06\/arroz-lobster-pulpo-la-nacional.webp 1080w\" sizes=\"(max-width: 800px) 100vw, 800px\" \/>\t\t\t\t\t\t\t\t\t\t\t\t\t\t\t<\/div>\n\t\t\t\t<div class=\"elementor-element elementor-element-2dd2621 elementor-widget elementor-widget-heading\" data-id=\"2dd2621\" data-element_type=\"widget\" data-e-type=\"widget\" data-settings=\"{&quot;ekit_we_effect_on&quot;:&quot;none&quot;}\" data-widget_type=\"heading.default\">\n\t\t\t\t\t<h4 class=\"elementor-heading-title elementor-size-default\">Arroz de Langosta<\/h4>\t\t\t\t<\/div>\n\t\t\t\t<\/div>\n\t\t<div role=\"region\" aria-labelledby=\"e-n-accordion-item-2345\" class=\"elementor-element elementor-element-ac58a6a e-con-full e-flex e-con e-child\" data-id=\"ac58a6a\" data-element_type=\"container\" data-e-type=\"container\" data-settings=\"{&quot;ekit_has_onepagescroll_dot&quot;:&quot;yes&quot;}\">\n\t\t\t\t<div class=\"elementor-element elementor-element-24b5e07 elementor-widget elementor-widget-image\" data-id=\"24b5e07\" data-element_type=\"widget\" data-e-type=\"widget\" data-settings=\"{&quot;ekit_we_effect_on&quot;:&quot;none&quot;}\" data-widget_type=\"image.default\">\n\t\t\t\t\t\t\t\t\t\t\t\t\t\t\t<img loading=\"lazy\" decoding=\"async\" width=\"800\" height=\"800\" src=\"https:\/\/lanacional.org\/wp-content\/uploads\/2025\/06\/arroz-secreto-la-nacional-1024x1024.webp\" class=\"attachment-large size-large wp-image-3548\" alt=\"Secreto ib\u00e9rico cpon arroz\" srcset=\"https:\/\/lanacional.org\/wp-content\/uploads\/2025\/06\/arroz-secreto-la-nacional-1024x1024.webp 1024w, https:\/\/lanacional.org\/wp-content\/uploads\/2025\/06\/arroz-secreto-la-nacional-300x300.webp 300w, https:\/\/lanacional.org\/wp-content\/uploads\/2025\/06\/arroz-secreto-la-nacional-150x150.webp 150w, https:\/\/lanacional.org\/wp-content\/uploads\/2025\/06\/arroz-secreto-la-nacional-768x768.webp 768w, https:\/\/lanacional.org\/wp-content\/uploads\/2025\/06\/arroz-secreto-la-nacional-700x700.webp 700w, https:\/\/lanacional.org\/wp-content\/uploads\/2025\/06\/arroz-secreto-la-nacional.webp 1080w\" sizes=\"(max-width: 800px) 100vw, 800px\" \/>\t\t\t\t\t\t\t\t\t\t\t\t\t\t\t<\/div>\n\t\t\t\t<div class=\"elementor-element elementor-element-2b86479 elementor-widget elementor-widget-heading\" data-id=\"2b86479\" data-element_type=\"widget\" data-e-type=\"widget\" data-settings=\"{&quot;ekit_we_effect_on&quot;:&quot;none&quot;}\" data-widget_type=\"heading.default\">\n\t\t\t\t\t<h4 class=\"elementor-heading-title elementor-size-default\">Arroz con Secreto<\/h4>\t\t\t\t<\/div>\n\t\t\t\t<\/div>\n\t\t<div role=\"region\" aria-labelledby=\"e-n-accordion-item-2345\" class=\"elementor-element elementor-element-efdb0d1 e-con-full e-flex e-con e-child\" data-id=\"efdb0d1\" data-element_type=\"container\" data-e-type=\"container\" data-settings=\"{&quot;ekit_has_onepagescroll_dot&quot;:&quot;yes&quot;}\">\n\t\t\t\t<div class=\"elementor-element elementor-element-341fc5e elementor-widget elementor-widget-image\" data-id=\"341fc5e\" data-element_type=\"widget\" data-e-type=\"widget\" data-settings=\"{&quot;ekit_we_effect_on&quot;:&quot;none&quot;}\" data-widget_type=\"image.default\">\n\t\t\t\t\t\t\t\t\t\t\t\t\t\t\t<img loading=\"lazy\" decoding=\"async\" width=\"800\" height=\"800\" src=\"https:\/\/lanacional.org\/wp-content\/uploads\/2025\/09\/arro-con-mushrooms-la-nacional-nyc-1024x1024.webp\" class=\"attachment-large size-large wp-image-3549\" alt=\"Arroz con setas\" srcset=\"https:\/\/lanacional.org\/wp-content\/uploads\/2025\/09\/arro-con-mushrooms-la-nacional-nyc-1024x1024.webp 1024w, https:\/\/lanacional.org\/wp-content\/uploads\/2025\/09\/arro-con-mushrooms-la-nacional-nyc-300x300.webp 300w, https:\/\/lanacional.org\/wp-content\/uploads\/2025\/09\/arro-con-mushrooms-la-nacional-nyc-150x150.webp 150w, https:\/\/lanacional.org\/wp-content\/uploads\/2025\/09\/arro-con-mushrooms-la-nacional-nyc-768x768.webp 768w, https:\/\/lanacional.org\/wp-content\/uploads\/2025\/09\/arro-con-mushrooms-la-nacional-nyc-700x700.webp 700w, https:\/\/lanacional.org\/wp-content\/uploads\/2025\/09\/arro-con-mushrooms-la-nacional-nyc.webp 1080w\" sizes=\"(max-width: 800px) 100vw, 800px\" \/>\t\t\t\t\t\t\t\t\t\t\t\t\t\t\t<\/div>\n\t\t\t\t<div class=\"elementor-element elementor-element-34a783d elementor-widget elementor-widget-heading\" data-id=\"34a783d\" data-element_type=\"widget\" data-e-type=\"widget\" data-settings=\"{&quot;ekit_we_effect_on&quot;:&quot;none&quot;}\" data-widget_type=\"heading.default\">\n\t\t\t\t\t<h4 class=\"elementor-heading-title elementor-size-default\">Arroz con Setas<\/h4>\t\t\t\t<\/div>\n\t\t\t\t<\/div>\n\t\t\t\t<\/div>\n\t\t<div role=\"region\" aria-labelledby=\"e-n-accordion-item-2345\" class=\"elementor-element elementor-element-7be4ef9 e-con-full e-flex e-con e-child\" data-id=\"7be4ef9\" data-element_type=\"container\" data-e-type=\"container\" data-settings=\"{&quot;ekit_has_onepagescroll_dot&quot;:&quot;yes&quot;}\">\n\t\t<div role=\"region\" aria-labelledby=\"e-n-accordion-item-2345\" class=\"elementor-element elementor-element-f1454be e-con-full e-flex e-con e-child\" data-id=\"f1454be\" data-element_type=\"container\" data-e-type=\"container\" data-settings=\"{&quot;ekit_has_onepagescroll_dot&quot;:&quot;yes&quot;}\">\n\t\t\t\t<div class=\"elementor-element elementor-element-722505f elementor-widget elementor-widget-image\" data-id=\"722505f\" data-element_type=\"widget\" data-e-type=\"widget\" data-settings=\"{&quot;ekit_we_effect_on&quot;:&quot;none&quot;}\" data-widget_type=\"image.default\">\n\t\t\t\t\t\t\t\t\t\t\t\t\t\t\t<img loading=\"lazy\" decoding=\"async\" width=\"800\" height=\"534\" src=\"https:\/\/lanacional.org\/wp-content\/uploads\/2025\/06\/arroz-scallops-la-nacional-1024x683.webp\" class=\"attachment-large size-large wp-image-3550\" alt=\"Comida tradicional espa\u00f1ola en Nueva York\" srcset=\"https:\/\/lanacional.org\/wp-content\/uploads\/2025\/06\/arroz-scallops-la-nacional-1024x683.webp 1024w, https:\/\/lanacional.org\/wp-content\/uploads\/2025\/06\/arroz-scallops-la-nacional-300x200.webp 300w, https:\/\/lanacional.org\/wp-content\/uploads\/2025\/06\/arroz-scallops-la-nacional-768x512.webp 768w, https:\/\/lanacional.org\/wp-content\/uploads\/2025\/06\/arroz-scallops-la-nacional.webp 1080w\" sizes=\"(max-width: 800px) 100vw, 800px\" \/>\t\t\t\t\t\t\t\t\t\t\t\t\t\t\t<\/div>\n\t\t\t\t<div class=\"elementor-element elementor-element-1346132 elementor-widget elementor-widget-heading\" data-id=\"1346132\" data-element_type=\"widget\" data-e-type=\"widget\" data-settings=\"{&quot;ekit_we_effect_on&quot;:&quot;none&quot;}\" data-widget_type=\"heading.default\">\n\t\t\t\t\t<h4 class=\"elementor-heading-title elementor-size-default\">Arroz con Vieiras<\/h4>\t\t\t\t<\/div>\n\t\t\t\t<\/div>\n\t\t<div role=\"region\" aria-labelledby=\"e-n-accordion-item-2345\" class=\"elementor-element elementor-element-de95c57 e-con-full e-flex e-con e-child\" data-id=\"de95c57\" data-element_type=\"container\" data-e-type=\"container\" data-settings=\"{&quot;ekit_has_onepagescroll_dot&quot;:&quot;yes&quot;}\">\n\t\t\t\t<div class=\"elementor-element elementor-element-25de97d elementor-widget elementor-widget-image\" data-id=\"25de97d\" data-element_type=\"widget\" data-e-type=\"widget\" data-settings=\"{&quot;ekit_we_effect_on&quot;:&quot;none&quot;}\" data-widget_type=\"image.default\">\n\t\t\t\t\t\t\t\t\t\t\t\t\t\t\t<img loading=\"lazy\" decoding=\"async\" width=\"800\" height=\"534\" src=\"https:\/\/lanacional.org\/wp-content\/uploads\/2025\/06\/arroz-negro-pulpo-la-nacional-1024x683.webp\" class=\"attachment-large size-large wp-image-3551\" alt=\"Arroz negro con pulpo\" srcset=\"https:\/\/lanacional.org\/wp-content\/uploads\/2025\/06\/arroz-negro-pulpo-la-nacional-1024x683.webp 1024w, https:\/\/lanacional.org\/wp-content\/uploads\/2025\/06\/arroz-negro-pulpo-la-nacional-300x200.webp 300w, https:\/\/lanacional.org\/wp-content\/uploads\/2025\/06\/arroz-negro-pulpo-la-nacional-768x512.webp 768w, https:\/\/lanacional.org\/wp-content\/uploads\/2025\/06\/arroz-negro-pulpo-la-nacional.webp 1080w\" sizes=\"(max-width: 800px) 100vw, 800px\" \/>\t\t\t\t\t\t\t\t\t\t\t\t\t\t\t<\/div>\n\t\t\t\t<div class=\"elementor-element elementor-element-4022f97 elementor-widget elementor-widget-heading\" data-id=\"4022f97\" data-element_type=\"widget\" data-e-type=\"widget\" data-settings=\"{&quot;ekit_we_effect_on&quot;:&quot;none&quot;}\" data-widget_type=\"heading.default\">\n\t\t\t\t\t<h4 class=\"elementor-heading-title elementor-size-default\">Arroz Negro con Pulpo<\/h4>\t\t\t\t<\/div>\n\t\t\t\t<\/div>\n\t\t\t\t<\/div>\n\t\t\t\t<\/div>\n\t\t\t\t\t<\/details>\n\t\t\t\t\t\t<details id=\"e-n-accordion-item-2346\" class=\"e-n-accordion-item\" >\n\t\t\t\t<summary class=\"e-n-accordion-item-title\" data-accordion-index=\"7\" tabindex=\"-1\" aria-expanded=\"false\" aria-controls=\"e-n-accordion-item-2346\" >\n\t\t\t\t\t<span class='e-n-accordion-item-title-header'><div class=\"e-n-accordion-item-title-text\"> Tierra &amp; Mar <\/div><\/span>\n\t\t\t\t\t\t\t<span class='e-n-accordion-item-title-icon'>\n\t\t\t<span class='e-opened' ><svg aria-hidden=\"true\" class=\"e-font-icon-svg e-fas-minus\" viewBox=\"0 0 448 512\" xmlns=\"http:\/\/www.w3.org\/2000\/svg\"><path d=\"M416 208H32c-17.67 0-32 14.33-32 32v32c0 17.67 14.33 32 32 32h384c17.67 0 32-14.33 32-32v-32c0-17.67-14.33-32-32-32z\"><\/path><\/svg><\/span>\n\t\t\t<span class='e-closed'><svg aria-hidden=\"true\" class=\"e-font-icon-svg e-fas-plus\" viewBox=\"0 0 448 512\" xmlns=\"http:\/\/www.w3.org\/2000\/svg\"><path d=\"M416 208H272V64c0-17.67-14.33-32-32-32h-32c-17.67 0-32 14.33-32 32v144H32c-17.67 0-32 14.33-32 32v32c0 17.67 14.33 32 32 32h144v144c0 17.67 14.33 32 32 32h32c17.67 0 32-14.33 32-32V304h144c17.67 0 32-14.33 32-32v-32c0-17.67-14.33-32-32-32z\"><\/path><\/svg><\/span>\n\t\t<\/span>\n\n\t\t\t\t\t\t<\/summary>\n\t\t\t\t<div role=\"region\" aria-labelledby=\"e-n-accordion-item-2346\" class=\"elementor-element elementor-element-fa6457a e-con-full e-flex e-con e-child\" data-id=\"fa6457a\" data-element_type=\"container\" data-e-type=\"container\" data-settings=\"{&quot;background_background&quot;:&quot;classic&quot;,&quot;ekit_has_onepagescroll_dot&quot;:&quot;yes&quot;}\">\n\t\t<div role=\"region\" aria-labelledby=\"e-n-accordion-item-2346\" class=\"elementor-element elementor-element-83bb4e0 e-con-full e-flex e-con e-child\" data-id=\"83bb4e0\" data-element_type=\"container\" data-e-type=\"container\" data-settings=\"{&quot;ekit_has_onepagescroll_dot&quot;:&quot;yes&quot;}\">\n\t\t<div role=\"region\" aria-labelledby=\"e-n-accordion-item-2346\" class=\"elementor-element elementor-element-c247777 e-con-full e-flex e-con e-child\" data-id=\"c247777\" data-element_type=\"container\" data-e-type=\"container\" data-settings=\"{&quot;ekit_has_onepagescroll_dot&quot;:&quot;yes&quot;}\">\n\t\t\t\t<div class=\"elementor-element elementor-element-86fc798 elementor-widget elementor-widget-image\" data-id=\"86fc798\" data-element_type=\"widget\" data-e-type=\"widget\" data-settings=\"{&quot;ekit_we_effect_on&quot;:&quot;none&quot;}\" data-widget_type=\"image.default\">\n\t\t\t\t\t\t\t\t\t\t\t\t\t\t\t<img loading=\"lazy\" decoding=\"async\" width=\"800\" height=\"534\" src=\"https:\/\/lanacional.org\/wp-content\/uploads\/2025\/06\/pulpo-plancha-la-nacional-1024x683.webp\" class=\"attachment-large size-large wp-image-3552\" alt=\"Plato de pulpo a la plancha\" srcset=\"https:\/\/lanacional.org\/wp-content\/uploads\/2025\/06\/pulpo-plancha-la-nacional-1024x683.webp 1024w, https:\/\/lanacional.org\/wp-content\/uploads\/2025\/06\/pulpo-plancha-la-nacional-300x200.webp 300w, https:\/\/lanacional.org\/wp-content\/uploads\/2025\/06\/pulpo-plancha-la-nacional-768x512.webp 768w, https:\/\/lanacional.org\/wp-content\/uploads\/2025\/06\/pulpo-plancha-la-nacional.webp 1080w\" sizes=\"(max-width: 800px) 100vw, 800px\" \/>\t\t\t\t\t\t\t\t\t\t\t\t\t\t\t<\/div>\n\t\t\t\t<div class=\"elementor-element elementor-element-2c7f70d elementor-widget elementor-widget-heading\" data-id=\"2c7f70d\" data-element_type=\"widget\" data-e-type=\"widget\" data-settings=\"{&quot;ekit_we_effect_on&quot;:&quot;none&quot;}\" data-widget_type=\"heading.default\">\n\t\t\t\t\t<h4 class=\"elementor-heading-title elementor-size-default\">Pulpo a la Plancha<\/h4>\t\t\t\t<\/div>\n\t\t\t\t<\/div>\n\t\t<div role=\"region\" aria-labelledby=\"e-n-accordion-item-2346\" class=\"elementor-element elementor-element-3caa4b2 e-con-full e-flex e-con e-child\" data-id=\"3caa4b2\" data-element_type=\"container\" data-e-type=\"container\" data-settings=\"{&quot;ekit_has_onepagescroll_dot&quot;:&quot;yes&quot;}\">\n\t\t\t\t<div class=\"elementor-element elementor-element-d5e0d78 elementor-widget elementor-widget-image\" data-id=\"d5e0d78\" data-element_type=\"widget\" data-e-type=\"widget\" data-settings=\"{&quot;ekit_we_effect_on&quot;:&quot;none&quot;}\" data-widget_type=\"image.default\">\n\t\t\t\t\t\t\t\t\t\t\t\t\t\t\t<img loading=\"lazy\" decoding=\"async\" width=\"800\" height=\"534\" src=\"https:\/\/lanacional.org\/wp-content\/uploads\/2025\/06\/pollo-la-nacional-1024x683.webp\" class=\"attachment-large size-large wp-image-3553\" alt=\"Pollo casero\" srcset=\"https:\/\/lanacional.org\/wp-content\/uploads\/2025\/06\/pollo-la-nacional-1024x683.webp 1024w, https:\/\/lanacional.org\/wp-content\/uploads\/2025\/06\/pollo-la-nacional-300x200.webp 300w, https:\/\/lanacional.org\/wp-content\/uploads\/2025\/06\/pollo-la-nacional-768x512.webp 768w, https:\/\/lanacional.org\/wp-content\/uploads\/2025\/06\/pollo-la-nacional.webp 1080w\" sizes=\"(max-width: 800px) 100vw, 800px\" \/>\t\t\t\t\t\t\t\t\t\t\t\t\t\t\t<\/div>\n\t\t\t\t<div class=\"elementor-element elementor-element-d9fb4c6 elementor-widget elementor-widget-heading\" data-id=\"d9fb4c6\" data-element_type=\"widget\" data-e-type=\"widget\" data-settings=\"{&quot;ekit_we_effect_on&quot;:&quot;none&quot;}\" data-widget_type=\"heading.default\">\n\t\t\t\t\t<h4 class=\"elementor-heading-title elementor-size-default\">Pollo de la Casa<\/h4>\t\t\t\t<\/div>\n\t\t\t\t<\/div>\n\t\t<div role=\"region\" aria-labelledby=\"e-n-accordion-item-2346\" class=\"elementor-element elementor-element-17ecc03 e-con-full e-flex e-con e-child\" data-id=\"17ecc03\" data-element_type=\"container\" data-e-type=\"container\" data-settings=\"{&quot;ekit_has_onepagescroll_dot&quot;:&quot;yes&quot;}\">\n\t\t\t\t<div class=\"elementor-element elementor-element-a9451cc elementor-widget elementor-widget-image\" data-id=\"a9451cc\" data-element_type=\"widget\" data-e-type=\"widget\" data-settings=\"{&quot;ekit_we_effect_on&quot;:&quot;none&quot;}\" data-widget_type=\"image.default\">\n\t\t\t\t\t\t\t\t\t\t\t\t\t\t\t<img loading=\"lazy\" decoding=\"async\" width=\"800\" height=\"534\" src=\"https:\/\/lanacional.org\/wp-content\/uploads\/2025\/06\/fideua-mar-la-nacional-1024x683.webp\" class=\"attachment-large size-large wp-image-3554\" alt=\"fideua\" srcset=\"https:\/\/lanacional.org\/wp-content\/uploads\/2025\/06\/fideua-mar-la-nacional-1024x683.webp 1024w, https:\/\/lanacional.org\/wp-content\/uploads\/2025\/06\/fideua-mar-la-nacional-300x200.webp 300w, https:\/\/lanacional.org\/wp-content\/uploads\/2025\/06\/fideua-mar-la-nacional-768x512.webp 768w, https:\/\/lanacional.org\/wp-content\/uploads\/2025\/06\/fideua-mar-la-nacional.webp 1080w\" sizes=\"(max-width: 800px) 100vw, 800px\" \/>\t\t\t\t\t\t\t\t\t\t\t\t\t\t\t<\/div>\n\t\t\t\t<div class=\"elementor-element elementor-element-726c6b9 elementor-widget elementor-widget-heading\" data-id=\"726c6b9\" data-element_type=\"widget\" data-e-type=\"widget\" data-settings=\"{&quot;ekit_we_effect_on&quot;:&quot;none&quot;}\" data-widget_type=\"heading.default\">\n\t\t\t\t\t<h4 class=\"elementor-heading-title elementor-size-default\">Fideua del Mar<\/h4>\t\t\t\t<\/div>\n\t\t\t\t<\/div>\n\t\t\t\t<\/div>\n\t\t<div role=\"region\" aria-labelledby=\"e-n-accordion-item-2346\" class=\"elementor-element elementor-element-2e1fbfe e-con-full e-flex e-con e-child\" data-id=\"2e1fbfe\" data-element_type=\"container\" data-e-type=\"container\" data-settings=\"{&quot;ekit_has_onepagescroll_dot&quot;:&quot;yes&quot;}\">\n\t\t<div role=\"region\" aria-labelledby=\"e-n-accordion-item-2346\" class=\"elementor-element elementor-element-241310f e-con-full e-flex e-con e-child\" data-id=\"241310f\" data-element_type=\"container\" data-e-type=\"container\" data-settings=\"{&quot;ekit_has_onepagescroll_dot&quot;:&quot;yes&quot;}\">\n\t\t\t\t<div class=\"elementor-element elementor-element-725042f elementor-widget elementor-widget-image\" data-id=\"725042f\" data-element_type=\"widget\" data-e-type=\"widget\" data-settings=\"{&quot;ekit_we_effect_on&quot;:&quot;none&quot;}\" data-widget_type=\"image.default\">\n\t\t\t\t\t\t\t\t\t\t\t\t\t\t\t<img loading=\"lazy\" decoding=\"async\" width=\"800\" height=\"534\" src=\"https:\/\/lanacional.org\/wp-content\/uploads\/2025\/06\/bacalao-con-pisto-la-nacional-1024x683.webp\" class=\"attachment-large size-large wp-image-3555\" alt=\"Bacalao con pisto\" srcset=\"https:\/\/lanacional.org\/wp-content\/uploads\/2025\/06\/bacalao-con-pisto-la-nacional-1024x683.webp 1024w, https:\/\/lanacional.org\/wp-content\/uploads\/2025\/06\/bacalao-con-pisto-la-nacional-300x200.webp 300w, https:\/\/lanacional.org\/wp-content\/uploads\/2025\/06\/bacalao-con-pisto-la-nacional-768x512.webp 768w, https:\/\/lanacional.org\/wp-content\/uploads\/2025\/06\/bacalao-con-pisto-la-nacional.webp 1080w\" sizes=\"(max-width: 800px) 100vw, 800px\" \/>\t\t\t\t\t\t\t\t\t\t\t\t\t\t\t<\/div>\n\t\t\t\t<div class=\"elementor-element elementor-element-67fd7c6 elementor-widget elementor-widget-heading\" data-id=\"67fd7c6\" data-element_type=\"widget\" data-e-type=\"widget\" data-settings=\"{&quot;ekit_we_effect_on&quot;:&quot;none&quot;}\" data-widget_type=\"heading.default\">\n\t\t\t\t\t<h4 class=\"elementor-heading-title elementor-size-default\">Bacalao con Pisto<\/h4>\t\t\t\t<\/div>\n\t\t\t\t<\/div>\n\t\t<div role=\"region\" aria-labelledby=\"e-n-accordion-item-2346\" class=\"elementor-element elementor-element-b46be14 e-con-full e-flex e-con e-child\" data-id=\"b46be14\" data-element_type=\"container\" data-e-type=\"container\" data-settings=\"{&quot;ekit_has_onepagescroll_dot&quot;:&quot;yes&quot;}\">\n\t\t\t\t<div class=\"elementor-element elementor-element-5641290 elementor-widget elementor-widget-image\" data-id=\"5641290\" data-element_type=\"widget\" data-e-type=\"widget\" data-settings=\"{&quot;ekit_we_effect_on&quot;:&quot;none&quot;}\" data-widget_type=\"image.default\">\n\t\t\t\t\t\t\t\t\t\t\t\t\t\t\t<img loading=\"lazy\" decoding=\"async\" width=\"800\" height=\"534\" src=\"https:\/\/lanacional.org\/wp-content\/uploads\/2025\/06\/striploin-steak-la-nacional-1024x683.webp\" class=\"attachment-large size-large wp-image-3556\" alt=\"filete de lomo\" srcset=\"https:\/\/lanacional.org\/wp-content\/uploads\/2025\/06\/striploin-steak-la-nacional-1024x683.webp 1024w, https:\/\/lanacional.org\/wp-content\/uploads\/2025\/06\/striploin-steak-la-nacional-300x200.webp 300w, https:\/\/lanacional.org\/wp-content\/uploads\/2025\/06\/striploin-steak-la-nacional-768x512.webp 768w, https:\/\/lanacional.org\/wp-content\/uploads\/2025\/06\/striploin-steak-la-nacional.webp 1080w\" sizes=\"(max-width: 800px) 100vw, 800px\" \/>\t\t\t\t\t\t\t\t\t\t\t\t\t\t\t<\/div>\n\t\t\t\t<div class=\"elementor-element elementor-element-a231068 elementor-widget elementor-widget-heading\" data-id=\"a231068\" data-element_type=\"widget\" data-e-type=\"widget\" data-settings=\"{&quot;ekit_we_effect_on&quot;:&quot;none&quot;}\" data-widget_type=\"heading.default\">\n\t\t\t\t\t<h4 class=\"elementor-heading-title elementor-size-default\">Filete de Lomo<\/h4>\t\t\t\t<\/div>\n\t\t\t\t<\/div>\n\t\t\t\t<\/div>\n\t\t\t\t<\/div>\n\t\t\t\t\t<\/details>\n\t\t\t\t\t\t<details id=\"e-n-accordion-item-2347\" class=\"e-n-accordion-item\" >\n\t\t\t\t<summary class=\"e-n-accordion-item-title\" data-accordion-index=\"8\" tabindex=\"-1\" aria-expanded=\"false\" aria-controls=\"e-n-accordion-item-2347\" >\n\t\t\t\t\t<span class='e-n-accordion-item-title-header'><div class=\"e-n-accordion-item-title-text\"> Brunch <\/div><\/span>\n\t\t\t\t\t\t\t<span class='e-n-accordion-item-title-icon'>\n\t\t\t<span class='e-opened' ><svg aria-hidden=\"true\" class=\"e-font-icon-svg e-fas-minus\" viewBox=\"0 0 448 512\" xmlns=\"http:\/\/www.w3.org\/2000\/svg\"><path d=\"M416 208H32c-17.67 0-32 14.33-32 32v32c0 17.67 14.33 32 32 32h384c17.67 0 32-14.33 32-32v-32c0-17.67-14.33-32-32-32z\"><\/path><\/svg><\/span>\n\t\t\t<span class='e-closed'><svg aria-hidden=\"true\" class=\"e-font-icon-svg e-fas-plus\" viewBox=\"0 0 448 512\" xmlns=\"http:\/\/www.w3.org\/2000\/svg\"><path d=\"M416 208H272V64c0-17.67-14.33-32-32-32h-32c-17.67 0-32 14.33-32 32v144H32c-17.67 0-32 14.33-32 32v32c0 17.67 14.33 32 32 32h144v144c0 17.67 14.33 32 32 32h32c17.67 0 32-14.33 32-32V304h144c17.67 0 32-14.33 32-32v-32c0-17.67-14.33-32-32-32z\"><\/path><\/svg><\/span>\n\t\t<\/span>\n\n\t\t\t\t\t\t<\/summary>\n\t\t\t\t<div role=\"region\" aria-labelledby=\"e-n-accordion-item-2347\" class=\"elementor-element elementor-element-cd7f305 e-con-full e-flex e-con e-child\" data-id=\"cd7f305\" data-element_type=\"container\" data-e-type=\"container\" data-settings=\"{&quot;background_background&quot;:&quot;classic&quot;,&quot;ekit_has_onepagescroll_dot&quot;:&quot;yes&quot;}\">\n\t\t<div role=\"region\" aria-labelledby=\"e-n-accordion-item-2347\" class=\"elementor-element elementor-element-5d12a05 e-con-full e-flex e-con e-child\" data-id=\"5d12a05\" data-element_type=\"container\" data-e-type=\"container\" data-settings=\"{&quot;ekit_has_onepagescroll_dot&quot;:&quot;yes&quot;}\">\n\t\t<div role=\"region\" aria-labelledby=\"e-n-accordion-item-2347\" class=\"elementor-element elementor-element-51730b8 e-con-full e-flex e-con e-child\" data-id=\"51730b8\" data-element_type=\"container\" data-e-type=\"container\" data-settings=\"{&quot;ekit_has_onepagescroll_dot&quot;:&quot;yes&quot;}\">\n\t\t\t\t<div class=\"elementor-element elementor-element-03d5adf elementor-widget elementor-widget-image\" data-id=\"03d5adf\" data-element_type=\"widget\" data-e-type=\"widget\" data-settings=\"{&quot;ekit_we_effect_on&quot;:&quot;none&quot;}\" data-widget_type=\"image.default\">\n\t\t\t\t\t\t\t\t\t\t\t\t\t\t\t<img loading=\"lazy\" decoding=\"async\" width=\"800\" height=\"534\" src=\"https:\/\/lanacional.org\/wp-content\/uploads\/2025\/09\/watermelon-gazpacho-la-nacional-nyc-1024x683.webp\" class=\"attachment-large size-large wp-image-3530\" alt=\"Comer Gazpacho NY\" srcset=\"https:\/\/lanacional.org\/wp-content\/uploads\/2025\/09\/watermelon-gazpacho-la-nacional-nyc-1024x683.webp 1024w, https:\/\/lanacional.org\/wp-content\/uploads\/2025\/09\/watermelon-gazpacho-la-nacional-nyc-300x200.webp 300w, https:\/\/lanacional.org\/wp-content\/uploads\/2025\/09\/watermelon-gazpacho-la-nacional-nyc-768x512.webp 768w, https:\/\/lanacional.org\/wp-content\/uploads\/2025\/09\/watermelon-gazpacho-la-nacional-nyc.webp 1080w\" sizes=\"(max-width: 800px) 100vw, 800px\" \/>\t\t\t\t\t\t\t\t\t\t\t\t\t\t\t<\/div>\n\t\t\t\t<div class=\"elementor-element elementor-element-1a47598 elementor-widget elementor-widget-heading\" data-id=\"1a47598\" data-element_type=\"widget\" data-e-type=\"widget\" data-settings=\"{&quot;ekit_we_effect_on&quot;:&quot;none&quot;}\" data-widget_type=\"heading.default\">\n\t\t\t\t\t<h4 class=\"elementor-heading-title elementor-size-default\">Gazpacho de Sand\u00eda<\/h4>\t\t\t\t<\/div>\n\t\t\t\t<\/div>\n\t\t<div role=\"region\" aria-labelledby=\"e-n-accordion-item-2347\" class=\"elementor-element elementor-element-4fc36db e-con-full e-flex e-con e-child\" data-id=\"4fc36db\" data-element_type=\"container\" data-e-type=\"container\" data-settings=\"{&quot;ekit_has_onepagescroll_dot&quot;:&quot;yes&quot;}\">\n\t\t\t\t<div class=\"elementor-element elementor-element-ad348bf elementor-widget elementor-widget-image\" data-id=\"ad348bf\" data-element_type=\"widget\" data-e-type=\"widget\" data-settings=\"{&quot;ekit_we_effect_on&quot;:&quot;none&quot;}\" data-widget_type=\"image.default\">\n\t\t\t\t\t\t\t\t\t\t\t\t\t\t\t<img loading=\"lazy\" decoding=\"async\" width=\"800\" height=\"800\" src=\"https:\/\/lanacional.org\/wp-content\/uploads\/2025\/09\/Brunch_Torrija-lanacional-1024x1024.webp\" class=\"attachment-large size-large wp-image-3557\" alt=\"Comer torrijas tradicionales espa\u00f1olas en Nueva york\" srcset=\"https:\/\/lanacional.org\/wp-content\/uploads\/2025\/09\/Brunch_Torrija-lanacional-1024x1024.webp 1024w, https:\/\/lanacional.org\/wp-content\/uploads\/2025\/09\/Brunch_Torrija-lanacional-300x300.webp 300w, https:\/\/lanacional.org\/wp-content\/uploads\/2025\/09\/Brunch_Torrija-lanacional-150x150.webp 150w, https:\/\/lanacional.org\/wp-content\/uploads\/2025\/09\/Brunch_Torrija-lanacional-768x768.webp 768w, https:\/\/lanacional.org\/wp-content\/uploads\/2025\/09\/Brunch_Torrija-lanacional-700x700.webp 700w, https:\/\/lanacional.org\/wp-content\/uploads\/2025\/09\/Brunch_Torrija-lanacional.webp 1080w\" sizes=\"(max-width: 800px) 100vw, 800px\" \/>\t\t\t\t\t\t\t\t\t\t\t\t\t\t\t<\/div>\n\t\t\t\t<div class=\"elementor-element elementor-element-0bdb6bd elementor-widget elementor-widget-heading\" data-id=\"0bdb6bd\" data-element_type=\"widget\" data-e-type=\"widget\" data-settings=\"{&quot;ekit_we_effect_on&quot;:&quot;none&quot;}\" data-widget_type=\"heading.default\">\n\t\t\t\t\t<h4 class=\"elementor-heading-title elementor-size-default\">Torrija y Bayas Frescas<\/h4>\t\t\t\t<\/div>\n\t\t\t\t<\/div>\n\t\t<div role=\"region\" aria-labelledby=\"e-n-accordion-item-2347\" class=\"elementor-element elementor-element-9df4a27 e-con-full e-flex e-con e-child\" data-id=\"9df4a27\" data-element_type=\"container\" data-e-type=\"container\" data-settings=\"{&quot;ekit_has_onepagescroll_dot&quot;:&quot;yes&quot;}\">\n\t\t\t\t<div class=\"elementor-element elementor-element-907cde0 elementor-widget elementor-widget-image\" data-id=\"907cde0\" data-element_type=\"widget\" data-e-type=\"widget\" data-settings=\"{&quot;ekit_we_effect_on&quot;:&quot;none&quot;}\" data-widget_type=\"image.default\">\n\t\t\t\t\t\t\t\t\t\t\t\t\t\t\t<img loading=\"lazy\" decoding=\"async\" width=\"800\" height=\"800\" src=\"https:\/\/lanacional.org\/wp-content\/uploads\/2025\/09\/Brunch_Arroz-lanacional-1024x1024.webp\" class=\"attachment-large size-large wp-image-3558\" alt=\"Arroz a la cubana\" srcset=\"https:\/\/lanacional.org\/wp-content\/uploads\/2025\/09\/Brunch_Arroz-lanacional-1024x1024.webp 1024w, https:\/\/lanacional.org\/wp-content\/uploads\/2025\/09\/Brunch_Arroz-lanacional-300x300.webp 300w, https:\/\/lanacional.org\/wp-content\/uploads\/2025\/09\/Brunch_Arroz-lanacional-150x150.webp 150w, https:\/\/lanacional.org\/wp-content\/uploads\/2025\/09\/Brunch_Arroz-lanacional-768x768.webp 768w, https:\/\/lanacional.org\/wp-content\/uploads\/2025\/09\/Brunch_Arroz-lanacional-700x700.webp 700w, https:\/\/lanacional.org\/wp-content\/uploads\/2025\/09\/Brunch_Arroz-lanacional.webp 1080w\" sizes=\"(max-width: 800px) 100vw, 800px\" \/>\t\t\t\t\t\t\t\t\t\t\t\t\t\t\t<\/div>\n\t\t\t\t<div class=\"elementor-element elementor-element-2a6d0a4 elementor-widget elementor-widget-heading\" data-id=\"2a6d0a4\" data-element_type=\"widget\" data-e-type=\"widget\" data-settings=\"{&quot;ekit_we_effect_on&quot;:&quot;none&quot;}\" data-widget_type=\"heading.default\">\n\t\t\t\t\t<h4 class=\"elementor-heading-title elementor-size-default\">Arroz a la Cubana<\/h4>\t\t\t\t<\/div>\n\t\t\t\t<\/div>\n\t\t\t\t<\/div>\n\t\t<div role=\"region\" aria-labelledby=\"e-n-accordion-item-2347\" class=\"elementor-element elementor-element-be85140 e-con-full e-flex e-con e-child\" data-id=\"be85140\" data-element_type=\"container\" data-e-type=\"container\" data-settings=\"{&quot;ekit_has_onepagescroll_dot&quot;:&quot;yes&quot;}\">\n\t\t<div role=\"region\" aria-labelledby=\"e-n-accordion-item-2347\" class=\"elementor-element elementor-element-b96ddc5 e-con-full e-flex e-con e-child\" data-id=\"b96ddc5\" data-element_type=\"container\" data-e-type=\"container\" data-settings=\"{&quot;ekit_has_onepagescroll_dot&quot;:&quot;yes&quot;}\">\n\t\t\t\t<div class=\"elementor-element elementor-element-82f9870 elementor-widget elementor-widget-image\" data-id=\"82f9870\" data-element_type=\"widget\" data-e-type=\"widget\" data-settings=\"{&quot;ekit_we_effect_on&quot;:&quot;none&quot;}\" data-widget_type=\"image.default\">\n\t\t\t\t\t\t\t\t\t\t\t\t\t\t\t<img loading=\"lazy\" decoding=\"async\" width=\"800\" height=\"800\" src=\"https:\/\/lanacional.org\/wp-content\/uploads\/2025\/09\/Brunch_Huevos-lanacional-1024x1024.webp\" class=\"attachment-large size-large wp-image-3559\" alt=\"plato de huevos rotos\" srcset=\"https:\/\/lanacional.org\/wp-content\/uploads\/2025\/09\/Brunch_Huevos-lanacional-1024x1024.webp 1024w, https:\/\/lanacional.org\/wp-content\/uploads\/2025\/09\/Brunch_Huevos-lanacional-300x300.webp 300w, https:\/\/lanacional.org\/wp-content\/uploads\/2025\/09\/Brunch_Huevos-lanacional-150x150.webp 150w, https:\/\/lanacional.org\/wp-content\/uploads\/2025\/09\/Brunch_Huevos-lanacional-768x768.webp 768w, https:\/\/lanacional.org\/wp-content\/uploads\/2025\/09\/Brunch_Huevos-lanacional-700x700.webp 700w, https:\/\/lanacional.org\/wp-content\/uploads\/2025\/09\/Brunch_Huevos-lanacional.webp 1080w\" sizes=\"(max-width: 800px) 100vw, 800px\" \/>\t\t\t\t\t\t\t\t\t\t\t\t\t\t\t<\/div>\n\t\t\t\t<div class=\"elementor-element elementor-element-02545c7 elementor-widget elementor-widget-heading\" data-id=\"02545c7\" data-element_type=\"widget\" data-e-type=\"widget\" data-settings=\"{&quot;ekit_we_effect_on&quot;:&quot;none&quot;}\" data-widget_type=\"heading.default\">\n\t\t\t\t\t<h4 class=\"elementor-heading-title elementor-size-default\">Huevos Rotos<\/h4>\t\t\t\t<\/div>\n\t\t\t\t<\/div>\n\t\t<div role=\"region\" aria-labelledby=\"e-n-accordion-item-2347\" class=\"elementor-element elementor-element-0a284d1 e-con-full e-flex e-con e-child\" data-id=\"0a284d1\" data-element_type=\"container\" data-e-type=\"container\" data-settings=\"{&quot;ekit_has_onepagescroll_dot&quot;:&quot;yes&quot;}\">\n\t\t\t\t<div class=\"elementor-element elementor-element-4c2f468 elementor-widget elementor-widget-image\" data-id=\"4c2f468\" data-element_type=\"widget\" data-e-type=\"widget\" data-settings=\"{&quot;ekit_we_effect_on&quot;:&quot;none&quot;}\" data-widget_type=\"image.default\">\n\t\t\t\t\t\t\t\t\t\t\t\t\t\t\t<img loading=\"lazy\" decoding=\"async\" width=\"800\" height=\"800\" src=\"https:\/\/lanacional.org\/wp-content\/uploads\/2025\/09\/Brunch_Macarrones-lanacional-1024x1024.webp\" class=\"attachment-large size-large wp-image-3560\" alt=\"Macarrones con sobrasada\" srcset=\"https:\/\/lanacional.org\/wp-content\/uploads\/2025\/09\/Brunch_Macarrones-lanacional-1024x1024.webp 1024w, https:\/\/lanacional.org\/wp-content\/uploads\/2025\/09\/Brunch_Macarrones-lanacional-300x300.webp 300w, https:\/\/lanacional.org\/wp-content\/uploads\/2025\/09\/Brunch_Macarrones-lanacional-150x150.webp 150w, https:\/\/lanacional.org\/wp-content\/uploads\/2025\/09\/Brunch_Macarrones-lanacional-768x768.webp 768w, https:\/\/lanacional.org\/wp-content\/uploads\/2025\/09\/Brunch_Macarrones-lanacional-700x700.webp 700w, https:\/\/lanacional.org\/wp-content\/uploads\/2025\/09\/Brunch_Macarrones-lanacional.webp 1080w\" sizes=\"(max-width: 800px) 100vw, 800px\" \/>\t\t\t\t\t\t\t\t\t\t\t\t\t\t\t<\/div>\n\t\t\t\t<div class=\"elementor-element elementor-element-3a69a6f elementor-widget elementor-widget-heading\" data-id=\"3a69a6f\" data-element_type=\"widget\" data-e-type=\"widget\" data-settings=\"{&quot;ekit_we_effect_on&quot;:&quot;none&quot;}\" data-widget_type=\"heading.default\">\n\t\t\t\t\t<h4 class=\"elementor-heading-title elementor-size-default\">Macarrones con Sobrasada<\/h4>\t\t\t\t<\/div>\n\t\t\t\t<\/div>\n\t\t\t\t<\/div>\n\t\t\t\t<\/div>\n\t\t\t\t\t<\/details>\n\t\t\t\t\t\t<details id=\"e-n-accordion-item-2348\" class=\"e-n-accordion-item\" >\n\t\t\t\t<summary class=\"e-n-accordion-item-title\" data-accordion-index=\"9\" tabindex=\"-1\" aria-expanded=\"false\" aria-controls=\"e-n-accordion-item-2348\" >\n\t\t\t\t\t<span class='e-n-accordion-item-title-header'><div class=\"e-n-accordion-item-title-text\"> Postres <\/div><\/span>\n\t\t\t\t\t\t\t<span class='e-n-accordion-item-title-icon'>\n\t\t\t<span class='e-opened' ><svg aria-hidden=\"true\" class=\"e-font-icon-svg e-fas-minus\" viewBox=\"0 0 448 512\" xmlns=\"http:\/\/www.w3.org\/2000\/svg\"><path d=\"M416 208H32c-17.67 0-32 14.33-32 32v32c0 17.67 14.33 32 32 32h384c17.67 0 32-14.33 32-32v-32c0-17.67-14.33-32-32-32z\"><\/path><\/svg><\/span>\n\t\t\t<span class='e-closed'><svg aria-hidden=\"true\" class=\"e-font-icon-svg e-fas-plus\" viewBox=\"0 0 448 512\" xmlns=\"http:\/\/www.w3.org\/2000\/svg\"><path d=\"M416 208H272V64c0-17.67-14.33-32-32-32h-32c-17.67 0-32 14.33-32 32v144H32c-17.67 0-32 14.33-32 32v32c0 17.67 14.33 32 32 32h144v144c0 17.67 14.33 32 32 32h32c17.67 0 32-14.33 32-32V304h144c17.67 0 32-14.33 32-32v-32c0-17.67-14.33-32-32-32z\"><\/path><\/svg><\/span>\n\t\t<\/span>\n\n\t\t\t\t\t\t<\/summary>\n\t\t\t\t<div role=\"region\" aria-labelledby=\"e-n-accordion-item-2348\" class=\"elementor-element elementor-element-200f6c2 e-con-full e-flex e-con e-child\" data-id=\"200f6c2\" data-element_type=\"container\" data-e-type=\"container\" data-settings=\"{&quot;background_background&quot;:&quot;classic&quot;,&quot;ekit_has_onepagescroll_dot&quot;:&quot;yes&quot;}\">\n\t\t<div role=\"region\" aria-labelledby=\"e-n-accordion-item-2348\" class=\"elementor-element elementor-element-d912c88 e-con-full e-flex e-con e-child\" data-id=\"d912c88\" data-element_type=\"container\" data-e-type=\"container\" data-settings=\"{&quot;ekit_has_onepagescroll_dot&quot;:&quot;yes&quot;}\">\n\t\t<div role=\"region\" aria-labelledby=\"e-n-accordion-item-2348\" class=\"elementor-element elementor-element-7f4c910 e-con-full e-flex e-con e-child\" data-id=\"7f4c910\" data-element_type=\"container\" data-e-type=\"container\" data-settings=\"{&quot;ekit_has_onepagescroll_dot&quot;:&quot;yes&quot;}\">\n\t\t\t\t<div class=\"elementor-element elementor-element-a4d2980 elementor-widget elementor-widget-image\" data-id=\"a4d2980\" data-element_type=\"widget\" data-e-type=\"widget\" data-settings=\"{&quot;ekit_we_effect_on&quot;:&quot;none&quot;}\" data-widget_type=\"image.default\">\n\t\t\t\t\t\t\t\t\t\t\t\t\t\t\t<img loading=\"lazy\" decoding=\"async\" width=\"800\" height=\"800\" src=\"https:\/\/lanacional.org\/wp-content\/uploads\/2025\/06\/churros-chocolate-la-nacional-postres-1024x1024.webp\" class=\"attachment-large size-large wp-image-3561\" alt=\"Comer chocolate con churros en Nueva york\" srcset=\"https:\/\/lanacional.org\/wp-content\/uploads\/2025\/06\/churros-chocolate-la-nacional-postres-1024x1024.webp 1024w, https:\/\/lanacional.org\/wp-content\/uploads\/2025\/06\/churros-chocolate-la-nacional-postres-300x300.webp 300w, https:\/\/lanacional.org\/wp-content\/uploads\/2025\/06\/churros-chocolate-la-nacional-postres-150x150.webp 150w, https:\/\/lanacional.org\/wp-content\/uploads\/2025\/06\/churros-chocolate-la-nacional-postres-768x768.webp 768w, https:\/\/lanacional.org\/wp-content\/uploads\/2025\/06\/churros-chocolate-la-nacional-postres-700x700.webp 700w, https:\/\/lanacional.org\/wp-content\/uploads\/2025\/06\/churros-chocolate-la-nacional-postres.webp 1080w\" sizes=\"(max-width: 800px) 100vw, 800px\" \/>\t\t\t\t\t\t\t\t\t\t\t\t\t\t\t<\/div>\n\t\t\t\t<div class=\"elementor-element elementor-element-0d2d57a elementor-widget elementor-widget-heading\" data-id=\"0d2d57a\" data-element_type=\"widget\" data-e-type=\"widget\" data-settings=\"{&quot;ekit_we_effect_on&quot;:&quot;none&quot;}\" data-widget_type=\"heading.default\">\n\t\t\t\t\t<h4 class=\"elementor-heading-title elementor-size-default\">Churros con Chocolate<\/h4>\t\t\t\t<\/div>\n\t\t\t\t<\/div>\n\t\t<div role=\"region\" aria-labelledby=\"e-n-accordion-item-2348\" class=\"elementor-element elementor-element-1992c56 e-con-full e-flex e-con e-child\" data-id=\"1992c56\" data-element_type=\"container\" data-e-type=\"container\" data-settings=\"{&quot;ekit_has_onepagescroll_dot&quot;:&quot;yes&quot;}\">\n\t\t\t\t<div class=\"elementor-element elementor-element-3140084 elementor-widget elementor-widget-image\" data-id=\"3140084\" data-element_type=\"widget\" data-e-type=\"widget\" data-settings=\"{&quot;ekit_we_effect_on&quot;:&quot;none&quot;}\" data-widget_type=\"image.default\">\n\t\t\t\t\t\t\t\t\t\t\t\t\t\t\t<img loading=\"lazy\" decoding=\"async\" width=\"800\" height=\"534\" src=\"https:\/\/lanacional.org\/wp-content\/uploads\/2025\/06\/flan-tradicional-la-nacional-1024x683.webp\" class=\"attachment-large size-large wp-image-3562\" alt=\"Flan tradicional espa\u00f1ol\" srcset=\"https:\/\/lanacional.org\/wp-content\/uploads\/2025\/06\/flan-tradicional-la-nacional-1024x683.webp 1024w, https:\/\/lanacional.org\/wp-content\/uploads\/2025\/06\/flan-tradicional-la-nacional-300x200.webp 300w, https:\/\/lanacional.org\/wp-content\/uploads\/2025\/06\/flan-tradicional-la-nacional-768x512.webp 768w, https:\/\/lanacional.org\/wp-content\/uploads\/2025\/06\/flan-tradicional-la-nacional.webp 1080w\" sizes=\"(max-width: 800px) 100vw, 800px\" \/>\t\t\t\t\t\t\t\t\t\t\t\t\t\t\t<\/div>\n\t\t\t\t<div class=\"elementor-element elementor-element-bda2852 elementor-widget elementor-widget-heading\" data-id=\"bda2852\" data-element_type=\"widget\" data-e-type=\"widget\" data-settings=\"{&quot;ekit_we_effect_on&quot;:&quot;none&quot;}\" data-widget_type=\"heading.default\">\n\t\t\t\t\t<h4 class=\"elementor-heading-title elementor-size-default\">Flan Tradicional<\/h4>\t\t\t\t<\/div>\n\t\t\t\t<\/div>\n\t\t<div role=\"region\" aria-labelledby=\"e-n-accordion-item-2348\" class=\"elementor-element elementor-element-fe1818e e-con-full e-flex e-con e-child\" data-id=\"fe1818e\" data-element_type=\"container\" data-e-type=\"container\" data-settings=\"{&quot;ekit_has_onepagescroll_dot&quot;:&quot;yes&quot;}\">\n\t\t\t\t<div class=\"elementor-element elementor-element-bdadfbf elementor-widget elementor-widget-image\" data-id=\"bdadfbf\" data-element_type=\"widget\" data-e-type=\"widget\" data-settings=\"{&quot;ekit_we_effect_on&quot;:&quot;none&quot;}\" data-widget_type=\"image.default\">\n\t\t\t\t\t\t\t\t\t\t\t\t\t\t\t<img loading=\"lazy\" decoding=\"async\" width=\"800\" height=\"606\" src=\"https:\/\/lanacional.org\/wp-content\/uploads\/2025\/06\/chocolate-volcan-la-nacional.webp\" class=\"attachment-large size-large wp-image-3563\" alt=\"Volc\u00e1n de chocolate con helado\" srcset=\"https:\/\/lanacional.org\/wp-content\/uploads\/2025\/06\/chocolate-volcan-la-nacional.webp 950w, https:\/\/lanacional.org\/wp-content\/uploads\/2025\/06\/chocolate-volcan-la-nacional-300x227.webp 300w, https:\/\/lanacional.org\/wp-content\/uploads\/2025\/06\/chocolate-volcan-la-nacional-768x582.webp 768w\" sizes=\"(max-width: 800px) 100vw, 800px\" \/>\t\t\t\t\t\t\t\t\t\t\t\t\t\t\t<\/div>\n\t\t\t\t<div class=\"elementor-element elementor-element-05f9d28 elementor-widget elementor-widget-heading\" data-id=\"05f9d28\" data-element_type=\"widget\" data-e-type=\"widget\" data-settings=\"{&quot;ekit_we_effect_on&quot;:&quot;none&quot;}\" data-widget_type=\"heading.default\">\n\t\t\t\t\t<h4 class=\"elementor-heading-title elementor-size-default\">Volc\u00e1n<\/h4>\t\t\t\t<\/div>\n\t\t\t\t<\/div>\n\t\t\t\t<\/div>\n\t\t<div role=\"region\" aria-labelledby=\"e-n-accordion-item-2348\" class=\"elementor-element elementor-element-9bbf4e4 e-con-full e-flex e-con e-child\" data-id=\"9bbf4e4\" data-element_type=\"container\" data-e-type=\"container\" data-settings=\"{&quot;ekit_has_onepagescroll_dot&quot;:&quot;yes&quot;}\">\n\t\t<div role=\"region\" aria-labelledby=\"e-n-accordion-item-2348\" class=\"elementor-element elementor-element-fa2562c e-con-full e-flex e-con e-child\" data-id=\"fa2562c\" data-element_type=\"container\" data-e-type=\"container\" data-settings=\"{&quot;ekit_has_onepagescroll_dot&quot;:&quot;yes&quot;}\">\n\t\t\t\t<div class=\"elementor-element elementor-element-ec86a51 elementor-widget elementor-widget-image\" data-id=\"ec86a51\" data-element_type=\"widget\" data-e-type=\"widget\" data-settings=\"{&quot;ekit_we_effect_on&quot;:&quot;none&quot;}\" data-widget_type=\"image.default\">\n\t\t\t\t\t\t\t\t\t\t\t\t\t\t\t<img loading=\"lazy\" decoding=\"async\" width=\"800\" height=\"534\" src=\"https:\/\/lanacional.org\/wp-content\/uploads\/2025\/06\/tarta-de-limon-la-nacional-1024x683.webp\" class=\"attachment-large size-large wp-image-3564\" alt=\"Tarta de lim\u00f3n\" srcset=\"https:\/\/lanacional.org\/wp-content\/uploads\/2025\/06\/tarta-de-limon-la-nacional-1024x683.webp 1024w, https:\/\/lanacional.org\/wp-content\/uploads\/2025\/06\/tarta-de-limon-la-nacional-300x200.webp 300w, https:\/\/lanacional.org\/wp-content\/uploads\/2025\/06\/tarta-de-limon-la-nacional-768x512.webp 768w, https:\/\/lanacional.org\/wp-content\/uploads\/2025\/06\/tarta-de-limon-la-nacional.webp 1080w\" sizes=\"(max-width: 800px) 100vw, 800px\" \/>\t\t\t\t\t\t\t\t\t\t\t\t\t\t\t<\/div>\n\t\t\t\t<div class=\"elementor-element elementor-element-2c703e7 elementor-widget elementor-widget-heading\" data-id=\"2c703e7\" data-element_type=\"widget\" data-e-type=\"widget\" data-settings=\"{&quot;ekit_we_effect_on&quot;:&quot;none&quot;}\" data-widget_type=\"heading.default\">\n\t\t\t\t\t<h4 class=\"elementor-heading-title elementor-size-default\">Tarta de Lim\u00f3n<\/h4>\t\t\t\t<\/div>\n\t\t\t\t<\/div>\n\t\t<div role=\"region\" aria-labelledby=\"e-n-accordion-item-2348\" class=\"elementor-element elementor-element-8229708 e-con-full e-flex e-con e-child\" data-id=\"8229708\" data-element_type=\"container\" data-e-type=\"container\" data-settings=\"{&quot;ekit_has_onepagescroll_dot&quot;:&quot;yes&quot;}\">\n\t\t\t\t<div class=\"elementor-element elementor-element-7028f1b elementor-widget elementor-widget-image\" data-id=\"7028f1b\" data-element_type=\"widget\" data-e-type=\"widget\" data-settings=\"{&quot;ekit_we_effect_on&quot;:&quot;none&quot;}\" data-widget_type=\"image.default\">\n\t\t\t\t\t\t\t\t\t\t\t\t\t\t\t<img loading=\"lazy\" decoding=\"async\" width=\"800\" height=\"534\" src=\"https:\/\/lanacional.org\/wp-content\/uploads\/2025\/06\/homemade-ice-cream-la-nacional-1024x683.webp\" class=\"attachment-large size-large wp-image-3565\" alt=\"Helado casero espa\u00f1ol\" srcset=\"https:\/\/lanacional.org\/wp-content\/uploads\/2025\/06\/homemade-ice-cream-la-nacional-1024x683.webp 1024w, https:\/\/lanacional.org\/wp-content\/uploads\/2025\/06\/homemade-ice-cream-la-nacional-300x200.webp 300w, https:\/\/lanacional.org\/wp-content\/uploads\/2025\/06\/homemade-ice-cream-la-nacional-768x512.webp 768w, https:\/\/lanacional.org\/wp-content\/uploads\/2025\/06\/homemade-ice-cream-la-nacional.webp 1080w\" sizes=\"(max-width: 800px) 100vw, 800px\" \/>\t\t\t\t\t\t\t\t\t\t\t\t\t\t\t<\/div>\n\t\t\t\t<div class=\"elementor-element elementor-element-a3194ca elementor-widget elementor-widget-heading\" data-id=\"a3194ca\" data-element_type=\"widget\" data-e-type=\"widget\" data-settings=\"{&quot;ekit_we_effect_on&quot;:&quot;none&quot;}\" data-widget_type=\"heading.default\">\n\t\t\t\t\t<h4 class=\"elementor-heading-title elementor-size-default\">Helado Casero<\/h4>\t\t\t\t<\/div>\n\t\t\t\t<\/div>\n\t\t\t\t<\/div>\n\t\t\t\t<\/div>\n\t\t\t\t\t<\/details>\n\t\t\t\t\t<\/div>\n\t\t\t\t\t\t<\/div>\n\t\t\t\t\t<\/div>\n\t\t\t\t<\/div>\n\t\t<div class=\"elementor-element elementor-element-f3a4046 e-con-full e-flex e-con e-parent\" data-id=\"f3a4046\" data-element_type=\"container\" data-e-type=\"container\" data-settings=\"{&quot;background_background&quot;:&quot;classic&quot;,&quot;ekit_has_onepagescroll_dot&quot;:&quot;yes&quot;}\">\n\t\t<div class=\"elementor-element elementor-element-8a0db17 e-con-full e-flex e-con e-child\" data-id=\"8a0db17\" data-element_type=\"container\" data-e-type=\"container\" data-settings=\"{&quot;ekit_has_onepagescroll_dot&quot;:&quot;yes&quot;}\">\n\t\t<div class=\"elementor-element elementor-element-ad6209a e-con-full e-flex e-con e-child\" data-id=\"ad6209a\" data-element_type=\"container\" data-e-type=\"container\" data-settings=\"{&quot;ekit_has_onepagescroll_dot&quot;:&quot;yes&quot;}\">\n\t\t\t\t<div class=\"elementor-element elementor-element-893542e elementor-widget__width-initial elementor-widget elementor-widget-heading\" data-id=\"893542e\" data-element_type=\"widget\" data-e-type=\"widget\" data-settings=\"{&quot;ekit_we_effect_on&quot;:&quot;none&quot;}\" data-widget_type=\"heading.default\">\n\t\t\t\t\t<h2 class=\"elementor-heading-title elementor-size-default\">Del brunch al Happy Hour: <em>sabores para cada momento<\/em><\/h2>\t\t\t\t<\/div>\n\t\t\t\t<\/div>\n\t\t<div class=\"elementor-element elementor-element-babc84c e-con-full e-flex e-con e-child\" data-id=\"babc84c\" data-element_type=\"container\" data-e-type=\"container\" data-settings=\"{&quot;ekit_has_onepagescroll_dot&quot;:&quot;yes&quot;}\">\n\t\t\t\t<div class=\"elementor-element elementor-element-9b42215 elementor-widget elementor-widget-text-editor\" data-id=\"9b42215\" data-element_type=\"widget\" data-e-type=\"widget\" data-settings=\"{&quot;ekit_we_effect_on&quot;:&quot;none&quot;}\" data-widget_type=\"text-editor.default\">\n\t\t\t\t\t\t\t\t\t<p>En La Nacional nos enorgullece ser un lugar para todos: desde vecinos del barrio y amantes de la gastronom\u00eda de fuera, hasta espa\u00f1oles que buscan un sabor de casa. Ofrecemos una selecci\u00f3n de men\u00fas especiales pensados para todos los gustos y momentos. Ven a disfrutar de un brunch espa\u00f1ol relajado con cl\u00e1sicos como los huevos rotos, desconecta despu\u00e9s del trabajo con nuestro animado happy hour con precios especiales en comida y bebida, o d\u00e9jate llevar por Espa\u00f1a a trav\u00e9s de nuestra cuidada selecci\u00f3n de vinos, con bodegas familiares del coraz\u00f3n del campo espa\u00f1ol.  <\/p>\t\t\t\t\t\t\t\t<\/div>\n\t\t\t\t<\/div>\n\t\t\t\t<\/div>\n\t\t\t\t<\/div>\n\t\t<div class=\"elementor-element elementor-element-bde554a e-con-full e-flex e-con e-parent\" data-id=\"bde554a\" data-element_type=\"container\" data-e-type=\"container\" data-settings=\"{&quot;background_background&quot;:&quot;classic&quot;,&quot;ekit_has_onepagescroll_dot&quot;:&quot;yes&quot;}\">\n\t\t<div class=\"elementor-element elementor-element-7d7d8ed e-con-full e-flex e-con e-child\" data-id=\"7d7d8ed\" data-element_type=\"container\" data-e-type=\"container\" data-settings=\"{&quot;background_background&quot;:&quot;classic&quot;,&quot;ekit_has_onepagescroll_dot&quot;:&quot;yes&quot;}\">\n\t\t\t\t<\/div>\n\t\t<div class=\"elementor-element elementor-element-b94a4af e-con-full e-flex e-con e-child\" data-id=\"b94a4af\" data-element_type=\"container\" data-e-type=\"container\" id=\"brunch-menu\" data-settings=\"{&quot;ekit_has_onepagescroll_dot&quot;:&quot;yes&quot;}\">\n\t\t\t\t<div class=\"elementor-element elementor-element-162cbfe elementor-widget-divider--view-line elementor-widget elementor-widget-divider\" data-id=\"162cbfe\" data-element_type=\"widget\" data-e-type=\"widget\" data-settings=\"{&quot;ekit_we_effect_on&quot;:&quot;none&quot;}\" data-widget_type=\"divider.default\">\n\t\t\t\t\t\t\t<div class=\"elementor-divider\">\n\t\t\t<span class=\"elementor-divider-separator\">\n\t\t\t\t\t\t<\/span>\n\t\t<\/div>\n\t\t\t\t\t\t<\/div>\n\t\t\t\t<div class=\"elementor-element elementor-element-c5df960 elementor-widget elementor-widget-heading\" data-id=\"c5df960\" data-element_type=\"widget\" data-e-type=\"widget\" data-settings=\"{&quot;ekit_we_effect_on&quot;:&quot;none&quot;}\" data-widget_type=\"heading.default\">\n\t\t\t\t\t<h2 class=\"elementor-heading-title elementor-size-default\">Men\u00fa Brunch<\/h2>\t\t\t\t<\/div>\n\t\t\t\t<div class=\"elementor-element elementor-element-d6457ea elementor-widget elementor-widget-text-editor\" data-id=\"d6457ea\" data-element_type=\"widget\" data-e-type=\"widget\" data-settings=\"{&quot;ekit_we_effect_on&quot;:&quot;none&quot;}\" data-widget_type=\"text-editor.default\">\n\t\t\t\t\t\t\t\t\t<p>Disfruta de un brunch relajado con sangr\u00eda, torrija, gazpacho espa\u00f1ol y mucho m\u00e1s. Nuestro men\u00fa le da un toque mediterr\u00e1neo a los cl\u00e1sicos de tu fin de semana. <\/p>\t\t\t\t\t\t\t\t<\/div>\n\t\t\t\t<div class=\"elementor-element elementor-element-a0f7066 elementor-align-left brunch-menu-btn elementor-widget__width-auto elementor-widget elementor-widget-elementskit-button\" data-id=\"a0f7066\" data-element_type=\"widget\" data-e-type=\"widget\" data-settings=\"{&quot;ekit_we_effect_on&quot;:&quot;none&quot;}\" data-widget_type=\"elementskit-button.default\">\n\t\t\t\t\t<div class=\"ekit-wid-con\" >\t\t<div class=\"ekit-btn-wraper\">\n\t\t\t\t\t\t\t<a href=\"\" target=\"_blank\" class=\"elementskit-btn  whitespace--normal\" id=\"\">\n\t\t\t\t\tVer Men\u00fa Brunch<svg xmlns=\"http:\/\/www.w3.org\/2000\/svg\" width=\"103\" height=\"16\" viewBox=\"0 0 103 16\" fill=\"none\"><path d=\"M1.51685 7C0.964561 7 0.516846 7.44772 0.516846 8C0.516846 8.55228 0.964561 9 1.51685 9L1.51685 7ZM102.224 8.7071C102.614 8.31657 102.614 7.68341 102.224 7.29288L95.86 0.928924C95.4695 0.5384 94.8363 0.5384 94.4458 0.928924C94.0553 1.31945 94.0553 1.95261 94.4458 2.34314L100.103 7.99999L94.4458 13.6568C94.0553 14.0474 94.0553 14.6805 94.4458 15.0711C94.8363 15.4616 95.4695 15.4616 95.86 15.0711L102.224 8.7071ZM1.51685 8L1.51685 9L101.517 8.99999L101.517 7.99999L101.517 6.99999L1.51685 7L1.51685 8Z\" fill=\"#FFFFEF\"><\/path><\/svg>\t\t\t\t<\/a>\n\t\t\t\t\t<\/div>\n        <\/div>\t\t\t\t<\/div>\n\t\t\t\t<\/div>\n\t\t\t\t<\/div>\n\t\t<div class=\"elementor-element elementor-element-30c8cf2 e-con-full e-flex e-con e-parent\" data-id=\"30c8cf2\" data-element_type=\"container\" data-e-type=\"container\" data-settings=\"{&quot;background_background&quot;:&quot;classic&quot;,&quot;ekit_has_onepagescroll_dot&quot;:&quot;yes&quot;}\">\n\t\t<div class=\"elementor-element elementor-element-0f1ca8d e-con-full e-flex e-con e-child\" data-id=\"0f1ca8d\" data-element_type=\"container\" data-e-type=\"container\" data-settings=\"{&quot;background_background&quot;:&quot;classic&quot;,&quot;ekit_has_onepagescroll_dot&quot;:&quot;yes&quot;}\">\n\t\t\t\t<\/div>\n\t\t<div class=\"elementor-element elementor-element-3d5a7e0 e-con-full e-flex e-con e-child\" data-id=\"3d5a7e0\" data-element_type=\"container\" data-e-type=\"container\" id=\"happy-hour-menu\" data-settings=\"{&quot;ekit_has_onepagescroll_dot&quot;:&quot;yes&quot;}\">\n\t\t\t\t<div class=\"elementor-element elementor-element-1d316c5 elementor-widget-divider--view-line elementor-widget elementor-widget-divider\" data-id=\"1d316c5\" data-element_type=\"widget\" data-e-type=\"widget\" data-settings=\"{&quot;ekit_we_effect_on&quot;:&quot;none&quot;}\" data-widget_type=\"divider.default\">\n\t\t\t\t\t\t\t<div class=\"elementor-divider\">\n\t\t\t<span class=\"elementor-divider-separator\">\n\t\t\t\t\t\t<\/span>\n\t\t<\/div>\n\t\t\t\t\t\t<\/div>\n\t\t\t\t<div class=\"elementor-element elementor-element-2bf7101 elementor-widget elementor-widget-heading\" data-id=\"2bf7101\" data-element_type=\"widget\" data-e-type=\"widget\" data-settings=\"{&quot;ekit_we_effect_on&quot;:&quot;none&quot;}\" data-widget_type=\"heading.default\">\n\t\t\t\t\t<h2 class=\"elementor-heading-title elementor-size-default\">Men\u00fa Happy Hour<\/h2>\t\t\t\t<\/div>\n\t\t\t\t<div class=\"elementor-element elementor-element-4d7bfcf elementor-widget elementor-widget-text-editor\" data-id=\"4d7bfcf\" data-element_type=\"widget\" data-e-type=\"widget\" data-settings=\"{&quot;ekit_we_effect_on&quot;:&quot;none&quot;}\" data-widget_type=\"text-editor.default\">\n\t\t\t\t\t\t\t\t\t<p>Disfruta de tapas y bebidas seleccionadas a precios especiales durante nuestro animado happy hour en La Nacional. El plan perfecto para desconectar despu\u00e9s del trabajo, con el ambiente que lo acompa\u00f1a. <\/p>\t\t\t\t\t\t\t\t<\/div>\n\t\t\t\t<div class=\"elementor-element elementor-element-09b684d elementor-align-left brunch-menu-btn elementor-widget__width-auto elementor-widget elementor-widget-elementskit-button\" data-id=\"09b684d\" data-element_type=\"widget\" data-e-type=\"widget\" data-settings=\"{&quot;ekit_we_effect_on&quot;:&quot;none&quot;}\" data-widget_type=\"elementskit-button.default\">\n\t\t\t\t\t<div class=\"ekit-wid-con\" >\t\t<div class=\"ekit-btn-wraper\">\n\t\t\t\t\t\t\t<a href=\"\" target=\"_blank\" class=\"elementskit-btn  whitespace--normal\" id=\"\">\n\t\t\t\t\tVer Men\u00fa Happy Hour<svg xmlns=\"http:\/\/www.w3.org\/2000\/svg\" width=\"103\" height=\"16\" viewBox=\"0 0 103 16\" fill=\"none\"><path d=\"M1.51685 7C0.964561 7 0.516846 7.44772 0.516846 8C0.516846 8.55228 0.964561 9 1.51685 9L1.51685 7ZM102.224 8.7071C102.614 8.31657 102.614 7.68341 102.224 7.29288L95.86 0.928924C95.4695 0.5384 94.8363 0.5384 94.4458 0.928924C94.0553 1.31945 94.0553 1.95261 94.4458 2.34314L100.103 7.99999L94.4458 13.6568C94.0553 14.0474 94.0553 14.6805 94.4458 15.0711C94.8363 15.4616 95.4695 15.4616 95.86 15.0711L102.224 8.7071ZM1.51685 8L1.51685 9L101.517 8.99999L101.517 7.99999L101.517 6.99999L1.51685 7L1.51685 8Z\" fill=\"#FFFFEF\"><\/path><\/svg>\t\t\t\t<\/a>\n\t\t\t\t\t<\/div>\n        <\/div>\t\t\t\t<\/div>\n\t\t\t\t<\/div>\n\t\t\t\t<\/div>\n\t\t<div class=\"elementor-element elementor-element-fa3d4e7 e-con-full e-flex e-con e-parent\" data-id=\"fa3d4e7\" data-element_type=\"container\" data-e-type=\"container\" data-settings=\"{&quot;background_background&quot;:&quot;classic&quot;,&quot;ekit_has_onepagescroll_dot&quot;:&quot;yes&quot;}\">\n\t\t<div class=\"elementor-element elementor-element-d04587c e-con-full e-flex e-con e-child\" data-id=\"d04587c\" data-element_type=\"container\" data-e-type=\"container\" data-settings=\"{&quot;background_background&quot;:&quot;classic&quot;,&quot;ekit_has_onepagescroll_dot&quot;:&quot;yes&quot;}\">\n\t\t\t\t<\/div>\n\t\t<div class=\"elementor-element elementor-element-1134f87 e-con-full e-flex e-con e-child\" data-id=\"1134f87\" data-element_type=\"container\" data-e-type=\"container\" id=\"wine-menu\" data-settings=\"{&quot;ekit_has_onepagescroll_dot&quot;:&quot;yes&quot;}\">\n\t\t\t\t<div class=\"elementor-element elementor-element-b78baee elementor-widget-divider--view-line elementor-widget elementor-widget-divider\" data-id=\"b78baee\" data-element_type=\"widget\" data-e-type=\"widget\" data-settings=\"{&quot;ekit_we_effect_on&quot;:&quot;none&quot;}\" data-widget_type=\"divider.default\">\n\t\t\t\t\t\t\t<div class=\"elementor-divider\">\n\t\t\t<span class=\"elementor-divider-separator\">\n\t\t\t\t\t\t<\/span>\n\t\t<\/div>\n\t\t\t\t\t\t<\/div>\n\t\t\t\t<div class=\"elementor-element elementor-element-0a709f5 elementor-widget elementor-widget-heading\" data-id=\"0a709f5\" data-element_type=\"widget\" data-e-type=\"widget\" data-settings=\"{&quot;ekit_we_effect_on&quot;:&quot;none&quot;}\" data-widget_type=\"heading.default\">\n\t\t\t\t\t<h2 class=\"elementor-heading-title elementor-size-default\">Men\u00fa de Vinos<\/h2>\t\t\t\t<\/div>\n\t\t\t\t<div class=\"elementor-element elementor-element-2c01c52 elementor-widget elementor-widget-text-editor\" data-id=\"2c01c52\" data-element_type=\"widget\" data-e-type=\"widget\" data-settings=\"{&quot;ekit_we_effect_on&quot;:&quot;none&quot;}\" data-widget_type=\"text-editor.default\">\n\t\t\t\t\t\t\t\t\t<p><span style=\"font-weight: 400;\">Descubre nuestra cuidada selecci\u00f3n de vinos espa\u00f1oles: desde frescos Albari\u00f1os hasta potentes Riojas, elegidos para maridar a la perfecci\u00f3n con nuestro men\u00fa y transportarte a Espa\u00f1a en cada sorbo.<\/span><\/p>\t\t\t\t\t\t\t\t<\/div>\n\t\t\t\t<div class=\"elementor-element elementor-element-856c934 elementor-align-left brunch-menu-btn elementor-widget__width-auto elementor-widget elementor-widget-elementskit-button\" data-id=\"856c934\" data-element_type=\"widget\" data-e-type=\"widget\" data-settings=\"{&quot;ekit_we_effect_on&quot;:&quot;none&quot;}\" data-widget_type=\"elementskit-button.default\">\n\t\t\t\t\t<div class=\"ekit-wid-con\" >\t\t<div class=\"ekit-btn-wraper\">\n\t\t\t\t\t\t\t<a href=\"\" target=\"_blank\" class=\"elementskit-btn  whitespace--normal\" id=\"\">\n\t\t\t\t\tVer lista de vinos<svg xmlns=\"http:\/\/www.w3.org\/2000\/svg\" width=\"103\" height=\"16\" viewBox=\"0 0 103 16\" fill=\"none\"><path d=\"M1.51685 7C0.964561 7 0.516846 7.44772 0.516846 8C0.516846 8.55228 0.964561 9 1.51685 9L1.51685 7ZM102.224 8.7071C102.614 8.31657 102.614 7.68341 102.224 7.29288L95.86 0.928924C95.4695 0.5384 94.8363 0.5384 94.4458 0.928924C94.0553 1.31945 94.0553 1.95261 94.4458 2.34314L100.103 7.99999L94.4458 13.6568C94.0553 14.0474 94.0553 14.6805 94.4458 15.0711C94.8363 15.4616 95.4695 15.4616 95.86 15.0711L102.224 8.7071ZM1.51685 8L1.51685 9L101.517 8.99999L101.517 7.99999L101.517 6.99999L1.51685 7L1.51685 8Z\" fill=\"#FFFFEF\"><\/path><\/svg>\t\t\t\t<\/a>\n\t\t\t\t\t<\/div>\n        <\/div>\t\t\t\t<\/div>\n\t\t\t\t<\/div>\n\t\t\t\t<\/div>\n\t\t<div class=\"elementor-element elementor-element-dcd1e6a e-con-full elementor-hidden-tablet elementor-hidden-mobile e-flex e-con e-parent\" data-id=\"dcd1e6a\" data-element_type=\"container\" data-e-type=\"container\" id=\"prix-fixe\" data-settings=\"{&quot;background_background&quot;:&quot;classic&quot;,&quot;ekit_has_onepagescroll_dot&quot;:&quot;yes&quot;}\">\n\t\t<div class=\"elementor-element elementor-element-376b9bb e-con-full e-flex e-con e-child\" data-id=\"376b9bb\" data-element_type=\"container\" data-e-type=\"container\" data-settings=\"{&quot;ekit_has_onepagescroll_dot&quot;:&quot;yes&quot;}\">\n\t\t\t\t<div class=\"elementor-element elementor-element-37dd65b elementor-widget elementor-widget-text-editor\" data-id=\"37dd65b\" data-element_type=\"widget\" data-e-type=\"widget\" data-settings=\"{&quot;ekit_we_effect_on&quot;:&quot;none&quot;}\" data-widget_type=\"text-editor.default\">\n\t\t\t\t\t\t\t\t\t<p>Comidas en grupo<\/p>\t\t\t\t\t\t\t\t<\/div>\n\t\t\t\t<div class=\"elementor-element elementor-element-707b0ce elementor-widget__width-initial elementor-widget elementor-widget-heading\" data-id=\"707b0ce\" data-element_type=\"widget\" data-e-type=\"widget\" data-settings=\"{&quot;ekit_we_effect_on&quot;:&quot;none&quot;}\" data-widget_type=\"heading.default\">\n\t\t\t\t\t<h2 class=\"elementor-heading-title elementor-size-default\">Men\u00fa <em>Prix Fixe<\/em><\/h2>\t\t\t\t<\/div>\n\t\t\t\t<div class=\"elementor-element elementor-element-ed28515 elementor-widget elementor-widget-text-editor\" data-id=\"ed28515\" data-element_type=\"widget\" data-e-type=\"widget\" data-settings=\"{&quot;ekit_we_effect_on&quot;:&quot;none&quot;}\" data-widget_type=\"text-editor.default\">\n\t\t\t\t\t\t\t\t\t<p>\u00bfVas a venir con un grupo grande? Puedes elegir entre nuestro amplio <span style=\"color: #860200;\"><a style=\"color: #860200;\" href=\"https:\/\/lanacional.org\/es\/restaurante-nuestros-espacios#private-room\">sal\u00f3n privado<\/a><\/span>, la animada <span style=\"color: #860200;\"><a style=\"color: #860200;\" href=\"https:\/\/lanacional.org\/es\/restaurante-nuestros-espacios#communal-table\">mesa comunal<\/a><\/span> o comer al aire libre bajo las estrellas. \u00a1La Nacional siempre ha sido un lugar perfecto para reuniones en grupo! Nuestro men\u00fa Prix Fixe, ideal para 9 personas o m\u00e1s, re\u00fane lo mejor de nuestra carta para compartir y se puede disfrutar con o sin bebidas ilimitadas. Haz que tu celebraci\u00f3n sea f\u00e1cil\u2026 y deliciosa.    <\/p>\t\t\t\t\t\t\t\t<\/div>\n\t\t<div class=\"elementor-element elementor-element-bdfb312 e-con-full e-flex e-con e-child\" data-id=\"bdfb312\" data-element_type=\"container\" data-e-type=\"container\" data-settings=\"{&quot;ekit_has_onepagescroll_dot&quot;:&quot;yes&quot;}\">\n\t\t<div class=\"elementor-element elementor-element-21195a2 e-con-full e-flex e-con e-child\" data-id=\"21195a2\" data-element_type=\"container\" data-e-type=\"container\" data-settings=\"{&quot;ekit_has_onepagescroll_dot&quot;:&quot;yes&quot;}\">\n\t\t\t\t<div class=\"elementor-element elementor-element-11e24e1 elementor-align-left elementor-widget__width-auto elementor-widget elementor-widget-elementskit-button\" data-id=\"11e24e1\" data-element_type=\"widget\" data-e-type=\"widget\" data-settings=\"{&quot;ekit_we_effect_on&quot;:&quot;none&quot;}\" data-widget_type=\"elementskit-button.default\">\n\t\t\t\t\t<div class=\"ekit-wid-con\" >\t\t<div class=\"ekit-btn-wraper\">\n\t\t\t\t\t\t\t<a href=\"https:\/\/lanacional.org\/wp-content\/uploads\/2025\/09\/Prix_Fixe_Menu.pdf\" target=\"_blank\" class=\"elementskit-btn  whitespace--normal\" id=\"\">\n\t\t\t\t\tDownload our Prix Fixe menu<svg xmlns=\"http:\/\/www.w3.org\/2000\/svg\" width=\"103\" height=\"16\" viewBox=\"0 0 103 16\" fill=\"none\"><path d=\"M1.51685 7C0.964561 7 0.516846 7.44772 0.516846 8C0.516846 8.55228 0.964561 9 1.51685 9L1.51685 7ZM102.224 8.7071C102.614 8.31657 102.614 7.68341 102.224 7.29288L95.86 0.928924C95.4695 0.5384 94.8363 0.5384 94.4458 0.928924C94.0553 1.31945 94.0553 1.95261 94.4458 2.34314L100.103 7.99999L94.4458 13.6568C94.0553 14.0474 94.0553 14.6805 94.4458 15.0711C94.8363 15.4616 95.4695 15.4616 95.86 15.0711L102.224 8.7071ZM1.51685 8L1.51685 9L101.517 8.99999L101.517 7.99999L101.517 6.99999L1.51685 7L1.51685 8Z\" fill=\"#FFFFEF\"><\/path><\/svg>\t\t\t\t<\/a>\n\t\t\t\t\t<\/div>\n        <\/div>\t\t\t\t<\/div>\n\t\t\t\t<\/div>\n\t\t<div class=\"elementor-element elementor-element-58c5aee e-con-full e-flex e-con e-child\" data-id=\"58c5aee\" data-element_type=\"container\" data-e-type=\"container\" data-settings=\"{&quot;ekit_has_onepagescroll_dot&quot;:&quot;yes&quot;}\">\n\t\t\t\t<div class=\"elementor-element elementor-element-2a157a3 elementor-align-right elementor-widget__width-auto elementor-widget elementor-widget-elementskit-button\" data-id=\"2a157a3\" data-element_type=\"widget\" data-e-type=\"widget\" data-settings=\"{&quot;ekit_we_effect_on&quot;:&quot;none&quot;}\" data-widget_type=\"elementskit-button.default\">\n\t\t\t\t\t<div class=\"ekit-wid-con\" >\t\t<div class=\"ekit-btn-wraper\">\n\t\t\t\t\t\t\t<a href=\"https:\/\/lanacional.org\/es\/contacto\" target=\"_blank\" class=\"elementskit-btn  whitespace--normal\" id=\"\">\n\t\t\t\t\tCont\u00e1ctenos para hacer una reserva grupal<svg xmlns=\"http:\/\/www.w3.org\/2000\/svg\" width=\"103\" height=\"16\" viewBox=\"0 0 103 16\" fill=\"none\"><path d=\"M1.51685 7C0.964561 7 0.516846 7.44772 0.516846 8C0.516846 8.55228 0.964561 9 1.51685 9L1.51685 7ZM102.224 8.7071C102.614 8.31657 102.614 7.68341 102.224 7.29288L95.86 0.928924C95.4695 0.5384 94.8363 0.5384 94.4458 0.928924C94.0553 1.31945 94.0553 1.95261 94.4458 2.34314L100.103 7.99999L94.4458 13.6568C94.0553 14.0474 94.0553 14.6805 94.4458 15.0711C94.8363 15.4616 95.4695 15.4616 95.86 15.0711L102.224 8.7071ZM1.51685 8L1.51685 9L101.517 8.99999L101.517 7.99999L101.517 6.99999L1.51685 7L1.51685 8Z\" fill=\"#FFFFEF\"><\/path><\/svg>\t\t\t\t<\/a>\n\t\t\t\t\t<\/div>\n        <\/div>\t\t\t\t<\/div>\n\t\t\t\t<\/div>\n\t\t\t\t<\/div>\n\t\t\t\t<\/div>\n\t\t<div class=\"elementor-element elementor-element-aca8bb1 e-con-full e-flex e-con e-child\" data-id=\"aca8bb1\" data-element_type=\"container\" data-e-type=\"container\" data-settings=\"{&quot;ekit_has_onepagescroll_dot&quot;:&quot;yes&quot;}\">\n\t\t\t\t<div class=\"elementor-element elementor-element-fcaebce elementor-widget elementor-widget-ucaddon_pdf_viewer\" data-id=\"fcaebce\" data-element_type=\"widget\" data-e-type=\"widget\" data-settings=\"{&quot;ekit_we_effect_on&quot;:&quot;none&quot;}\" data-widget_type=\"ucaddon_pdf_viewer.default\">\n\t\t\t\t<div class=\"elementor-widget-container\">\n\t\t\t\t\t\n<!-- start PDF Viewer -->\n<style>\/* widget: PDF Viewer *\/\n\n#uc_pdf_viewer_elementor_fcaebce{\n  min-height: 1px;\n}\n\n#uc_pdf_viewer_elementor_fcaebce .ue-pdf-viewer-nav-buttons{\n  display: flex;\n}\n\n#uc_pdf_viewer_elementor_fcaebce .ue-pdf-viewer-nav-arrow{\n  display: inline-flex;\n  align-items: center;\n  justify-content: center;\n  cursor: pointer;\n}\n\n#uc_pdf_viewer_elementor_fcaebce .ue-pdf-viewer-nav-arrow-icon{\n  display: flex;\n  align-items: center;\n  justify-content: center;\n}\n\n#uc_pdf_viewer_elementor_fcaebce .ue-pdf-viewer-nav{\n  display: flex;\n}\n\n#uc_pdf_viewer_elementor_fcaebce .ue-pdf-viewer-fullscreen{\n  display: inline-block;\n  transition: all .3s ease;\n}\n\n<\/style>\n\n\n<div id=\"uc_pdf_viewer_elementor_fcaebce\" class=\"ue-pdf-viewer\">\n  \n      \n  \t  <div class=\"ue-pdf-viewer-nav\">\n  \n                  <div class=\"ue-pdf-viewer-nav-arrows\">\n            <div class=\"ue-pdf-viewer-nav-arrow ue-pdf-viewer-nav-arrows-prev\">\n              <span class=\"ue-pdf-viewer-nav-arrow-icon ue-pdf-viewer-nav-arrow-icon-prev\"><i class='icon icon-chevron-left'><\/i><\/span>\n              <span class=\"ue-pdf-viewer-nav-arrow-text ue-pdf-viewer-nav-arrow-text-prev\"><\/span>\n            <\/div>\n\n            <div class=\"ue-pdf-viewer-nav-arrow ue-pdf-viewer-nav-arrows-next\">\n              <span class=\"ue-pdf-viewer-nav-arrow-icon ue-pdf-viewer-nav-arrow-icon-next\"><i class='icon icon-chevron-right'><\/i><\/span>\n              <span class=\"ue-pdf-viewer-nav-arrow-text ue-pdf-viewer-nav-arrow-text-next\"><\/span>\n            <\/div> \n          <\/div>\n        \t\n\n                  <div class=\"ue-pdf-viewer-pages\">\n            <span class=\"ue-pdf-viewer-pages-page_num\"><\/span> \/ <span class=\"ue-pdf-viewer-pages-page_count\"><\/span>\n          <\/div>\n          \t\n\n          \n        \n      <\/div>  \n\n      <canvas class=\"ue-pdf-viewer-canvas\"><\/canvas>\n  \t\t\n       \n  \n    <\/div>\n\n<script type=\"module\">\n\n<\/script>\n<!-- end PDF Viewer -->\t\t\t\t<\/div>\n\t\t\t\t<\/div>\n\t\t\t\t<\/div>\n\t\t\t\t<\/div>\n\t\t<div class=\"elementor-element elementor-element-bd57380 e-con-full elementor-hidden-desktop e-flex e-con e-parent\" data-id=\"bd57380\" data-element_type=\"container\" data-e-type=\"container\" data-settings=\"{&quot;background_background&quot;:&quot;classic&quot;,&quot;ekit_has_onepagescroll_dot&quot;:&quot;yes&quot;}\">\n\t\t<div class=\"elementor-element elementor-element-78dff0a e-con-full e-flex e-con e-child\" data-id=\"78dff0a\" data-element_type=\"container\" data-e-type=\"container\" data-settings=\"{&quot;ekit_has_onepagescroll_dot&quot;:&quot;yes&quot;}\">\n\t\t\t\t<div class=\"elementor-element elementor-element-069c058 elementor-widget elementor-widget-text-editor\" data-id=\"069c058\" data-element_type=\"widget\" data-e-type=\"widget\" data-settings=\"{&quot;ekit_we_effect_on&quot;:&quot;none&quot;}\" data-widget_type=\"text-editor.default\">\n\t\t\t\t\t\t\t\t\t<p>Comidas en grupo<\/p>\t\t\t\t\t\t\t\t<\/div>\n\t\t\t\t<div class=\"elementor-element elementor-element-24bfafc elementor-widget elementor-widget-heading\" data-id=\"24bfafc\" data-element_type=\"widget\" data-e-type=\"widget\" data-settings=\"{&quot;ekit_we_effect_on&quot;:&quot;none&quot;}\" data-widget_type=\"heading.default\">\n\t\t\t\t\t<h2 class=\"elementor-heading-title elementor-size-default\">Men\u00fa <em>Prix Fixe<\/em><\/h2>\t\t\t\t<\/div>\n\t\t<div class=\"elementor-element elementor-element-c1685fc e-con-full e-flex e-con e-child\" data-id=\"c1685fc\" data-element_type=\"container\" data-e-type=\"container\" data-settings=\"{&quot;ekit_has_onepagescroll_dot&quot;:&quot;yes&quot;}\">\n\t\t<div class=\"elementor-element elementor-element-738d4b6 e-con-full e-flex e-con e-child\" data-id=\"738d4b6\" data-element_type=\"container\" data-e-type=\"container\" data-settings=\"{&quot;ekit_has_onepagescroll_dot&quot;:&quot;yes&quot;}\">\n\t\t<div class=\"elementor-element elementor-element-c61e6ad e-con-full e-flex e-con e-child\" data-id=\"c61e6ad\" data-element_type=\"container\" data-e-type=\"container\" data-settings=\"{&quot;ekit_has_onepagescroll_dot&quot;:&quot;yes&quot;}\">\n\t\t\t\t<div class=\"elementor-element elementor-element-019d62b elementor-widget elementor-widget-text-editor\" data-id=\"019d62b\" data-element_type=\"widget\" data-e-type=\"widget\" data-settings=\"{&quot;ekit_we_effect_on&quot;:&quot;none&quot;}\" data-widget_type=\"text-editor.default\">\n\t\t\t\t\t\t\t\t\t<p>\u00bfVas a venir con un grupo grande? Puedes elegir entre nuestro amplio <span style=\"color: #860200;\"><a style=\"color: #860200;\" href=\"https:\/\/lanacional.org\/es\/restaurante-nuestros-espacios#private-room\">sal\u00f3n privado<\/a><\/span>, la animada <span style=\"color: #860200;\"><a style=\"color: #860200;\" href=\"https:\/\/lanacional.org\/es\/restaurante-nuestros-espacios#communal-table\">mesa comunal<\/a><\/span> o comer al aire libre bajo las estrellas. \u00a1La Nacional siempre ha sido un lugar perfecto para reuniones en grupo! Nuestro men\u00fa Prix Fixe, ideal para 9 personas o m\u00e1s, re\u00fane lo mejor de nuestra carta para compartir y se puede disfrutar con o sin bebidas ilimitadas. Haz que tu celebraci\u00f3n sea f\u00e1cil\u2026 y deliciosa.    <\/p>\t\t\t\t\t\t\t\t<\/div>\n\t\t\t\t<div class=\"elementor-element elementor-element-0963ab0 elementor-align-left elementor-widget__width-auto elementor-widget elementor-widget-elementskit-button\" data-id=\"0963ab0\" data-element_type=\"widget\" data-e-type=\"widget\" data-settings=\"{&quot;ekit_we_effect_on&quot;:&quot;none&quot;}\" data-widget_type=\"elementskit-button.default\">\n\t\t\t\t\t<div class=\"ekit-wid-con\" >\t\t<div class=\"ekit-btn-wraper\">\n\t\t\t\t\t\t\t<a href=\"https:\/\/lanacional.org\/es\/contacto\" target=\"_blank\" class=\"elementskit-btn  whitespace--normal\" id=\"\">\n\t\t\t\t\tCont\u00e1ctenos para hacer una reserva grupal<svg xmlns=\"http:\/\/www.w3.org\/2000\/svg\" width=\"103\" height=\"16\" viewBox=\"0 0 103 16\" fill=\"none\"><path d=\"M1.51685 7C0.964561 7 0.516846 7.44772 0.516846 8C0.516846 8.55228 0.964561 9 1.51685 9L1.51685 7ZM102.224 8.7071C102.614 8.31657 102.614 7.68341 102.224 7.29288L95.86 0.928924C95.4695 0.5384 94.8363 0.5384 94.4458 0.928924C94.0553 1.31945 94.0553 1.95261 94.4458 2.34314L100.103 7.99999L94.4458 13.6568C94.0553 14.0474 94.0553 14.6805 94.4458 15.0711C94.8363 15.4616 95.4695 15.4616 95.86 15.0711L102.224 8.7071ZM1.51685 8L1.51685 9L101.517 8.99999L101.517 7.99999L101.517 6.99999L1.51685 7L1.51685 8Z\" fill=\"#FFFFEF\"><\/path><\/svg>\t\t\t\t<\/a>\n\t\t\t\t\t<\/div>\n        <\/div>\t\t\t\t<\/div>\n\t\t\t\t<\/div>\n\t\t\t\t<\/div>\n\t\t\t\t<\/div>\n\t\t\t\t<\/div>\n\t\t<div class=\"elementor-element elementor-element-741f8f6 e-con-full e-flex e-con e-child\" data-id=\"741f8f6\" data-element_type=\"container\" data-e-type=\"container\" data-settings=\"{&quot;ekit_has_onepagescroll_dot&quot;:&quot;yes&quot;}\">\n\t\t\t\t<div class=\"elementor-element elementor-element-cfa6df1 elementor-widget elementor-widget-ucaddon_pdf_viewer\" data-id=\"cfa6df1\" data-element_type=\"widget\" data-e-type=\"widget\" data-settings=\"{&quot;ekit_we_effect_on&quot;:&quot;none&quot;}\" data-widget_type=\"ucaddon_pdf_viewer.default\">\n\t\t\t\t<div class=\"elementor-widget-container\">\n\t\t\t\t\t\n<!-- start PDF Viewer -->\n<style>\/* widget: PDF Viewer *\/\n\n#uc_pdf_viewer_elementor_cfa6df1{\n  min-height: 1px;\n}\n\n#uc_pdf_viewer_elementor_cfa6df1 .ue-pdf-viewer-nav-buttons{\n  display: flex;\n}\n\n#uc_pdf_viewer_elementor_cfa6df1 .ue-pdf-viewer-nav-arrow{\n  display: inline-flex;\n  align-items: center;\n  justify-content: center;\n  cursor: pointer;\n}\n\n#uc_pdf_viewer_elementor_cfa6df1 .ue-pdf-viewer-nav-arrow-icon{\n  display: flex;\n  align-items: center;\n  justify-content: center;\n}\n\n#uc_pdf_viewer_elementor_cfa6df1 .ue-pdf-viewer-nav{\n  display: flex;\n}\n\n#uc_pdf_viewer_elementor_cfa6df1 .ue-pdf-viewer-fullscreen{\n  display: inline-block;\n  transition: all .3s ease;\n}\n\n<\/style>\n\n\n<div id=\"uc_pdf_viewer_elementor_cfa6df1\" class=\"ue-pdf-viewer\">\n  \n      \n  \t  <div class=\"ue-pdf-viewer-nav\">\n  \n                  <div class=\"ue-pdf-viewer-nav-arrows\">\n            <div class=\"ue-pdf-viewer-nav-arrow ue-pdf-viewer-nav-arrows-prev\">\n              <span class=\"ue-pdf-viewer-nav-arrow-icon ue-pdf-viewer-nav-arrow-icon-prev\"><i class='icon icon-chevron-left'><\/i><\/span>\n              <span class=\"ue-pdf-viewer-nav-arrow-text ue-pdf-viewer-nav-arrow-text-prev\"><\/span>\n            <\/div>\n\n            <div class=\"ue-pdf-viewer-nav-arrow ue-pdf-viewer-nav-arrows-next\">\n              <span class=\"ue-pdf-viewer-nav-arrow-icon ue-pdf-viewer-nav-arrow-icon-next\"><i class='icon icon-chevron-right'><\/i><\/span>\n              <span class=\"ue-pdf-viewer-nav-arrow-text ue-pdf-viewer-nav-arrow-text-next\"><\/span>\n            <\/div> \n          <\/div>\n        \t\n\n                  <div class=\"ue-pdf-viewer-pages\">\n            <span class=\"ue-pdf-viewer-pages-page_num\"><\/span> \/ <span class=\"ue-pdf-viewer-pages-page_count\"><\/span>\n          <\/div>\n          \t\n\n          \n        \n      <\/div>  \n\n      <canvas class=\"ue-pdf-viewer-canvas\"><\/canvas>\n  \t\t\n       \n  \n    <\/div>\n\n<script type=\"module\">\n\n<\/script>\n<!-- end PDF Viewer -->\t\t\t\t<\/div>\n\t\t\t\t<\/div>\n\t\t\t\t<\/div>\n\t\t\t\t<\/div>\n\t\t<div class=\"elementor-element elementor-element-c3a9b8f e-con-full e-flex e-con e-parent\" data-id=\"c3a9b8f\" data-element_type=\"container\" data-e-type=\"container\" data-settings=\"{&quot;background_background&quot;:&quot;classic&quot;,&quot;ekit_has_onepagescroll_dot&quot;:&quot;yes&quot;}\">\n\t\t<div class=\"elementor-element elementor-element-b008626 e-con-full e-flex e-con e-child\" data-id=\"b008626\" data-element_type=\"container\" data-e-type=\"container\" data-settings=\"{&quot;background_background&quot;:&quot;classic&quot;,&quot;ekit_has_onepagescroll_dot&quot;:&quot;yes&quot;}\">\n\t\t\t\t<div class=\"elementor-element elementor-element-1c8cbdd elementor-widget elementor-widget-heading\" data-id=\"1c8cbdd\" data-element_type=\"widget\" data-e-type=\"widget\" data-settings=\"{&quot;ekit_we_effect_on&quot;:&quot;none&quot;}\" data-widget_type=\"heading.default\">\n\t\t\t\t\t<h2 class=\"elementor-heading-title elementor-size-default\">Happy Hour de <em>Jam\u00f3n<\/em><\/h2>\t\t\t\t<\/div>\n\t\t\t\t<div class=\"elementor-element elementor-element-5ac9eb9 elementor-widget elementor-widget-text-editor\" data-id=\"5ac9eb9\" data-element_type=\"widget\" data-e-type=\"widget\" data-settings=\"{&quot;ekit_we_effect_on&quot;:&quot;none&quot;}\" data-widget_type=\"text-editor.default\">\n\t\t\t\t\t\t\t\t\t<p>Una de nuestras promociones m\u00e1s populares, dedicada al manjar m\u00e1s ic\u00f3nico de Espa\u00f1a: el <em>jam\u00f3n ib\u00e9rico<\/em>. Cortado a la perfecci\u00f3n por un cortador experto y servido a uno de los precios m\u00e1s accesibles al otro lado del Atl\u00e1ntico, es una aut\u00e9ntica experiencia espa\u00f1ola en un ambiente relajado y compartido. \u00a1Sigue nuestro Instagram para no perderte las pr\u00f3ximas fechas!  <\/p>\t\t\t\t\t\t\t\t<\/div>\n\t\t\t\t<div class=\"elementor-element elementor-element-cbb1fd9 elementor-align-left elementor-widget__width-auto elementor-widget elementor-widget-elementskit-button\" data-id=\"cbb1fd9\" data-element_type=\"widget\" data-e-type=\"widget\" data-settings=\"{&quot;ekit_we_effect_on&quot;:&quot;none&quot;}\" data-widget_type=\"elementskit-button.default\">\n\t\t\t\t\t<div class=\"ekit-wid-con\" >\t\t<div class=\"ekit-btn-wraper\">\n\t\t\t\t\t\t\t<a href=\"https:\/\/www.opentable.com\/r\/la-nacional-restaurant-new-york\" target=\"_blank\" class=\"elementskit-btn  whitespace--normal\" id=\"\" rel=\"noopener\">\n\t\t\t\t\tAcomp\u00e1\u00f1enos en la Happy Hour<svg xmlns=\"http:\/\/www.w3.org\/2000\/svg\" width=\"103\" height=\"16\" viewBox=\"0 0 103 16\" fill=\"none\"><path d=\"M1.51685 7C0.964561 7 0.516846 7.44772 0.516846 8C0.516846 8.55228 0.964561 9 1.51685 9L1.51685 7ZM102.224 8.7071C102.614 8.31657 102.614 7.68341 102.224 7.29288L95.86 0.928924C95.4695 0.5384 94.8363 0.5384 94.4458 0.928924C94.0553 1.31945 94.0553 1.95261 94.4458 2.34314L100.103 7.99999L94.4458 13.6568C94.0553 14.0474 94.0553 14.6805 94.4458 15.0711C94.8363 15.4616 95.4695 15.4616 95.86 15.0711L102.224 8.7071ZM1.51685 8L1.51685 9L101.517 8.99999L101.517 7.99999L101.517 6.99999L1.51685 7L1.51685 8Z\" fill=\"#272425\"><\/path><\/svg>\t\t\t\t<\/a>\n\t\t\t\t\t<\/div>\n        <\/div>\t\t\t\t<\/div>\n\t\t\t\t<\/div>\n\t\t<div class=\"elementor-element elementor-element-40dc0c4 e-con-full e-flex e-con e-child\" data-id=\"40dc0c4\" data-element_type=\"container\" data-e-type=\"container\" data-settings=\"{&quot;ekit_has_onepagescroll_dot&quot;:&quot;yes&quot;}\">\n\t\t\t\t<div class=\"elementor-element elementor-element-b6e71b4 elementor-widget elementor-widget-image\" data-id=\"b6e71b4\" data-element_type=\"widget\" data-e-type=\"widget\" data-settings=\"{&quot;ekit_we_effect_on&quot;:&quot;none&quot;}\" data-widget_type=\"image.default\">\n\t\t\t\t\t\t\t\t\t\t\t\t\t\t\t<img loading=\"lazy\" decoding=\"async\" width=\"800\" height=\"534\" src=\"https:\/\/lanacional.org\/wp-content\/uploads\/2025\/09\/Jamon_HH-lanacional-1024x683.webp\" class=\"attachment-large size-large wp-image-3569\" alt=\"Comer Jam\u00f3n Serrano en Nueva York\" srcset=\"https:\/\/lanacional.org\/wp-content\/uploads\/2025\/09\/Jamon_HH-lanacional-1024x683.webp 1024w, https:\/\/lanacional.org\/wp-content\/uploads\/2025\/09\/Jamon_HH-lanacional-300x200.webp 300w, https:\/\/lanacional.org\/wp-content\/uploads\/2025\/09\/Jamon_HH-lanacional-768x512.webp 768w, https:\/\/lanacional.org\/wp-content\/uploads\/2025\/09\/Jamon_HH-lanacional.webp 1200w\" sizes=\"(max-width: 800px) 100vw, 800px\" \/>\t\t\t\t\t\t\t\t\t\t\t\t\t\t\t<\/div>\n\t\t\t\t<\/div>\n\t\t\t\t<\/div>\n\t\t<div class=\"elementor-element elementor-element-2dbc87b e-con-full e-flex e-con e-parent\" data-id=\"2dbc87b\" data-element_type=\"container\" data-e-type=\"container\" data-settings=\"{&quot;background_background&quot;:&quot;classic&quot;,&quot;ekit_has_onepagescroll_dot&quot;:&quot;yes&quot;}\">\n\t\t<div class=\"elementor-element elementor-element-791a6e7 e-con-full elementor-hidden-tablet elementor-hidden-mobile e-flex e-con e-child\" data-id=\"791a6e7\" data-element_type=\"container\" data-e-type=\"container\" data-settings=\"{&quot;background_background&quot;:&quot;classic&quot;,&quot;ekit_has_onepagescroll_dot&quot;:&quot;yes&quot;}\">\n\t\t\t\t<div class=\"elementor-element elementor-element-b5fee22 elementor-widget elementor-widget-image\" data-id=\"b5fee22\" data-element_type=\"widget\" data-e-type=\"widget\" data-settings=\"{&quot;ekit_we_effect_on&quot;:&quot;none&quot;}\" data-widget_type=\"image.default\">\n\t\t\t\t\t\t\t\t\t\t\t\t\t\t\t<img loading=\"lazy\" decoding=\"async\" width=\"251\" height=\"501\" src=\"https:\/\/lanacional.org\/wp-content\/uploads\/2025\/06\/la-nacional-banner-izq_11zon.png\" class=\"attachment-large size-large wp-image-3571\" alt=\"la nacional banner\" srcset=\"https:\/\/lanacional.org\/wp-content\/uploads\/2025\/06\/la-nacional-banner-izq_11zon.png 251w, https:\/\/lanacional.org\/wp-content\/uploads\/2025\/06\/la-nacional-banner-izq_11zon-150x300.png 150w\" sizes=\"(max-width: 251px) 100vw, 251px\" \/>\t\t\t\t\t\t\t\t\t\t\t\t\t\t\t<\/div>\n\t\t\t\t<\/div>\n\t\t<div class=\"elementor-element elementor-element-e867c37 e-con-full e-flex e-con e-child\" data-id=\"e867c37\" data-element_type=\"container\" data-e-type=\"container\" data-settings=\"{&quot;ekit_has_onepagescroll_dot&quot;:&quot;yes&quot;}\">\n\t\t\t\t<div class=\"elementor-element elementor-element-71a3ae3 elementor-widget__width-initial elementor-widget elementor-widget-heading\" data-id=\"71a3ae3\" data-element_type=\"widget\" data-e-type=\"widget\" data-settings=\"{&quot;ekit_we_effect_on&quot;:&quot;none&quot;}\" data-widget_type=\"heading.default\">\n\t\t\t\t\t<h2 class=\"elementor-heading-title elementor-size-default\">\u00bfListo para <em>vivir<\/em> La Nacional?<\/h2>\t\t\t\t<\/div>\n\t\t\t\t<div class=\"elementor-element elementor-element-3a98d42 elementor-widget elementor-widget-text-editor\" data-id=\"3a98d42\" data-element_type=\"widget\" data-e-type=\"widget\" data-settings=\"{&quot;ekit_we_effect_on&quot;:&quot;none&quot;}\" data-widget_type=\"text-editor.default\">\n\t\t\t\t\t\t\t\t\t<p><span style=\"font-weight: 400;\">Reserva tu mesa y acomp\u00e1\u00f1anos en una experiencia gastron\u00f3mica inolvidable, inspirada en las tradiciones culinarias de Espa\u00f1a.<\/span><\/p>\t\t\t\t\t\t\t\t<\/div>\n\t\t\t\t<div class=\"elementor-element elementor-element-8cf19d9 elementor-align-left elementor-widget__width-auto elementor-widget elementor-widget-elementskit-button\" data-id=\"8cf19d9\" data-element_type=\"widget\" data-e-type=\"widget\" data-settings=\"{&quot;ekit_we_effect_on&quot;:&quot;none&quot;}\" data-widget_type=\"elementskit-button.default\">\n\t\t\t\t\t<div class=\"ekit-wid-con\" >\t\t<div class=\"ekit-btn-wraper\">\n\t\t\t\t\t\t\t<a href=\"https:\/\/www.opentable.com\/r\/la-nacional-restaurant-new-york\" target=\"_blank\" class=\"elementskit-btn  whitespace--normal\" id=\"\" rel=\"noopener\">\n\t\t\t\t\tReservar en OpenTable<svg xmlns=\"http:\/\/www.w3.org\/2000\/svg\" width=\"103\" height=\"16\" viewBox=\"0 0 103 16\" fill=\"none\"><path d=\"M1.51685 7C0.964561 7 0.516846 7.44772 0.516846 8C0.516846 8.55228 0.964561 9 1.51685 9L1.51685 7ZM102.224 8.7071C102.614 8.31657 102.614 7.68341 102.224 7.29288L95.86 0.928924C95.4695 0.5384 94.8363 0.5384 94.4458 0.928924C94.0553 1.31945 94.0553 1.95261 94.4458 2.34314L100.103 7.99999L94.4458 13.6568C94.0553 14.0474 94.0553 14.6805 94.4458 15.0711C94.8363 15.4616 95.4695 15.4616 95.86 15.0711L102.224 8.7071ZM1.51685 8L1.51685 9L101.517 8.99999L101.517 7.99999L101.517 6.99999L1.51685 7L1.51685 8Z\" fill=\"#FFFFEF\"><\/path><\/svg>\t\t\t\t<\/a>\n\t\t\t\t\t<\/div>\n        <\/div>\t\t\t\t<\/div>\n\t\t\t\t<\/div>\n\t\t<div class=\"elementor-element elementor-element-cae6acb e-con-full elementor-hidden-tablet elementor-hidden-mobile e-flex e-con e-child\" data-id=\"cae6acb\" data-element_type=\"container\" data-e-type=\"container\" data-settings=\"{&quot;background_background&quot;:&quot;classic&quot;,&quot;ekit_has_onepagescroll_dot&quot;:&quot;yes&quot;}\">\n\t\t\t\t<div class=\"elementor-element elementor-element-ddc41cc elementor-widget elementor-widget-image\" data-id=\"ddc41cc\" data-element_type=\"widget\" data-e-type=\"widget\" data-settings=\"{&quot;ekit_we_effect_on&quot;:&quot;none&quot;}\" data-widget_type=\"image.default\">\n\t\t\t\t\t\t\t\t\t\t\t\t\t\t\t<img loading=\"lazy\" decoding=\"async\" width=\"251\" height=\"501\" src=\"https:\/\/lanacional.org\/wp-content\/uploads\/2025\/06\/la-nacional-banner-dcha_11zon.png\" class=\"attachment-large size-large wp-image-3572\" alt=\"la nacional\" srcset=\"https:\/\/lanacional.org\/wp-content\/uploads\/2025\/06\/la-nacional-banner-dcha_11zon.png 251w, https:\/\/lanacional.org\/wp-content\/uploads\/2025\/06\/la-nacional-banner-dcha_11zon-150x300.png 150w\" sizes=\"(max-width: 251px) 100vw, 251px\" \/>\t\t\t\t\t\t\t\t\t\t\t\t\t\t\t<\/div>\n\t\t\t\t<\/div>\n\t\t\t\t<\/div>\n\t\t\t\t<\/div>\n\t\t","protected":false},"excerpt":{"rendered":"<p>Restaurante espa\u00f1ol en Nueva York Nuestro men\u00fa Ver nuestro men\u00fa Cada plato cuenta nuestra historia Nuestro men\u00fa ofrece una amplia variedad de platos para todos los gustos, con especial atenci\u00f3n [&hellip;]<\/p>\n","protected":false},"author":1,"featured_media":0,"parent":0,"menu_order":2,"comment_status":"closed","ping_status":"closed","template":"","meta":{"_price":"","_stock":"","_tribe_ticket_header":"","_tribe_default_ticket_provider":"","_tribe_ticket_capacity":"0","_ticket_start_date":"","_ticket_end_date":"","_tribe_ticket_show_description":"","_tribe_ticket_show_not_going":false,"_tribe_ticket_use_global_stock":"","_tribe_ticket_global_stock_level":"","_global_stock_mode":"","_global_stock_cap":"","_tribe_rsvp_for_event":"","_tribe_ticket_going_count":"","_tribe_ticket_not_going_count":"","_tribe_tickets_list":"[]","_tribe_ticket_has_attendee_info_fields":false,"footnotes":"","_tec_slr_enabled":"","_tec_slr_layout":""},"class_list":["post-3573","page","type-page","status-publish","hentry"],"ticketed":false,"_links":{"self":[{"href":"https:\/\/lanacional.org\/es\/wp-json\/wp\/v2\/pages\/3573","targetHints":{"allow":["GET"]}}],"collection":[{"href":"https:\/\/lanacional.org\/es\/wp-json\/wp\/v2\/pages"}],"about":[{"href":"https:\/\/lanacional.org\/es\/wp-json\/wp\/v2\/types\/page"}],"author":[{"embeddable":true,"href":"https:\/\/lanacional.org\/es\/wp-json\/wp\/v2\/users\/1"}],"replies":[{"embeddable":true,"href":"https:\/\/lanacional.org\/es\/wp-json\/wp\/v2\/comments?post=3573"}],"version-history":[{"count":8,"href":"https:\/\/lanacional.org\/es\/wp-json\/wp\/v2\/pages\/3573\/revisions"}],"predecessor-version":[{"id":4686,"href":"https:\/\/lanacional.org\/es\/wp-json\/wp\/v2\/pages\/3573\/revisions\/4686"}],"wp:attachment":[{"href":"https:\/\/lanacional.org\/es\/wp-json\/wp\/v2\/media?parent=3573"}],"curies":[{"name":"wp","href":"https:\/\/api.w.org\/{rel}","templated":true}]}}